{"id":8394,"date":"2015-04-19T19:25:33","date_gmt":"2015-04-19T17:25:33","guid":{"rendered":"http:\/\/www.slovackio.vilniausr.lm.lt\/?page_id=8394"},"modified":"2025-10-01T19:47:01","modified_gmt":"2025-10-01T17:47:01","slug":"komisijos","status":"publish","type":"page","link":"https:\/\/www.slovackio.vilniausr.lm.lt\/?page_id=8394","title":{"rendered":"Komisijos, darbo grup\u0117s"},"content":{"rendered":"<p>&nbsp;<\/p>\n<table width=\"119%\">\n<tbody>\n<tr>\n<td width=\"700\">\n<h3 style=\"text-align: center;\"><span style=\"color: #003300;\"><strong>Gimnazijos komisijos, darbo grup\u0117s<\/strong><\/span><\/h3>\n<\/td>\n<\/tr>\n<tr>\n<td width=\"700\">\n<h5 style=\"text-align: center;\"><span style=\"color: #000080;\"><strong>Mokytoj\u0173 ir pagalbos mokiniui specialist\u0173 atestacijos komisija<\/strong><\/span><\/h5>\n<\/td>\n<\/tr>\n<tr>\n<td width=\"700\"><strong><span style=\"color: #333300;\">Veslava Voini\u010d &#8211; direktor\u0117, dail\u0117s vyresnioji mokytoja (komisijos pirminink\u0117)<\/span><\/strong><\/p>\n<p><span style=\"color: #333300;\"><strong>Regina Dubicka &#8211; matematikos ir informacini\u0173 technologij\u0173 vyresnioji mokytoja (nar\u0117);<\/strong><\/span><\/p>\n<p><span style=\"color: #333300;\"><strong>Ana Fedorovi\u010d &#8211; pradinio ugdymo mokytoja metodinink\u0117 (nar\u0117);<\/strong><\/span><\/p>\n<p><span style=\"color: #333300;\"><strong>Jurgita Jablonskien\u0117 \u2013 Vilniaus r. savivaldyb\u0117s administracijos \u0160vietimo skyriaus vyriausioji specialist\u0117 (nar\u0117);<\/strong><\/span><\/p>\n<p><span style=\"color: #333300;\"><strong>Edita Verkovska &#8211; chemijos vyresnioji mokytoja ir technologij\u0173 mokytoja metodinink\u0117 (nar\u0117).<\/strong><\/span><\/p>\n<p style=\"text-align: center;\"><a href=\"https:\/\/www.slovackio.vilniausr.lm.lt\/wp-content\/uploads\/Atestacijos-programa.pdf\"><strong><span style=\"color: #000080;\">Mokytoj\u0173 ir pagalbos mokiniui specialist\u0173 2025-2027 met\u0173 atestacijos programa<\/span><\/strong><\/a><\/p>\n<\/td>\n<\/tr>\n<tr>\n<td width=\"700\">\n<h4 style=\"text-align: center;\"><span style=\"color: #000080;\"><strong>Vaiko gerov\u0117s komisija<\/strong><\/span><\/h4>\n<\/td>\n<\/tr>\n<tr>\n<td width=\"700\">\n<h6><span style=\"color: #003300;\">Veslava Voini\u010d &#8211; <\/span><span style=\"color: #003300;\">direktor\u0117, dail\u0117s mokytoja (<strong><span style=\"color: #333300;\">komisijos pirminink\u0117);<\/span><\/strong><\/span><\/h6>\n<h6><span style=\"color: #003300;\">Lilija Gajevska &#8211; direktoriaus pavaduotoja ugdymui, istorijos mokytoja (<\/span><span style=\"color: #003300;\">komisijos p<strong>irminink\u0117s pavaduotoja);<\/strong><\/span><\/h6>\n<h6><span style=\"color: #003300;\">Gra\u017eina Gricevi\u010dien\u0117 &#8211; <\/span><span style=\"color: #003300;\"><strong>socialin\u0117 <\/strong><\/span><span style=\"color: #003300;\">pedagog\u0117 <\/span><span style=\"color: #003300;\">(komisijos s<\/span><span style=\"color: #003300;\"><strong>ekretor\u0117)<\/strong><\/span><\/h6>\n<h6><span style=\"color: #003300;\">Liudmila Laty\u0161evi\u010d &#8211; pagalbos mokiniui specialist\u0117, 1 kl. vadov\u0117, pradinio ugdymo mokytoja (nar\u0117);<\/span><\/h6>\n<h6><span style=\"color: #003300;\">Ana Maciulevi\u010d &#8211; socialin\u0117 pedagog\u0117, lenk\u0173 kalbos, lietuvi\u0173 kalbos ir literat\u016bros mokytoja, 7 klas\u0117s vadov\u0117 (nar\u0117);<\/span><\/h6>\n<p><span style=\"color: #003300;\"><strong>Julija Mincevi\u010d &#8211; logoped\u0117, specialioji pedagog\u0117 (nar\u0117);<\/strong><\/span><\/p>\n<p><span style=\"color: #003300;\"><strong>Olga \u0160ablovskien\u0117 &#8211; logoped\u0117, lietuvi\u0173 kalbos ir literat\u016bros mokytoja (nar\u0117).<\/strong><\/span><\/td>\n<\/tr>\n<tr>\n<td width=\"700\">\n<h4 style=\"text-align: center;\"><span style=\"color: #000080;\"><strong>Profesinio orientavimo darbo grup\u0117<\/strong><\/span><\/h4>\n<\/td>\n<\/tr>\n<tr>\n<td width=\"700\">\n<h6><span style=\"color: #003300;\">Lilija Gajevska &#8211; direktoriaus pavaduotoja ugdymui, istorijos mokytoja <\/span><span style=\"color: #000000;\">(<\/span><span style=\"color: #000000;\">darbo g<\/span><span style=\"color: #000000;\"><strong>rup\u0117s vadov\u0117);<\/strong><\/span><\/h6>\n<h6><span style=\"color: #000000;\">Anastasija Jego\u0161ina\u00a0 &#8211; pilieti\u0161kumo pagrind\u0173 mokytoja (nar\u0117);<\/span><\/h6>\n<p><strong>Barbara Rynkun &#8211; karieros specialist\u0117 (nar\u0117).<\/strong><\/td>\n<\/tr>\n<tr>\n<td width=\"700\"><\/td>\n<\/tr>\n<tr>\n<td width=\"700\"><\/td>\n<\/tr>\n<tr>\n<td width=\"700\">\n<h4 style=\"text-align: center;\"><span style=\"color: #000080;\"><strong>Internetin\u0117s svetain\u0117s k\u016brimo darbo grup\u0117<\/strong><\/span><\/h4>\n<\/td>\n<\/tr>\n<tr>\n<td width=\"700\">\n<h6><span style=\"color: #003300;\">Veslava Voini\u010d &#8211; <\/span><span style=\"color: #003300;\"><strong>direktor\u0117, <\/strong><\/span><span style=\"color: #003300;\">dail\u0117s mokytoja (<\/span><span style=\"color: #003300;\">darbo g<\/span><span style=\"color: #003300;\"><strong>rup\u0117s vadov\u0117);<\/strong><\/span><\/h6>\n<h6><span style=\"color: #003300;\">Ana Maciulevi\u010d &#8211; lietuvi\u0173 kalbos ir literat\u016bros bei lenk\u0173 kalb\u0173 mokytoja (nar\u0117);<\/span><\/h6>\n<p><span style=\"color: #003300;\"><strong>Aliona Rynkun &#8211; lietuvi\u0173 kalbos ir literat\u016bros mokytoja (nar\u0117).<\/strong><\/span><\/p>\n<h6><span style=\"color: #000080;\">Toma\u0161 Voini\u010d &#8211; s<strong>vetain\u0117s administratorius, informatikas <\/strong>in\u017einierius<\/span><\/h6>\n<\/td>\n<\/tr>\n<tr>\n<td width=\"700\">\n<h4 style=\"text-align: center;\"><span style=\"color: #000080;\"><strong>Gimnazijos veiklos kokyb\u0117s \u012fsivertinimo darbo grup\u0117<\/strong><\/span><\/h4>\n<\/td>\n<\/tr>\n<tr>\n<td width=\"700\"><span style=\"color: #003300;\"><strong>Lilija Gajevska \u2013 direktoriaus pavaduotoja ugdymui (darbo grup\u0117s vadov\u0117);<\/strong><\/span><\/p>\n<h6><span style=\"color: #003300;\"><strong>Justyna Dacevi\u010d Aschabova \u2013 angl\u0173 kalbos mokytoja (nar\u0117);<\/strong><\/span><\/h6>\n<p><span style=\"color: #003300;\"><strong>Regina Dubicka &#8211; matematikos ir informacini\u0173 technologij\u0173 mokytoja (nar\u0117);<\/strong><\/span><\/p>\n<p><span style=\"color: #003300;\"><strong>Aliona Rynkun, lietuvi\u0173 kalbos ir literat\u016bros mokytoja (nar\u0117).<\/strong><\/span><\/p>\n<p>&nbsp;<\/td>\n<\/tr>\n<\/tbody>\n<\/table>\n<p><\/p>","protected":false},"excerpt":{"rendered":"<p>&nbsp; Gimnazijos komisijos, darbo grup\u0117s Mokytoj\u0173 ir pagalbos mokiniui specialist\u0173 atestacijos komisija Veslava Voini\u010d &#8211; direktor\u0117, dail\u0117s vyresnioji mokytoja (komisijos pirminink\u0117) Regina Dubicka &#8211; matematikos ir informacini\u0173 technologij\u0173 vyresnioji mokytoja (nar\u0117); Ana Fedorovi\u010d &#8211; pradinio ugdymo mokytoja metodinink\u0117 (nar\u0117); Jurgita Jablonskien\u0117 \u2013 Vilniaus r. savivaldyb\u0117s administracijos \u0160vietimo skyriaus vyriausioji specialist\u0117 (nar\u0117); Edita Verkovska &#8211; chemijos vyresnioji mokytoja ir technologij\u0173 mokytoja<\/p>\n","protected":false},"author":1,"featured_media":0,"parent":30,"menu_order":4,"comment_status":"closed","ping_status":"closed","template":"","meta":{"footnotes":""},"class_list":["post-8394","page","type-page","status-publish","hentry"],"jetpack_sharing_enabled":true,"_links":{"self":[{"href":"https:\/\/www.slovackio.vilniausr.lm.lt\/index.php?rest_route=\/wp\/v2\/pages\/8394","targetHints":{"allow":["GET"]}}],"collection":[{"href":"https:\/\/www.slovackio.vilniausr.lm.lt\/index.php?rest_route=\/wp\/v2\/pages"}],"about":[{"href":"https:\/\/www.slovackio.vilniausr.lm.lt\/index.php?rest_route=\/wp\/v2\/types\/page"}],"author":[{"embeddable":true,"href":"https:\/\/www.slovackio.vilniausr.lm.lt\/index.php?rest_route=\/wp\/v2\/users\/1"}],"replies":[{"embeddable":true,"href":"https:\/\/www.slovackio.vilniausr.lm.lt\/index.php?rest_route=%2Fwp%2Fv2%2Fcomments&post=8394"}],"version-history":[{"count":73,"href":"https:\/\/www.slovackio.vilniausr.lm.lt\/index.php?rest_route=\/wp\/v2\/pages\/8394\/revisions"}],"predecessor-version":[{"id":33348,"href":"https:\/\/www.slovackio.vilniausr.lm.lt\/index.php?rest_route=\/wp\/v2\/pages\/8394\/revisions\/33348"}],"up":[{"embeddable":true,"href":"https:\/\/www.slovackio.vilniausr.lm.lt\/index.php?rest_route=\/wp\/v2\/pages\/30"}],"wp:attachment":[{"href":"https:\/\/www.slovackio.vilniausr.lm.lt\/index.php?rest_route=%2Fwp%2Fv2%2Fmedia&parent=8394"}],"curies":[{"name":"wp","href":"https:\/\/api.w.org\/{rel}","templated":true}]}}