{"id":6518,"date":"2014-10-27T09:24:08","date_gmt":"2014-10-27T07:24:08","guid":{"rendered":"http:\/\/www.slovackio.vilniausr.lm.lt\/?page_id=6518"},"modified":"2024-10-15T18:29:27","modified_gmt":"2024-10-15T16:29:27","slug":"sokiu-studija-stokrotki","status":"publish","type":"page","link":"https:\/\/www.slovackio.vilniausr.lm.lt\/?page_id=6518","title":{"rendered":"\u0160iuolaikini\u0173 \u0161oki\u0173 studija"},"content":{"rendered":"<p><\/p>\n<p style=\"text-align: left;\">U\u017esi\u0117mim\u0173 tikslai:<\/p>\n<ul>\n<li>Pad\u0117ti vaikams savo mintis, jausmus, sumanymus i\u0161reik\u0161ti \u00a0judesiais.<\/li>\n<li>Skatinti vaikus pasitik\u0117ti savo k\u016brybiniais geb\u0117jimais, mokyti laisvai, dr\u0105siai kurti \u2013 formuojant savaranki\u0161kas ir individualias asmenybes.<\/li>\n<li>Pl\u0117sti asmenin\u012f ir grupin\u012f judesio rai\u0161kos patyrim\u0105.<\/li>\n<li><em>\u00a0<\/em>Supa\u017eindinti su\u00a0kit\u0173 \u0161ali\u0173 kult\u016bra \u2013 \u0161okiais.<\/li>\n<\/ul>\n<p style=\"text-align: justify;\"><a href=\"https:\/\/www.slovackio.vilniausr.lm.lt\/wp-content\/uploads\/2014\/10\/1070488_888858347845418_1837006233_o.jpg\" rel=\"lightbox[6518]\"><img loading=\"lazy\" decoding=\"async\" class=\"alignleft size-thumbnail wp-image-8082\" title=\"1070488_888858347845418_1837006233_o\" src=\"https:\/\/www.slovackio.vilniausr.lm.lt\/wp-content\/uploads\/2014\/10\/1070488_888858347845418_1837006233_o-150x150.jpg\" alt=\"\" width=\"150\" height=\"150\" \/><\/a>Dalyvavimas \u0161oki\u0173 studijos u\u017esi\u0117mimuose suteikia galimybes vaikams ugdyti savo k\u016brybin\u012f potencial\u0105 integruotomis pa\u017einimo formomis, lavinti \u012fgytus k\u016brybinius, meninius geb\u0117jimus, pritaikyti ir \u012fprasminti juos socialiniame kult\u016briniame gyvenime, pa\u017einti savo tautos ir kit\u0173 taut\u0173 tradicijas, \u0161okius. Vaikai mokysis pasitik\u0117ti ir d\u017eiaugtis savo k\u016brybiniais geb\u0117jimais.<\/p>\n<p>&nbsp;<\/p>\n<p style=\"text-align: justify;\">Siekiama, kad mokiniai, lankydami \u0161oki\u0173 studij\u0105 bei mokydamiesi nauj\u0173 \u017eingsni\u0173 ar \u0161oki\u0173, ugdyt\u0173si pasitik\u0117jim\u0105 savimi ir pagarb\u0105 kitiems.)<\/p>\n<p style=\"text-align: justify;\">Studijos nariai\u00a0visada\u00a0dalyvauja\u00a0mokyklos\u00a0renginiuose ir koncertuose.<\/p>\n<p><a href=\"https:\/\/www.slovackio.vilniausr.lm.lt\/wp-content\/uploads\/2016\/05\/IMG_1339.jpg\" rel=\"attachment wp-att-10313\" rel=\"lightbox[6518]\"><img loading=\"lazy\" decoding=\"async\" class=\"size-thumbnail wp-image-10313 alignleft\" src=\"https:\/\/www.slovackio.vilniausr.lm.lt\/wp-content\/uploads\/2016\/05\/IMG_1339-150x150.jpg\" alt=\"IMG_1339\" width=\"150\" height=\"150\" srcset=\"https:\/\/www.slovackio.vilniausr.lm.lt\/wp-content\/uploads\/2016\/05\/IMG_1339-150x150.jpg 150w, https:\/\/www.slovackio.vilniausr.lm.lt\/wp-content\/uploads\/2016\/05\/IMG_1339-90x90.jpg 90w, https:\/\/www.slovackio.vilniausr.lm.lt\/wp-content\/uploads\/2016\/05\/IMG_1339-75x75.jpg 75w\" sizes=\"auto, (max-width: 150px) 100vw, 150px\" \/><\/a><a href=\"https:\/\/www.slovackio.vilniausr.lm.lt\/wp-content\/uploads\/2016\/05\/IMG_1296.jpg\" rel=\"attachment wp-att-10311\" rel=\"lightbox[6518]\"><img loading=\"lazy\" decoding=\"async\" class=\"size-thumbnail wp-image-10311 alignleft\" src=\"https:\/\/www.slovackio.vilniausr.lm.lt\/wp-content\/uploads\/2016\/05\/IMG_1296-150x150.jpg\" alt=\"IMG_1296\" width=\"150\" height=\"150\" srcset=\"https:\/\/www.slovackio.vilniausr.lm.lt\/wp-content\/uploads\/2016\/05\/IMG_1296-150x150.jpg 150w, https:\/\/www.slovackio.vilniausr.lm.lt\/wp-content\/uploads\/2016\/05\/IMG_1296-90x90.jpg 90w, https:\/\/www.slovackio.vilniausr.lm.lt\/wp-content\/uploads\/2016\/05\/IMG_1296-75x75.jpg 75w\" sizes=\"auto, (max-width: 150px) 100vw, 150px\" \/><\/a><a href=\"https:\/\/www.slovackio.vilniausr.lm.lt\/wp-content\/uploads\/2016\/02\/20160129_122954.jpg\" rel=\"attachment wp-att-9831\" rel=\"lightbox[6518]\"><img loading=\"lazy\" decoding=\"async\" class=\"size-thumbnail wp-image-9831 alignleft\" src=\"https:\/\/www.slovackio.vilniausr.lm.lt\/wp-content\/uploads\/2016\/02\/20160129_122954-150x150.jpg\" alt=\"20160129_122954\" width=\"150\" height=\"150\" \/><\/a><a href=\"https:\/\/www.slovackio.vilniausr.lm.lt\/wp-content\/uploads\/2015\/05\/IMG_0701.jpg\" rel=\"attachment wp-att-8510\" rel=\"lightbox[6518]\"><img loading=\"lazy\" decoding=\"async\" class=\"size-thumbnail wp-image-8510 alignleft\" src=\"https:\/\/www.slovackio.vilniausr.lm.lt\/wp-content\/uploads\/2015\/05\/IMG_0701-150x150.jpg\" alt=\"IMG_0701\" width=\"150\" height=\"150\" \/><\/a><a href=\"https:\/\/www.slovackio.vilniausr.lm.lt\/wp-content\/uploads\/2015\/04\/dzien-babci.jpg\" rel=\"attachment wp-att-8303\" rel=\"lightbox[6518]\"><img loading=\"lazy\" decoding=\"async\" class=\"size-thumbnail wp-image-8303 alignleft\" src=\"https:\/\/www.slovackio.vilniausr.lm.lt\/wp-content\/uploads\/2015\/04\/dzien-babci-150x150.jpg\" alt=\"dzien babci\" width=\"150\" height=\"150\" \/><\/a><\/p>\n<p><a href=\"https:\/\/www.slovackio.vilniausr.lm.lt\/wp-content\/uploads\/2014\/02\/IMG_6139.jpg\" rel=\"lightbox[6518]\"><img loading=\"lazy\" decoding=\"async\" class=\"alignleft\" title=\"IMG_6139\" src=\"https:\/\/www.slovackio.vilniausr.lm.lt\/wp-content\/uploads\/2014\/02\/IMG_6139-150x150.jpg\" alt=\"\" width=\"150\" height=\"150\" \/><\/a><a href=\"https:\/\/www.slovackio.vilniausr.lm.lt\/wp-content\/uploads\/2014\/02\/IMGP5892.jpg\" rel=\"lightbox[6518]\"><br \/>\n<img loading=\"lazy\" decoding=\"async\" class=\"alignleft\" title=\"IMGP5892\" src=\"https:\/\/www.slovackio.vilniausr.lm.lt\/wp-content\/uploads\/2014\/02\/IMGP5892-150x150.jpg\" alt=\"\" width=\"150\" height=\"150\" \/><\/a><\/p>","protected":false},"excerpt":{"rendered":"<p>U\u017esi\u0117mim\u0173 tikslai: Pad\u0117ti vaikams savo mintis, jausmus, sumanymus i\u0161reik\u0161ti \u00a0judesiais. Skatinti vaikus pasitik\u0117ti savo k\u016brybiniais geb\u0117jimais, mokyti laisvai, dr\u0105siai kurti \u2013 formuojant savaranki\u0161kas ir individualias asmenybes. Pl\u0117sti asmenin\u012f ir grupin\u012f judesio rai\u0161kos patyrim\u0105. \u00a0Supa\u017eindinti su\u00a0kit\u0173 \u0161ali\u0173 kult\u016bra \u2013 \u0161okiais. Dalyvavimas \u0161oki\u0173 studijos u\u017esi\u0117mimuose suteikia galimybes vaikams ugdyti savo k\u016brybin\u012f potencial\u0105 integruotomis pa\u017einimo formomis, lavinti \u012fgytus k\u016brybinius, meninius geb\u0117jimus, pritaikyti ir<\/p>\n","protected":false},"author":1,"featured_media":0,"parent":3747,"menu_order":5,"comment_status":"closed","ping_status":"closed","template":"","meta":{"footnotes":""},"class_list":["post-6518","page","type-page","status-publish","hentry"],"jetpack_sharing_enabled":true,"_links":{"self":[{"href":"https:\/\/www.slovackio.vilniausr.lm.lt\/index.php?rest_route=\/wp\/v2\/pages\/6518","targetHints":{"allow":["GET"]}}],"collection":[{"href":"https:\/\/www.slovackio.vilniausr.lm.lt\/index.php?rest_route=\/wp\/v2\/pages"}],"about":[{"href":"https:\/\/www.slovackio.vilniausr.lm.lt\/index.php?rest_route=\/wp\/v2\/types\/page"}],"author":[{"embeddable":true,"href":"https:\/\/www.slovackio.vilniausr.lm.lt\/index.php?rest_route=\/wp\/v2\/users\/1"}],"replies":[{"embeddable":true,"href":"https:\/\/www.slovackio.vilniausr.lm.lt\/index.php?rest_route=%2Fwp%2Fv2%2Fcomments&post=6518"}],"version-history":[{"count":31,"href":"https:\/\/www.slovackio.vilniausr.lm.lt\/index.php?rest_route=\/wp\/v2\/pages\/6518\/revisions"}],"predecessor-version":[{"id":30594,"href":"https:\/\/www.slovackio.vilniausr.lm.lt\/index.php?rest_route=\/wp\/v2\/pages\/6518\/revisions\/30594"}],"up":[{"embeddable":true,"href":"https:\/\/www.slovackio.vilniausr.lm.lt\/index.php?rest_route=\/wp\/v2\/pages\/3747"}],"wp:attachment":[{"href":"https:\/\/www.slovackio.vilniausr.lm.lt\/index.php?rest_route=%2Fwp%2Fv2%2Fmedia&parent=6518"}],"curies":[{"name":"wp","href":"https:\/\/api.w.org\/{rel}","templated":true}]}}