{"id":6213,"date":"2014-09-17T11:37:26","date_gmt":"2014-09-17T09:37:26","guid":{"rendered":"http:\/\/www.slovackio.vilniausr.lm.lt\/?page_id=6213"},"modified":"2026-02-08T18:59:46","modified_gmt":"2026-02-08T16:59:46","slug":"savivalda-2","status":"publish","type":"page","link":"https:\/\/www.slovackio.vilniausr.lm.lt\/?page_id=6213","title":{"rendered":"Savivalda"},"content":{"rendered":"<p><\/p>\n<h4 class=\"page-title\"><span style=\"color: #000080;\">Gimnazijos taryba<\/span><\/h4>\n<h5 class=\"page-title\"><span style=\"color: #003300;\"><strong>Anna Maciulevi\u010d<\/strong> \u2013 Gimnazijos tarybos pirminink\u0117<\/span><\/h5>\n<h5 class=\"page-title\"><span style=\"color: #003300;\"><strong>Nariai:<\/strong><\/span><\/h5>\n<div class=\"entry clearfix\">\n<div>\n<p><span style=\"color: #003300;\">1. <strong>Tatiana Liachovi\u010d<\/strong> \u2013 t\u0117v\u0173 atstov\u0117; <\/span><\/p>\n<p><span style=\"color: #003300;\">2. <strong>Liudmila Laty\u0161evi\u010d<\/strong>\u00a0 \u2013 tarybos pirminink\u0117s pavaduotoja, mokytoja;<\/span><\/p>\n<p><span style=\"color: #003300;\">3. <strong>Beata Kuczinsk\u0117<\/strong> \u2013 <span style=\"color: #003300; font-size: 0.95em;\">bendruomen\u0117s atstov\u0117;<\/span><\/span><\/p>\n<p><span style=\"color: #003300; font-size: 0.95em;\">4.<strong> Valerija Jackevi\u010d<\/strong> \u2013 <\/span><span style=\"color: #003300; font-size: 0.95em;\">t\u0117v\u0173 atstov\u0117;<\/span><\/p>\n<p><span style=\"color: #003300;\">5. <strong>Edita Verkovska<\/strong> &#8211; tarybos sekretor\u0117, mokytoja;<\/span><\/p>\n<p><span style=\"color: #003300;\">6. <strong>E<\/strong><\/span><strong>milija Klima\u0161evska<\/strong> &#8211; mokini\u0173 savivaldos atstov\u0117.<\/p>\n<p><span style=\"color: #000080; font-size: 1.25em; font-weight: bold;\">Mokini\u0173 savivalda<\/span><\/p>\n<\/div>\n<p><span style=\"font-size: 0.95em;\"><strong><span style=\"color: #003300;\">E<\/span>milija Klima\u0161evska<\/strong> \u2013\u00a0\u00a0Mokini\u0173 savivaldos pirminink\u0117, IIIG kl. mokin\u0117<\/span><\/p>\n<div class=\"entry clearfix\">\n<p><strong>Nariai:<\/strong><\/p>\n<p>1. David Lachovi\u010d \u2013\u00a0 IVG kl.;<br \/>\n2. Brigita \u010caplinska \u2013 IIIG kl.;<br \/>\n3. \u00a0Agata Dubicka \u2013 IIG kl.;<br \/>\n4. Evelina Vi\u0161umirska &#8211; IG kl.;<br \/>\n5. Damian Seniut &#8211; 8 kl.;<br \/>\n6. Milena Gulbicka &#8211; 7 kl.;<\/p>\n<p>7. Pavel Dubov &#8211; 6 kl.<\/p>\n<p>Gimnazijos Mokini\u0173 savivaldos koordinator\u0117 &#8211; Edyta Klimaszewska, lenk\u0173 kalbos mokytoja<\/p>\n<p>&nbsp;<\/p>\n<\/div>\n<\/div>\n<p><\/p>","protected":false},"excerpt":{"rendered":"<p>Gimnazijos taryba Anna Maciulevi\u010d \u2013 Gimnazijos tarybos pirminink\u0117 Nariai: 1. Tatiana Liachovi\u010d \u2013 t\u0117v\u0173 atstov\u0117; 2. Liudmila Laty\u0161evi\u010d\u00a0 \u2013 tarybos pirminink\u0117s pavaduotoja, mokytoja; 3. Beata Kuczinsk\u0117 \u2013 bendruomen\u0117s atstov\u0117; 4. Valerija Jackevi\u010d \u2013 t\u0117v\u0173 atstov\u0117; 5. Edita Verkovska &#8211; tarybos sekretor\u0117, mokytoja; 6. Emilija Klima\u0161evska &#8211; mokini\u0173 savivaldos atstov\u0117. Mokini\u0173 savivalda Emilija Klima\u0161evska \u2013\u00a0\u00a0Mokini\u0173 savivaldos pirminink\u0117, IIIG kl. mokin\u0117 Nariai:<\/p>\n","protected":false},"author":1,"featured_media":0,"parent":30,"menu_order":3,"comment_status":"closed","ping_status":"closed","template":"","meta":{"footnotes":""},"class_list":["post-6213","page","type-page","status-publish","hentry"],"jetpack_sharing_enabled":true,"_links":{"self":[{"href":"https:\/\/www.slovackio.vilniausr.lm.lt\/index.php?rest_route=\/wp\/v2\/pages\/6213","targetHints":{"allow":["GET"]}}],"collection":[{"href":"https:\/\/www.slovackio.vilniausr.lm.lt\/index.php?rest_route=\/wp\/v2\/pages"}],"about":[{"href":"https:\/\/www.slovackio.vilniausr.lm.lt\/index.php?rest_route=\/wp\/v2\/types\/page"}],"author":[{"embeddable":true,"href":"https:\/\/www.slovackio.vilniausr.lm.lt\/index.php?rest_route=\/wp\/v2\/users\/1"}],"replies":[{"embeddable":true,"href":"https:\/\/www.slovackio.vilniausr.lm.lt\/index.php?rest_route=%2Fwp%2Fv2%2Fcomments&post=6213"}],"version-history":[{"count":41,"href":"https:\/\/www.slovackio.vilniausr.lm.lt\/index.php?rest_route=\/wp\/v2\/pages\/6213\/revisions"}],"predecessor-version":[{"id":34570,"href":"https:\/\/www.slovackio.vilniausr.lm.lt\/index.php?rest_route=\/wp\/v2\/pages\/6213\/revisions\/34570"}],"up":[{"embeddable":true,"href":"https:\/\/www.slovackio.vilniausr.lm.lt\/index.php?rest_route=\/wp\/v2\/pages\/30"}],"wp:attachment":[{"href":"https:\/\/www.slovackio.vilniausr.lm.lt\/index.php?rest_route=%2Fwp%2Fv2%2Fmedia&parent=6213"}],"curies":[{"name":"wp","href":"https:\/\/api.w.org\/{rel}","templated":true}]}}