{"id":6201,"date":"2014-09-17T11:36:40","date_gmt":"2014-09-17T09:36:40","guid":{"rendered":"http:\/\/www.slovackio.vilniausr.lm.lt\/?page_id=6201"},"modified":"2026-02-08T10:55:31","modified_gmt":"2026-02-08T08:55:31","slug":"pagalbos-mokiniui-specialistai","status":"publish","type":"page","link":"https:\/\/www.slovackio.vilniausr.lm.lt\/?page_id=6201","title":{"rendered":"Pagalbos mokiniui specialistai"},"content":{"rendered":"<p><\/p>\n<h3 data-start=\"143\" data-end=\"193\"><span style=\"color: #000080;\"><strong data-start=\"146\" data-end=\"193\">Pagalbos mokiniui specialistai gimnazijoje:<\/strong><\/span><\/h3>\n<ul>\n<li data-start=\"197\" data-end=\"244\"><strong data-start=\"197\" data-end=\"221\">Gra\u017eina Gricevi\u010dien\u0117<\/strong> \u2013 socialin\u0117 pedagog\u0117<\/li>\n<li data-start=\"247\" data-end=\"288\"><strong data-start=\"247\" data-end=\"265\">Ana Maciulevi\u010d<\/strong> \u2013 socialin\u0117 pedagog\u0117<\/li>\n<li data-start=\"291\" data-end=\"367\"><strong data-start=\"291\" data-end=\"311\">Ksenija Osipovi\u010d<\/strong> \u2013 karjeros planavimo konsultant\u0117 <em data-start=\"345\" data-end=\"365\">(laikinai nedirba)<\/em><\/li>\n<li data-start=\"370\" data-end=\"423\"><strong data-start=\"370\" data-end=\"388\">Barbara Rynkun<\/strong> \u2013 karjeros planavimo specialist\u0117<\/li>\n<li data-start=\"426\" data-end=\"480\"><strong data-start=\"426\" data-end=\"445\">Julija Mincevi\u010d<\/strong> \u2013 logoped\u0117, specialioji pedagog\u0117<\/li>\n<li data-start=\"483\" data-end=\"517\"><strong data-start=\"483\" data-end=\"504\">Olga \u0160ablovskien\u0117<\/strong> \u2013 logoped\u0117<\/li>\n<li data-start=\"520\" data-end=\"561\"><strong data-start=\"520\" data-end=\"540\">Dominika Dubicka<\/strong> \u2013 mokinio pad\u0117j\u0117ja<\/li>\n<li data-start=\"564\" data-end=\"608\"><strong data-start=\"564\" data-end=\"587\">Anastasija Jego\u0161ina<\/strong> \u2013 mokinio pad\u0117j\u0117ja<\/li>\n<li data-start=\"611\" data-end=\"662\"><strong data-start=\"611\" data-end=\"641\">Esmiralda Agata Mo\u017eeikien\u0117<\/strong> \u2013 mokinio pad\u0117j\u0117ja<\/li>\n<li data-start=\"665\" data-end=\"709\"><strong data-start=\"665\" data-end=\"688\">Gabriel\u0117 Misiukevi\u010d<\/strong> \u2013 mokinio pad\u0117j\u0117ja<\/li>\n<li data-start=\"712\" data-end=\"751\"><strong data-start=\"712\" data-end=\"730\">Olga Jankovska<\/strong> \u2013 mokinio pad\u0117j\u0117ja<\/li>\n<\/ul>\n<hr data-start=\"753\" data-end=\"756\" \/>\n<h3 data-start=\"758\" data-end=\"826\"><span style=\"color: #000080;\"><strong data-start=\"761\" data-end=\"826\">Pagalbos mokiniui specialistai ikimokyklinio ugdymo skyriuje:<\/strong><\/span><\/h3>\n<ul>\n<li data-start=\"830\" data-end=\"884\"><strong data-start=\"830\" data-end=\"849\">Julija Mincevi\u010d<\/strong> \u2013 logoped\u0117, specialioji pedagog\u0117<\/li>\n<\/ul>\n<hr data-start=\"886\" data-end=\"889\" \/>\n<h3 data-start=\"891\" data-end=\"908\"><span style=\"color: #000080;\"><strong data-start=\"894\" data-end=\"908\">Kontaktai:<\/strong><\/span><\/h3>\n<p data-start=\"910\" data-end=\"1012\">\ud83d\udcde <strong data-start=\"913\" data-end=\"922\">Tel.: <span style=\"color: #000080;\">+370 640 28759, (0-5) 2696 438<\/span><\/strong><br data-start=\"953\" data-end=\"956\" \/>\ud83d\udce7 <strong data-start=\"959\" data-end=\"974\">El. pa\u0161tas:<\/strong> <span style=\"color: #000080;\"><a class=\"decorated-link cursor-pointer\" style=\"color: #000080;\" rel=\"noopener\" data-start=\"975\" data-end=\"1010\">gimnazija@slovackio.vilniausr.lm.<\/a><\/span><\/p>\n<p>&nbsp;<\/p>","protected":false},"excerpt":{"rendered":"<p>Pagalbos mokiniui specialistai gimnazijoje: Gra\u017eina Gricevi\u010dien\u0117 \u2013 socialin\u0117 pedagog\u0117 Ana Maciulevi\u010d \u2013 socialin\u0117 pedagog\u0117 Ksenija Osipovi\u010d \u2013 karjeros planavimo konsultant\u0117 (laikinai nedirba) Barbara Rynkun \u2013 karjeros planavimo specialist\u0117 Julija Mincevi\u010d \u2013 logoped\u0117, specialioji pedagog\u0117 Olga \u0160ablovskien\u0117 \u2013 logoped\u0117 Dominika Dubicka \u2013 mokinio pad\u0117j\u0117ja Anastasija Jego\u0161ina \u2013 mokinio pad\u0117j\u0117ja Esmiralda Agata Mo\u017eeikien\u0117 \u2013 mokinio pad\u0117j\u0117ja Gabriel\u0117 Misiukevi\u010d \u2013 mokinio pad\u0117j\u0117ja Olga<\/p>\n","protected":false},"author":1,"featured_media":0,"parent":30,"menu_order":4,"comment_status":"closed","ping_status":"closed","template":"","meta":{"footnotes":""},"class_list":["post-6201","page","type-page","status-publish","hentry"],"jetpack_sharing_enabled":true,"_links":{"self":[{"href":"https:\/\/www.slovackio.vilniausr.lm.lt\/index.php?rest_route=\/wp\/v2\/pages\/6201","targetHints":{"allow":["GET"]}}],"collection":[{"href":"https:\/\/www.slovackio.vilniausr.lm.lt\/index.php?rest_route=\/wp\/v2\/pages"}],"about":[{"href":"https:\/\/www.slovackio.vilniausr.lm.lt\/index.php?rest_route=\/wp\/v2\/types\/page"}],"author":[{"embeddable":true,"href":"https:\/\/www.slovackio.vilniausr.lm.lt\/index.php?rest_route=\/wp\/v2\/users\/1"}],"replies":[{"embeddable":true,"href":"https:\/\/www.slovackio.vilniausr.lm.lt\/index.php?rest_route=%2Fwp%2Fv2%2Fcomments&post=6201"}],"version-history":[{"count":100,"href":"https:\/\/www.slovackio.vilniausr.lm.lt\/index.php?rest_route=\/wp\/v2\/pages\/6201\/revisions"}],"predecessor-version":[{"id":34567,"href":"https:\/\/www.slovackio.vilniausr.lm.lt\/index.php?rest_route=\/wp\/v2\/pages\/6201\/revisions\/34567"}],"up":[{"embeddable":true,"href":"https:\/\/www.slovackio.vilniausr.lm.lt\/index.php?rest_route=\/wp\/v2\/pages\/30"}],"wp:attachment":[{"href":"https:\/\/www.slovackio.vilniausr.lm.lt\/index.php?rest_route=%2Fwp%2Fv2%2Fmedia&parent=6201"}],"curies":[{"name":"wp","href":"https:\/\/api.w.org\/{rel}","templated":true}]}}