{"id":6197,"date":"2014-09-15T12:14:00","date_gmt":"2014-09-15T10:14:00","guid":{"rendered":"http:\/\/www.slovackio.vilniausr.lm.lt\/?page_id=6197"},"modified":"2024-02-14T12:26:54","modified_gmt":"2024-02-14T10:26:54","slug":"socialinis-pedagogas","status":"publish","type":"page","link":"https:\/\/www.slovackio.vilniausr.lm.lt\/?page_id=6197","title":{"rendered":"Socialinis pedagogas"},"content":{"rendered":"<p><span style=\"color: #008000;\"><strong>Anna Maciulevi\u010d &#8211; socialin\u0117 pedagog\u0117. <\/strong>Dirba: p<\/span><span style=\"color: #008000;\">irmadienis &#8211; ketvirtadienis<\/span><\/p>\n<p><span style=\"color: #008000;\"><strong>Gra\u017eina Gricevi\u010dien\u0117 &#8211; socialin\u0117 pedagog\u0117. <\/strong>Dirba: antradienis &#8211; ketvirtadienis\u00a0<\/span><\/p>\n<p>&nbsp;<\/p>\n<p style=\"text-align: justify;\">Socialinis pedagogas mokykloje yra pagalbos teik\u0117jas vaikams, paaugliams, j\u0173 \u0161eimoms, ginantis j\u0173 teises bei visada primenantis j\u0173 pareigas. Padedantis vaikui rasti savo viet\u0105 sociume. Socialinis pedagogas organizuoja savo darb\u0105 u\u017etikrindamas vaik\u0173 saugum\u0105, suteikdamas vaikui lygias galimybes \u012f \u0161vietim\u0105. B\u016btent \u0161is mokyklos darbuotojas stengiasi pa\u0161alinti mokyklos nelankymo prie\u017eastis bei padeda vaikui ugdyti jo socialinius geb\u0117jimus. Teikia naudingos informacijos apie neigiam\u0173 socialini\u0173 rei\u0161kini\u0173 prevencij\u0105 ir skatina socialin\u012f aktyvum\u0105.<\/p>\n<p><strong><span style=\"color: #008000;\"><em>Mokiniai kvie\u010diami kreiptis \u012f socialin\u012f pedagog\u0105,\u00a0 jei:<\/em><\/span><\/strong><\/p>\n<ul>\n<li>Nesutaria su mokyklos draugais;<\/li>\n<li>Kyla sunkum\u0173 moksluose;<\/li>\n<li>Pykstasi su t\u0117vais ar mokytojais;<\/li>\n<li>Jau\u010diasi vieni\u0161ais, nemylimais;<\/li>\n<li>Jums li\u016bdna, sunku ir tiesiog norisi su kuo nors pasikalb\u0117ti, pasitarti.<\/li>\n<\/ul>\n<p><strong><span style=\"color: #008000;\"><em>\u012e socialin\u012f pedagog\u0105 t\u0117veliai gali kreiptis, kai:<\/em><\/span><\/strong><\/p>\n<ul>\n<li>Nerimauja d\u0117l vaiko elgesio ir emocini\u0173 problem\u0173;<\/li>\n<li>Ie\u0161ko naudingesni\u0173 aukl\u0117jimo metod\u0173;<\/li>\n<li>Nori pagerinti J\u016bs\u0173 su vaik\u0173 bendravim\u0105;<\/li>\n<li>Nori pad\u0117ti vaikui\u00a0 lengviau i\u0161gyventi sunkias situacijas \u0161eimoje (skyrybas, artimojo netekt\u012f ir kit\u0105);<\/li>\n<li>J\u016bs\u0173 vaikui\u00a0 kyla sunkum\u0173 moksluose;<\/li>\n<li>Turite profesijos pasirinkimo klausim\u0173.<\/li>\n<\/ul>\n<p><\/p>","protected":false},"excerpt":{"rendered":"<p>Anna Maciulevi\u010d &#8211; socialin\u0117 pedagog\u0117. Dirba: pirmadienis &#8211; ketvirtadienis Gra\u017eina Gricevi\u010dien\u0117 &#8211; socialin\u0117 pedagog\u0117. Dirba: antradienis &#8211; ketvirtadienis\u00a0 &nbsp; Socialinis pedagogas mokykloje yra pagalbos teik\u0117jas vaikams, paaugliams, j\u0173 \u0161eimoms, ginantis j\u0173 teises bei visada primenantis j\u0173 pareigas. Padedantis vaikui rasti savo viet\u0105 sociume. Socialinis pedagogas organizuoja savo darb\u0105 u\u017etikrindamas vaik\u0173 saugum\u0105, suteikdamas vaikui lygias galimybes \u012f \u0161vietim\u0105. B\u016btent \u0161is mokyklos<\/p>\n","protected":false},"author":1,"featured_media":0,"parent":5488,"menu_order":3,"comment_status":"closed","ping_status":"closed","template":"","meta":{"footnotes":""},"class_list":["post-6197","page","type-page","status-publish","hentry"],"jetpack_sharing_enabled":true,"_links":{"self":[{"href":"https:\/\/www.slovackio.vilniausr.lm.lt\/index.php?rest_route=\/wp\/v2\/pages\/6197","targetHints":{"allow":["GET"]}}],"collection":[{"href":"https:\/\/www.slovackio.vilniausr.lm.lt\/index.php?rest_route=\/wp\/v2\/pages"}],"about":[{"href":"https:\/\/www.slovackio.vilniausr.lm.lt\/index.php?rest_route=\/wp\/v2\/types\/page"}],"author":[{"embeddable":true,"href":"https:\/\/www.slovackio.vilniausr.lm.lt\/index.php?rest_route=\/wp\/v2\/users\/1"}],"replies":[{"embeddable":true,"href":"https:\/\/www.slovackio.vilniausr.lm.lt\/index.php?rest_route=%2Fwp%2Fv2%2Fcomments&post=6197"}],"version-history":[{"count":26,"href":"https:\/\/www.slovackio.vilniausr.lm.lt\/index.php?rest_route=\/wp\/v2\/pages\/6197\/revisions"}],"predecessor-version":[{"id":28881,"href":"https:\/\/www.slovackio.vilniausr.lm.lt\/index.php?rest_route=\/wp\/v2\/pages\/6197\/revisions\/28881"}],"up":[{"embeddable":true,"href":"https:\/\/www.slovackio.vilniausr.lm.lt\/index.php?rest_route=\/wp\/v2\/pages\/5488"}],"wp:attachment":[{"href":"https:\/\/www.slovackio.vilniausr.lm.lt\/index.php?rest_route=%2Fwp%2Fv2%2Fmedia&parent=6197"}],"curies":[{"name":"wp","href":"https:\/\/api.w.org\/{rel}","templated":true}]}}