{"id":3791,"date":"2012-11-19T12:19:51","date_gmt":"2012-11-19T10:19:51","guid":{"rendered":"http:\/\/www.slovackio.vilniausr.lm.lt\/?page_id=3791"},"modified":"2024-02-21T17:30:30","modified_gmt":"2024-02-21T15:30:30","slug":"tevams","status":"publish","type":"page","link":"https:\/\/www.slovackio.vilniausr.lm.lt\/?page_id=3791","title":{"rendered":"T\u0117vams"},"content":{"rendered":"<p><\/p>\n<div>\n<p><strong>Socialin\u0117 parama mokiniams nuo 2023 m. sausio 1 d.<\/strong><\/p>\n<p>Socialin\u0117 parama\u00a0<strong>skiriama<\/strong>\u00a0mokiniams, kurie mokosi bendrojo ugdymo mokyklose, profesinio mokymo \u012fstaigose, ikimokyklinio ugdymo mokyklose ar pas kit\u0105 \u0161vietimo teik\u0117j\u0105 (i\u0161skyrus laisv\u0105j\u012f mokytoj\u0105) (toliau vadinama \u2013 mokykla) pagal bendrojo ugdymo programas, \u012fregistruotas Studij\u0173, mokymo program\u0173 ir kvalifikacij\u0173 registre (i\u0161skyrus suaugusi\u0173j\u0173 ugdymo programas), ar prie\u0161mokyklinio ugdymo program\u0105.<\/p>\n<p>Socialin\u0117 parama\u00a0<strong>neskiriama<\/strong>\u00a0mokiniams, kurie mokosi ir pagal bendrojo ugdymo, ir pagal profesinio mokymo programas; mokiniams, kurie yra i\u0161laikomi valstyb\u0117s arba savivaldyb\u0117s finansuojamose \u012fstaigose arba kuriems Lietuvos Respublikos civilinio kodekso nustatyta tvarka nustatyta vaiko laikinoji ar nuolatin\u0117 globa (r\u016bpyba), i\u0161skyrus atvej\u012f,<em>\u00a0<\/em>kai\u00a0mokiniui, kuris mokosi pagal prie\u0161mokyklinio ugdymo program\u0105 ar pradinio ugdymo program\u0105 pirmoje ar antroje klas\u0117je skiriami nemokami piet\u016bs nevertinant \u0161eimos gaunam\u0173 pajam\u0173; taip pat\u00a0\u00a0vyresniems kaip 21 met\u0173 mokiniams, kurie\u00a0mokosi pagal suaugusi\u0173j\u0173 ugdymo programas.<\/p>\n<p><strong>Socialin\u0117s paramos mokiniams r\u016b\u0161ys<\/strong><\/p>\n<p>Nustatomos dvi socialin\u0117s paramos mokiniams r\u016b\u0161ys:<\/p>\n<ol>\n<li>mokini\u0173 nemokamas maitinimas (pusry\u010diai, piet\u016bs, pavakariai, maitinimas mokykl\u0173 organizuojamose vasaros poilsio stovyklose);<\/li>\n<li>parama mokinio reikmenims \u012fsigyti.<\/li>\n<\/ol>\n<p>Koki\u0105 socialin\u0119 param\u0105 gali gauti mokiniai?<\/p>\n<p><strong>Priklausomai nuo gaunam\u0173 pajam\u0173<\/strong>:<\/p>\n<ol>\n<li>Mokiniai turi teis\u0119 \u012f nemokamus pietus ir \u012f param\u0105 mokinio reikmenims \u012fsigyti, jeigu vidutin\u0117s pajamos vienam i\u0161 bendrai gyvenan\u010di\u0173 asmen\u0173 ar vienam gyvenan\u010diam asmeniui (toliau vadinama \u2013 vidutin\u0117s pajamos vienam asmeniui) per m\u0117nes\u012f yra ma\u017eesn\u0117s kaip 1,5 valstyb\u0117s remiam\u0173 pajam\u0173\u00a0 (toliau \u2013 VRP) dyd\u017eio (nuo 2023 m. sausio 1 d. &#8211; 235,5 Eur);<\/li>\n<li>Mokiniai turi teis\u0119 \u012f nemokamus pietus ir param\u0105 mokinio reikmenims \u012fsigyti, jeigu vidutin\u0117s pajamos vienam asmeniui per m\u0117nes\u012f yra ma\u017eesn\u0117s kaip 2 VRP dyd\u017eiai (nuo 2023 m. sausio 1 d. &#8211; 314 Eur), atsi\u017evelgiant \u012f \u0161eimos gyvenimo s\u0105lygas \u0161iais atvejais: ligos, nelaimingo atsitikimo, netekus maitintojo, kai motina ar t\u0117vas vieni augina vaik\u0105 (vaikus), kai \u0161eima augina tris ir daugiau vaik\u0173 ar bent vienas \u0161eimos narys yra ne\u012fgalus;<\/li>\n<li>Mokiniams, kuri\u0173 vidutin\u0117s pajamos vienam asmeniui ma\u017eesn\u0117s nei 1,5 VRP dyd\u017eio (atskirais atvejais \u2013 2 VRP dyd\u017eiai), gali b\u016bti skiriamas nemokamas maitinimas vasaros atostog\u0173 metu mokykl\u0173 organizuojamose\u00a0 vasaros poilsio stovyklose.<\/li>\n<\/ol>\n<p><strong>Nepriklausomai nuo gaunam\u0173 pajam\u0173:<\/strong><\/p>\n<p>Mokiniams, kurie\u00a0mokosi pagal prie\u0161mokyklinio ugdymo program\u0105 ar pagal pradinio ugdymo program\u0105 pirmoje ar antroje klas\u0117je,\u00a0<strong>nemokami piet\u016bs skiriami nevertinant \u0161eimos gaunam\u0173 pajam\u0173\u00a0be atskiro t\u0117v\u0173 (glob\u0117j\u0173) pra\u0161ymo<\/strong>.<\/p>\n<ul>\n<li>Nemokamas maitinimas neskiriamas mokiniams, jei t\u0117vai yra atleisti nuo mokes\u010dio u\u017e vaik\u0173 maitinim\u0105 mokykl\u0173 bendrabu\u010diuose, i\u0161skyrus atvej\u012f, kai mokiniui, kuris mokosi pagal prie\u0161mokyklinio ugdymo program\u0105 ar pradinio ugdymo program\u0105 pirmoje ar antroje klas\u0117je nemokami piet\u016bs skiriami nevertinant \u0161eimos gaunam\u0173 pajam\u0173.<\/li>\n<li>Savivaldybi\u0173 administracijos turi teis\u0119 nemokam\u0105 maitinim\u0105 ir param\u0105 mokinio reikmenims \u012fsigyti skirti i\u0161imties atvejais, jeigu vidutin\u0117s pajamos vienam asmeniui per m\u0117nes\u012f nevir\u0161ija 2,5 VRP dyd\u017eio (nuo 2023 m. sausio 1 d. &#8211; 392,5 Eur).<\/li>\n<\/ul>\n<p style=\"font-weight: 400; text-align: justify;\"><span style=\"color: #000080;\"><a style=\"color: #000080;\" href=\"https:\/\/socmin.lrv.lt\/lt\/veiklos-sritys\/seima-ir-vaikai\/socialine-parama-seimoms-ir-vaikams\/socialine-parama-mokiniams\">https:\/\/socmin.lrv.lt\/lt\/veiklos-sritys\/seima-ir-vaikai\/socialine-parama-seimoms-ir-vaikams\/socialine-parama-mokiniams<\/a><\/span><\/p>\n<\/div>\n<p><span style=\"color: #000080;\"><strong>Apie prie\u0161mokyklin\u012f ugdym\u0105<\/strong><\/span>\u00a0<span style=\"color: #000080;\"><a style=\"color: #000080;\" href=\"http:\/\/www.ikimokyklinis.lt\/\">www.ikimokyklinis.lt<\/a>.<\/span><\/p>\n<div>\n<pre><\/pre>\n<p><span style=\"color: #000080;\"><strong>T\u0117v\u0173 linija<\/strong>\u00a0&#8211;\u00a0<\/span>880090012 (Linija veiks darbo dienomis vakarais)<\/p>\n<p><strong><span style=\"color: #000080;\">I\u0161mokos vaikams &#8211;\u00a0<\/span><\/strong>Su nauj\u0173 i\u0161mok\u0173 vaikams \u012fstatym\u0173 galite susipa\u017einti\u00a0<a href=\"https:\/\/www.e-tar.lt\/portal\/lt\/legalAct\/TAR.1DEDD43B92AE\/UJcoAfonsR\" target=\"_blank\" rel=\"noopener noreferrer\"><strong>\u010dia.<\/strong><\/a><\/p>\n<p style=\"text-align: center;\"><strong style=\"color: #000080; font-size: 0.95em;\">Neatid\u0117liokite vaik\u0173 sveikatos patikr\u0173 !<\/strong><\/p>\n<\/div>\n<p>&nbsp;<\/p>","protected":false},"excerpt":{"rendered":"<p>Socialin\u0117 parama mokiniams nuo 2023 m. sausio 1 d. Socialin\u0117 parama\u00a0skiriama\u00a0mokiniams, kurie mokosi bendrojo ugdymo mokyklose, profesinio mokymo \u012fstaigose, ikimokyklinio ugdymo mokyklose ar pas kit\u0105 \u0161vietimo teik\u0117j\u0105 (i\u0161skyrus laisv\u0105j\u012f mokytoj\u0105) (toliau vadinama \u2013 mokykla) pagal bendrojo ugdymo programas, \u012fregistruotas Studij\u0173, mokymo program\u0173 ir kvalifikacij\u0173 registre (i\u0161skyrus suaugusi\u0173j\u0173 ugdymo programas), ar prie\u0161mokyklinio ugdymo program\u0105. Socialin\u0117 parama\u00a0neskiriama\u00a0mokiniams, kurie mokosi ir pagal bendrojo<\/p>\n","protected":false},"author":1,"featured_media":0,"parent":24731,"menu_order":1,"comment_status":"closed","ping_status":"closed","template":"","meta":{"footnotes":""},"class_list":["post-3791","page","type-page","status-publish","hentry"],"jetpack_sharing_enabled":true,"_links":{"self":[{"href":"https:\/\/www.slovackio.vilniausr.lm.lt\/index.php?rest_route=\/wp\/v2\/pages\/3791","targetHints":{"allow":["GET"]}}],"collection":[{"href":"https:\/\/www.slovackio.vilniausr.lm.lt\/index.php?rest_route=\/wp\/v2\/pages"}],"about":[{"href":"https:\/\/www.slovackio.vilniausr.lm.lt\/index.php?rest_route=\/wp\/v2\/types\/page"}],"author":[{"embeddable":true,"href":"https:\/\/www.slovackio.vilniausr.lm.lt\/index.php?rest_route=\/wp\/v2\/users\/1"}],"replies":[{"embeddable":true,"href":"https:\/\/www.slovackio.vilniausr.lm.lt\/index.php?rest_route=%2Fwp%2Fv2%2Fcomments&post=3791"}],"version-history":[{"count":123,"href":"https:\/\/www.slovackio.vilniausr.lm.lt\/index.php?rest_route=\/wp\/v2\/pages\/3791\/revisions"}],"predecessor-version":[{"id":29024,"href":"https:\/\/www.slovackio.vilniausr.lm.lt\/index.php?rest_route=\/wp\/v2\/pages\/3791\/revisions\/29024"}],"up":[{"embeddable":true,"href":"https:\/\/www.slovackio.vilniausr.lm.lt\/index.php?rest_route=\/wp\/v2\/pages\/24731"}],"wp:attachment":[{"href":"https:\/\/www.slovackio.vilniausr.lm.lt\/index.php?rest_route=%2Fwp%2Fv2%2Fmedia&parent=3791"}],"curies":[{"name":"wp","href":"https:\/\/api.w.org\/{rel}","templated":true}]}}