{"id":3739,"date":"2012-11-15T15:57:27","date_gmt":"2012-11-15T13:57:27","guid":{"rendered":"http:\/\/www.slovackio.vilniausr.lm.lt\/?page_id=3739"},"modified":"2026-02-08T19:17:57","modified_gmt":"2026-02-08T17:17:57","slug":"metodine-taryba","status":"publish","type":"page","link":"https:\/\/www.slovackio.vilniausr.lm.lt\/?page_id=3739","title":{"rendered":"Metodin\u0117 taryba"},"content":{"rendered":"<p><\/p>\n<h6 style=\"text-align: center;\"><span style=\"color: #008000;\"><strong style=\"font-size: 2.25em;\" data-start=\"357\" data-end=\"376\">Metodin\u0117 taryba<\/strong><\/span><\/h6>\n<address>\n<p style=\"text-align: justify;\" data-start=\"378\" data-end=\"1183\"><strong data-start=\"378\" data-end=\"395\">Aliona Rynkun<\/strong> \u2013 lietuvi\u0173 kalbos ir literat\u016bros mokytoja metodinink\u0117, Metodin\u0117s tarybos pirminink\u0117;<br data-start=\"480\" data-end=\"483\" \/><strong data-start=\"483\" data-end=\"505\">Liudmila Laty\u0161evi\u010d<\/strong> \u2013 pradinio ir prie\u0161mokyklinio ugdymo metodin\u0117s grup\u0117s pirminink\u0117, pradinio ugdymo mokytoja metodinink\u0117 (nar\u0117);<br data-start=\"616\" data-end=\"619\" \/><strong data-start=\"619\" data-end=\"641\">Edyta Klimaszewska<\/strong> \u2013 5\u20138, I\u2013IVG klasi\u0173 vadov\u0173 metodin\u0117s grup\u0117s pirminink\u0117, lenk\u0173 kalbos mokytoja metodinink\u0117 (nar\u0117);<br data-start=\"739\" data-end=\"742\" \/><strong data-start=\"742\" data-end=\"762\">Inga Kondratovi\u010d<\/strong> \u2013 angl\u0173 kalbos mokytoja metodinink\u0117 (nar\u0117);<br data-start=\"806\" data-end=\"809\" \/><strong data-start=\"809\" data-end=\"838\">Justyna Dacevi\u010d-Aschabova<\/strong> \u2013 Kalb\u0173 ir socialini\u0173 moksl\u0173 metodin\u0117s grup\u0117s pirminink\u0117, angl\u0173 kalbos vyresnioji mokytoja (nar\u0117);<br data-start=\"937\" data-end=\"940\" \/><strong data-start=\"940\" data-end=\"959\">Jolanta \u0160emien\u0117<\/strong> \u2013 Tiksli\u0173j\u0173 ir gamtos moksl\u0173 metodin\u0117s grup\u0117s pirminink\u0117, biologijos vyresnioji mokytoja (nar\u0117);<br data-start=\"1056\" data-end=\"1059\" \/><strong data-start=\"1059\" data-end=\"1078\">Edita Verkovska<\/strong> \u2013 Men\u0173, dorinio ir fizinio ugdymo metodin\u0117s grup\u0117s pirminink\u0117, technologij\u0173 mokytoja metodinink\u0117 (nar\u0117).<\/p>\n<h3 style=\"text-align: center;\" data-start=\"1190\" data-end=\"1213\"><span style=\"color: #008000;\"><strong data-start=\"1193\" data-end=\"1213\">Metodin\u0117s grup\u0117s<\/strong><\/span><\/h3>\n<h3 style=\"text-align: center;\"><em><strong><span style=\"color: #000080;\">Ikimokyklinio ugdymo mokytoj\u0173 metodin\u0117 grup\u0117<\/span><\/strong><\/em><\/h3>\n<p><strong>Danguol\u0117 Voini\u010d<\/strong> \u2013 ikimokyklinio ugdymo mokytoja;<\/address>\n<address><strong>Janina Girdzijevska<\/strong> \u2013 ikimokyklinio ugdymo mokytoja;<\/address>\n<address><strong>Aurelija Jadinskyt\u0117<\/strong> \u2013 ikimokyklinio ugdymo vyresnioji;<\/address>\n<address><strong>Ingrida Zamara<\/strong> \u2013 ikimokyklinio ugdymo mokytoja;<\/address>\n<address><strong>Emanuela Koren<\/strong> \u2013 ikimokyklinio ugdymo mokytoja;<\/address>\n<address><strong>Julija Mincevi\u010d<\/strong> \u2013 logoped\u0117, specialioji pedagog\u0117.<\/p>\n<h3 style=\"text-align: center;\" data-start=\"1215\" data-end=\"1281\"><em><span style=\"color: #000080;\"><strong data-start=\"1219\" data-end=\"1281\">Pradinio ir prie\u0161mokyklinio ugdymo mokytoj\u0173 metodin\u0117 grup\u0117<\/strong><\/span><\/em><\/h3>\n<p data-start=\"1283\" data-end=\"1665\"><strong data-start=\"1283\" data-end=\"1305\">Liudmila Laty\u0161evi\u010d<\/strong> \u2013 pradinio ugdymo mokytoja metodinink\u0117, metodin\u0117s grup\u0117s pirminink\u0117;<br data-start=\"1374\" data-end=\"1377\" \/><strong data-start=\"1377\" data-end=\"1394\">Ana Fedorovi\u010d<\/strong> \u2013 pradinio ir prie\u0161mokyklinio ugdymo mokytoja metodinink\u0117 (nar\u0117);<br data-start=\"1460\" data-end=\"1463\" \/><strong data-start=\"1463\" data-end=\"1484\">Tatjana Liachovi\u010d<\/strong> \u2013 pradinio ir prie\u0161mokyklinio ugdymo vyresnioji mokytoja (nar\u0117);<br data-start=\"1549\" data-end=\"1552\" \/><strong data-start=\"1552\" data-end=\"1570\">Inesa Mackevi\u010d<\/strong> \u2013 prie\u0161mokyklinio ugdymo mokytoja (nar\u0117);<br data-start=\"1612\" data-end=\"1615\" \/><strong data-start=\"1615\" data-end=\"1630\">Ivona \u0160imak<\/strong> \u2013 pradinio ugdymo mokytoja (nar\u0117).<\/p>\n<h3 style=\"text-align: center;\" data-start=\"1672\" data-end=\"1721\"><span style=\"color: #000080;\"><strong data-start=\"1676\" data-end=\"1721\">Kalb\u0173 ir socialini\u0173 moksl\u0173 metodin\u0117 grup\u0117<\/strong><\/span><\/h3>\n<p data-start=\"1723\" data-end=\"2582\"><strong data-start=\"1723\" data-end=\"1752\">Justyna Dacevi\u010d-Aschabova<\/strong> \u2013 angl\u0173 kalbos vyresnioji mokytoja, metodin\u0117s grup\u0117s pirminink\u0117;<br data-start=\"1817\" data-end=\"1820\" \/><strong data-start=\"1820\" data-end=\"1839\">Lilija Gajevska<\/strong> \u2013 istorijos vyresnioji mokytoja (nar\u0117);<br data-start=\"1879\" data-end=\"1882\" \/><strong data-start=\"1882\" data-end=\"1904\">Edyta Klimaszewska<\/strong> \u2013 lenk\u0173 kalbos mokytoja metodinink\u0117 (nar\u0117);<br data-start=\"1948\" data-end=\"1951\" \/><strong data-start=\"1951\" data-end=\"1971\">Inga Kondratovi\u010d<\/strong> \u2013 angl\u0173 kalbos mokytoja metodinink\u0117 (nar\u0117);<br data-start=\"2015\" data-end=\"2018\" \/><strong data-start=\"2018\" data-end=\"2039\">Tatjana Liachovi\u010d<\/strong> \u2013 lenk\u0173 kalbos mokytoja (nar\u0117);<br data-start=\"2071\" data-end=\"2074\" \/><strong data-start=\"2074\" data-end=\"2092\">Ana Maciulevi\u010d<\/strong> \u2013 lenk\u0173 kalbos mokytoja metodinink\u0117, lietuvi\u0173 kalbos vyresnioji mokytoja (nar\u0117);<br data-start=\"2173\" data-end=\"2176\" \/><strong data-start=\"2176\" data-end=\"2193\">Aliona Rynkun<\/strong> \u2013 lietuvi\u0173 kalbos ir literat\u016bros mokytoja metodinink\u0117 (nar\u0117);<br data-start=\"2255\" data-end=\"2258\" \/><strong data-start=\"2258\" data-end=\"2279\">Olga \u0160ablovskien\u0117<\/strong> \u2013 lietuvi\u0173 kalbos ir literat\u016bros mokytoja (nar\u0117);<br data-start=\"2329\" data-end=\"2332\" \/><strong data-start=\"2332\" data-end=\"2356\">Gra\u017eina Gricevi\u010dien\u0117<\/strong> \u2013 lietuvi\u0173 kalbos ir literat\u016bros mokytoja (nar\u0117);<br data-start=\"2406\" data-end=\"2409\" \/><strong data-start=\"2409\" data-end=\"2429\">Pavel Samuchovas<\/strong> \u2013 geografijos mokytojas (narys);<br data-start=\"2462\" data-end=\"2465\" \/><strong data-start=\"2465\" data-end=\"2488\">Anastasija Jego\u0161ina<\/strong> \u2013 pilieti\u0161kumo pagrind\u0173 mokytoja (nar\u0117);<br data-start=\"2529\" data-end=\"2532\" \/><strong data-start=\"2532\" data-end=\"2551\" data-is-only-node=\"\">Toma\u0161 Bo\u017eerocki<\/strong> \u2013 istorijos mokytojas (narys).<\/p>\n<h3 style=\"text-align: center;\" data-start=\"2589\" data-end=\"2647\"><span style=\"color: #000080;\"><strong data-start=\"2593\" data-end=\"2647\">Tiksli\u0173j\u0173 ir gamtos moksl\u0173 mokytoj\u0173 metodin\u0117 grup\u0117<\/strong><\/span><\/h3>\n<p style=\"text-align: justify;\" data-start=\"2649\" data-end=\"3093\"><em><strong data-start=\"2649\" data-end=\"2668\">Jolanta \u0160emien\u0117<\/strong> \u2013 biologijos vyresnioji mokytoja, metodin\u0117s grup\u0117s pirminink\u0117;<\/em><br data-start=\"2731\" data-end=\"2734\" \/><em><strong data-start=\"2734\" data-end=\"2752\">Regina Dubicka<\/strong> \u2013 matematikos ir informacini\u0173 technologij\u0173 vyresnioji mokytoja (nar\u0117);<\/em><br data-start=\"2823\" data-end=\"2826\" \/><em><strong data-start=\"2826\" data-end=\"2849\">Leokadija Jankovska<\/strong> \u2013 matematikos vyresnioji mokytoja, fizikos mokytoja (nar\u0117);<\/em><br data-start=\"2909\" data-end=\"2912\" \/><em><strong data-start=\"2912\" data-end=\"2930\">Hendrika Savel<\/strong> \u2013 matematikos vyresnioji mokytoja (nar\u0117);<\/em><br data-start=\"2972\" data-end=\"2975\" \/><em><strong data-start=\"2975\" data-end=\"2994\">Edita Verkovska<\/strong> \u2013 chemijos vyresnioji mokytoja (nar\u0117);<\/em><br data-start=\"3033\" data-end=\"3036\" \/><em><strong data-start=\"3036\" data-end=\"3055\">Regina Belotka\u010d<\/strong> \u2013 fizikos vyresnioji mokytoja (nar\u0117).<\/em><\/p>\n<h3 style=\"text-align: center;\" data-start=\"3100\" data-end=\"3170\"><span style=\"color: #000080;\"><strong data-start=\"3104\" data-end=\"3170\">Men\u0173, dorinio ugdymo ir fizinio ugdymo mokytoj\u0173 metodin\u0117 grup\u0117<\/strong><\/span><\/h3>\n<p data-start=\"3172\" data-end=\"3746\"><strong data-start=\"3172\" data-end=\"3191\">Edita Verkovska<\/strong> \u2013 technologij\u0173 mokytoja metodinink\u0117, metodin\u0117s grup\u0117s pirminink\u0117;<br data-start=\"3257\" data-end=\"3260\" \/><strong data-start=\"3260\" data-end=\"3277\">Genadij Ravdo<\/strong> \u2013 fizinio ugdymo mokytojas metodininkas (narys);<br data-start=\"3326\" data-end=\"3329\" \/><strong data-start=\"3329\" data-end=\"3347\">Alicja Rusecka<\/strong> \u2013 muzikos mokytoja metodinink\u0117 (nar\u0117);<br data-start=\"3386\" data-end=\"3389\" \/><strong data-start=\"3389\" data-end=\"3410\">Justyna Stankevi\u010d<\/strong> \u2013 muzikos mokytoja (nar\u0117);<br data-start=\"3437\" data-end=\"3440\" \/><strong data-start=\"3440\" data-end=\"3458\">Inesa Mackevi\u010d<\/strong> \u2013 tikybos vyresnioji mokytoja (nar\u0117);<br data-start=\"3496\" data-end=\"3499\" \/><strong data-start=\"3499\" data-end=\"3517\">Marina Naumova<\/strong> \u2013 dail\u0117s ir technologij\u0173 mokytoja (nar\u0117);<br data-start=\"3559\" data-end=\"3562\" \/><strong data-start=\"3562\" data-end=\"3580\">Ry\u0161ard Sudenis<\/strong> \u2013 technologij\u0173 vyresnysis mokytojas (narys);<br data-start=\"3625\" data-end=\"3628\" \/><strong data-start=\"3628\" data-end=\"3646\">Veslava Voini\u010d<\/strong> \u2013 dail\u0117s vyresnioji mokytoja (nar\u0117);<br data-start=\"3683\" data-end=\"3686\" \/><strong data-start=\"3686\" data-end=\"3705\">Melisa Narkevi\u010d<\/strong> \u2013 neformaliojo \u0161vietimo mokytoja (nar\u0117).<\/p>\n<h3 style=\"text-align: center;\" data-start=\"3753\" data-end=\"3800\"><span style=\"color: #000080;\"><strong data-start=\"3757\" data-end=\"3800\">5\u20138, I\u2013IVG klasi\u0173 vadov\u0173 metodin\u0117 grup\u0117<\/strong><\/span><\/h3>\n<p><strong data-start=\"3802\" data-end=\"3824\">Edyta Klimaszewska<\/strong> \u2013 8 ir IG klasi\u0173 vadov\u0117, metodin\u0117s grup\u0117s pirminink\u0117;<br data-start=\"3878\" data-end=\"3881\" \/><strong data-start=\"3881\" data-end=\"3910\">Justyna Dacevi\u010d-Aschabova<\/strong> \u2013 5 klas\u0117s vadov\u0117 (nar\u0117);<\/address>\n<address><strong data-start=\"4086\" data-end=\"4104\">Marina Naumova<\/strong> \u2013 6 klas\u0117s vadov\u0117 (nar\u0117);<\/address>\n<address><strong data-start=\"3990\" data-end=\"4008\">Ana Maciulevi\u010d<\/strong> \u2013 7 klas\u0117s vadov\u0117 (nar\u0117);<\/address>\n<address><strong>Gra\u017eina Gricevi\u010dien\u0117<\/strong> \u2013 IIG klas\u0117s vadov\u0117 (nar\u0117);<br data-start=\"3936\" data-end=\"3939\" \/><strong data-start=\"3939\" data-end=\"3956\">Genadij Ravdo<\/strong> \u2013 IIIG klas\u0117s vadovas (narys);<br data-start=\"3987\" data-end=\"3990\" \/><strong data-start=\"4037\" data-end=\"4055\">Inesa Mackevi\u010d<\/strong> \u2013 IVG klas\u0117s vadov\u0117 (nar\u0117).<br data-start=\"4083\" data-end=\"4086\" \/><br \/>\n<\/address>\n<address>\u00a0<\/address>\n<address>\u00a0<\/address>\n<address>\u00a0<\/address>\n<address>\u00a0<\/address>\n<address>\u00a0<\/address>\n<address>\u00a0<\/address>\n<address>\u00a0<\/address>\n<address>\u00a0<\/address>\n<address>\u00a0<\/address>\n<p><\/p>","protected":false},"excerpt":{"rendered":"<p>Metodin\u0117 taryba Aliona Rynkun \u2013 lietuvi\u0173 kalbos ir literat\u016bros mokytoja metodinink\u0117, Metodin\u0117s tarybos pirminink\u0117;Liudmila Laty\u0161evi\u010d \u2013 pradinio ir prie\u0161mokyklinio ugdymo metodin\u0117s grup\u0117s pirminink\u0117, pradinio ugdymo mokytoja metodinink\u0117 (nar\u0117);Edyta Klimaszewska \u2013 5\u20138, I\u2013IVG klasi\u0173 vadov\u0173 metodin\u0117s grup\u0117s pirminink\u0117, lenk\u0173 kalbos mokytoja metodinink\u0117 (nar\u0117);Inga Kondratovi\u010d \u2013 angl\u0173 kalbos mokytoja metodinink\u0117 (nar\u0117);Justyna Dacevi\u010d-Aschabova \u2013 Kalb\u0173 ir socialini\u0173 moksl\u0173 metodin\u0117s grup\u0117s pirminink\u0117, angl\u0173 kalbos<\/p>\n","protected":false},"author":1,"featured_media":0,"parent":6213,"menu_order":3,"comment_status":"closed","ping_status":"closed","template":"","meta":{"footnotes":""},"class_list":["post-3739","page","type-page","status-publish","hentry"],"jetpack_sharing_enabled":true,"_links":{"self":[{"href":"https:\/\/www.slovackio.vilniausr.lm.lt\/index.php?rest_route=\/wp\/v2\/pages\/3739","targetHints":{"allow":["GET"]}}],"collection":[{"href":"https:\/\/www.slovackio.vilniausr.lm.lt\/index.php?rest_route=\/wp\/v2\/pages"}],"about":[{"href":"https:\/\/www.slovackio.vilniausr.lm.lt\/index.php?rest_route=\/wp\/v2\/types\/page"}],"author":[{"embeddable":true,"href":"https:\/\/www.slovackio.vilniausr.lm.lt\/index.php?rest_route=\/wp\/v2\/users\/1"}],"replies":[{"embeddable":true,"href":"https:\/\/www.slovackio.vilniausr.lm.lt\/index.php?rest_route=%2Fwp%2Fv2%2Fcomments&post=3739"}],"version-history":[{"count":85,"href":"https:\/\/www.slovackio.vilniausr.lm.lt\/index.php?rest_route=\/wp\/v2\/pages\/3739\/revisions"}],"predecessor-version":[{"id":34575,"href":"https:\/\/www.slovackio.vilniausr.lm.lt\/index.php?rest_route=\/wp\/v2\/pages\/3739\/revisions\/34575"}],"up":[{"embeddable":true,"href":"https:\/\/www.slovackio.vilniausr.lm.lt\/index.php?rest_route=\/wp\/v2\/pages\/6213"}],"wp:attachment":[{"href":"https:\/\/www.slovackio.vilniausr.lm.lt\/index.php?rest_route=%2Fwp%2Fv2%2Fmedia&parent=3739"}],"curies":[{"name":"wp","href":"https:\/\/api.w.org\/{rel}","templated":true}]}}