{"id":26906,"date":"2023-05-25T15:03:56","date_gmt":"2023-05-25T13:03:56","guid":{"rendered":"http:\/\/www.slovackio.vilniausr.lm.lt\/?page_id=26906"},"modified":"2024-10-15T18:24:27","modified_gmt":"2024-10-15T16:24:27","slug":"specialiuju-ugdymosi-poreikiu-mokiniu-ugdymas","status":"publish","type":"page","link":"https:\/\/www.slovackio.vilniausr.lm.lt\/?page_id=26906","title":{"rendered":"Speciali\u0173j\u0173 ugdymosi poreiki\u0173 mokini\u0173 ugdymas"},"content":{"rendered":"<p><strong>Mokini\u0173, turin\u010di\u0173 speciali\u0173j\u0173 ugdymosi poreiki\u0173,\u00a0ugdymo paskirtis<\/strong> \u2013 pad\u0117ti mokiniui lavintis, mokytis pagal geb\u0117jimus, \u012fgyti i\u0161silavinim\u0105 ir kvalifikacij\u0105,<strong>\u00a0<\/strong>pripa\u017e\u012fstant ir pl\u0117tojant j\u0173 geb\u0117jimus ir galias.<\/p>\n<p><strong>Teis\u0117s aktai, reglamentuojantys Speciali\u0173j\u0173 ugdymosi poreiki\u0173 mokini\u0173 ugdym\u0105 bei pagalbos jiems teikim\u0105:<\/strong><\/p>\n<p>Mokinio speciali\u0173j\u0173 ugdymosi poreiki\u0173 (i\u0161skyrus atsirandan\u010dius d\u0117l i\u0161skirtini\u0173 gabum\u0173) pedagoginiu, psichologiniu, medicininiu ir socialiniu pedagoginiu aspektais \u012fvertinimo ir specialiojo ugdymosi skyrimo tvarkos apra\u0161as:<\/p>\n<p><span style=\"color: #000080;\"><a style=\"color: #000080;\" href=\"https:\/\/www.e-tar.lt\/portal\/lt\/legalAct\/TAR.BB1874432466\/asr\">https:\/\/www.e-tar.lt\/portal\/lt\/legalAct\/TAR.BB1874432466\/asr<\/a><\/span><\/p>\n<p>Mokini\u0173, turin\u010di\u0173 speciali\u0173j\u0173 ugdymosi poreiki\u0173, ugdymo organizavimo tvarkos apra\u0161as: <span style=\"color: #000080;\"><a style=\"color: #000080;\" href=\"https:\/\/www.e-tar.lt\/portal\/lt\/legalAct\/TAR.F0E90ABE387D\">https:\/\/www.e-tar.lt\/portal\/lt\/legalAct\/TAR.F0E90ABE387D<\/a><\/span><\/p>\n<p>Specialiosios pedagogin\u0117s pagalbos asmeniui iki 21 met\u0173 teikimo ir kvalifikacini\u0173 reikalavim\u0173 nustatymo \u0161ios pagalbos teik\u0117jams tvarkos apra\u0161as<\/p>\n<p><span style=\"color: #000080;\"><a style=\"color: #000080;\" href=\"https:\/\/www.e-tar.lt\/portal\/lt\/legalAct\/TAR.2926557049F3\/asr\">https:\/\/www.e-tar.lt\/portal\/lt\/legalAct\/TAR.2926557049F3\/asr<\/a><\/span><\/p>\n<p>Mokini\u0173, turin\u010di\u0173 speciali\u0173j\u0173 ugdymosi poreiki\u0173, grupi\u0173 nustatymo ir j\u0173 speciali\u0173j\u0173 ugdymosi poreiki\u0173 skirstymo \u012f lygius tvarkos apra\u0161as:<\/p>\n<p><span style=\"color: #000080;\"><a style=\"color: #000080;\" href=\"https:\/\/www.e-tar.lt\/portal\/lt\/legalAct\/TAR.37B80BC37360\">https:\/\/www.e-tar.lt\/portal\/lt\/legalAct\/TAR.37B80BC37360<\/a><\/span><\/p>\n<p>Socialin\u0117s pedagogin\u0117s pagalbos teikimo vaikui ir mokiniui tvarkos apra\u0161as:<\/p>\n<p><span style=\"color: #000080;\"><a style=\"color: #000080;\" href=\"https:\/\/www.e-tar.lt\/portal\/lt\/legalAct\/624ea570a19111e69ad4c8713b612d0f\">https:\/\/www.e-tar.lt\/portal\/lt\/legalAct\/624ea570a19111e69ad4c8713b612d0f<\/a><\/span><\/p>\n<p>Pagrindinio ugdymo pasiekim\u0173 patikrinimo, kalb\u0173 \u012fskait\u0173, brandos egzamin\u0173 u\u017eduoties formos, vykdymo ir vertinimo instrukcij\u0173 pritaikymo mokiniams, buvusiems mokiniams ir eksternams, turintiems speciali\u0173j\u0173 ugdymosi poreiki\u0173, tvarkos apra\u0161as:<\/p>\n<p><span style=\"color: #000080;\"> <a style=\"color: #000080;\" href=\"https:\/\/www.e-tar.lt\/portal\/lt\/legalAct\/TAR.A07B1A81868E\">https:\/\/www.e-tar.lt\/portal\/lt\/legalAct\/TAR.A07B1A81868E<\/a><\/span><\/p>\n<p>Speciali\u0173j\u0173 ugdymosi poreiki\u0173 (i\u0161skyrus atsirandan\u010di\u0173 d\u0117l i\u0161skirtini\u0173 gabum\u0173) \u012fvertinim\u0105, specialiojo ugdymo ir (ar) specialiosios pedagogin\u0117s, psichologin\u0117s, socialin\u0117s pedagogin\u0117s pagalbos skyrim\u0105 mokiniams (vaikams) nuo gimimo iki 21 met\u0173 atlieka Vilniaus rajono pedagogin\u0117 psichologin\u0117 tarnyba <span style=\"color: #000080;\"><a style=\"color: #000080;\" href=\"https:\/\/ppt.vrsa.lt\">https:\/\/ppt.vrsa.lt<\/a><\/span><\/p>\n<p>Informacija apie \u012ftrauk\u0173j\u012f ugdym\u0105 \u0160vietimo, mokslo ir sporto ministerijos interneto svetain\u0117je:<\/p>\n<p><span style=\"color: #000080;\"> <a style=\"color: #000080;\" href=\"https:\/\/smsm.lrv.lt\/lt\/veiklos-sritys-1\/smm-svietimas\/itraukusis-ugdymas\">https:\/\/smsm.lrv.lt\/lt\/veiklos-sritys-1\/smm-svietimas\/itraukusis-ugdymas<\/a><\/span><\/p>","protected":false},"excerpt":{"rendered":"<p>Mokini\u0173, turin\u010di\u0173 speciali\u0173j\u0173 ugdymosi poreiki\u0173,\u00a0ugdymo paskirtis \u2013 pad\u0117ti mokiniui lavintis, mokytis pagal geb\u0117jimus, \u012fgyti i\u0161silavinim\u0105 ir kvalifikacij\u0105,\u00a0pripa\u017e\u012fstant ir pl\u0117tojant j\u0173 geb\u0117jimus ir galias. Teis\u0117s aktai, reglamentuojantys Speciali\u0173j\u0173 ugdymosi poreiki\u0173 mokini\u0173 ugdym\u0105 bei pagalbos jiems teikim\u0105: Mokinio speciali\u0173j\u0173 ugdymosi poreiki\u0173 (i\u0161skyrus atsirandan\u010dius d\u0117l i\u0161skirtini\u0173 gabum\u0173) pedagoginiu, psichologiniu, medicininiu ir socialiniu pedagoginiu aspektais \u012fvertinimo ir specialiojo ugdymosi skyrimo tvarkos apra\u0161as: https:\/\/www.e-tar.lt\/portal\/lt\/legalAct\/TAR.BB1874432466\/asr Mokini\u0173,<\/p>\n","protected":false},"author":1,"featured_media":0,"parent":108,"menu_order":7,"comment_status":"closed","ping_status":"closed","template":"","meta":{"footnotes":""},"class_list":["post-26906","page","type-page","status-publish","hentry"],"jetpack_sharing_enabled":true,"_links":{"self":[{"href":"https:\/\/www.slovackio.vilniausr.lm.lt\/index.php?rest_route=\/wp\/v2\/pages\/26906","targetHints":{"allow":["GET"]}}],"collection":[{"href":"https:\/\/www.slovackio.vilniausr.lm.lt\/index.php?rest_route=\/wp\/v2\/pages"}],"about":[{"href":"https:\/\/www.slovackio.vilniausr.lm.lt\/index.php?rest_route=\/wp\/v2\/types\/page"}],"author":[{"embeddable":true,"href":"https:\/\/www.slovackio.vilniausr.lm.lt\/index.php?rest_route=\/wp\/v2\/users\/1"}],"replies":[{"embeddable":true,"href":"https:\/\/www.slovackio.vilniausr.lm.lt\/index.php?rest_route=%2Fwp%2Fv2%2Fcomments&post=26906"}],"version-history":[{"count":5,"href":"https:\/\/www.slovackio.vilniausr.lm.lt\/index.php?rest_route=\/wp\/v2\/pages\/26906\/revisions"}],"predecessor-version":[{"id":30589,"href":"https:\/\/www.slovackio.vilniausr.lm.lt\/index.php?rest_route=\/wp\/v2\/pages\/26906\/revisions\/30589"}],"up":[{"embeddable":true,"href":"https:\/\/www.slovackio.vilniausr.lm.lt\/index.php?rest_route=\/wp\/v2\/pages\/108"}],"wp:attachment":[{"href":"https:\/\/www.slovackio.vilniausr.lm.lt\/index.php?rest_route=%2Fwp%2Fv2%2Fmedia&parent=26906"}],"curies":[{"name":"wp","href":"https:\/\/api.w.org\/{rel}","templated":true}]}}