{"id":26706,"date":"2023-05-19T15:01:58","date_gmt":"2023-05-19T13:01:58","guid":{"rendered":"http:\/\/www.slovackio.vilniausr.lm.lt\/?page_id=26706"},"modified":"2024-08-01T16:01:41","modified_gmt":"2024-08-01T14:01:41","slug":"polski-pareigybiu-aprasymai","status":"publish","type":"page","link":"https:\/\/www.slovackio.vilniausr.lm.lt\/?page_id=26706","title":{"rendered":"Pareigybi\u0173 apra\u0161ymai"},"content":{"rendered":"<p><span style=\"color: #000080;\"><a href=\"https:\/\/www.slovackio.vilniausr.lm.lt\/wp-content\/uploads\/Violetos-Matuk-pareigybes-aprasymas-2024-07-22.pdf\"><span style=\"color: #000080;\"><strong>Ra\u0161tin\u0117s ved\u0117jos pareigyb\u0117s apra\u0161ymas<\/strong><\/span><\/a><\/span><\/p>\n<p><span style=\"color: #000080;\"><strong><a style=\"color: #000080;\" href=\"https:\/\/www.slovackio.vilniausr.lm.lt\/wp-content\/uploads\/socialinis-pedagogas.pdf\">Socialinio pedagogo pareigyb\u0117s apra\u0161ymas<\/a><\/strong><\/span><\/p>\n<p><span style=\"color: #000080;\"><strong><a style=\"color: #000080;\" href=\"https:\/\/www.slovackio.vilniausr.lm.lt\/wp-content\/uploads\/Mokytojo-padejejas-gimnazijoje.pdf\">Mokytojo pad\u0117j\u0117jas gimnazijoje pareigyb\u0117s apra\u0161ymas <\/a><\/strong><\/span><\/p>\n<p><span style=\"color: #000080;\"><strong><a style=\"color: #000080;\" href=\"https:\/\/www.slovackio.vilniausr.lm.lt\/wp-content\/uploads\/logopedas.pdf\">Logopedo pareigyb\u0117s apra\u0161ymas<\/a><\/strong><\/span><\/p>\n<p><span style=\"color: #000080;\"><strong><a style=\"color: #000080;\" href=\"https:\/\/www.slovackio.vilniausr.lm.lt\/wp-content\/uploads\/Vrejos-pareigybes-aprasymas.pdf\">Ikimokyklinio ugdymo skyriaus vir\u0117jos pareigyb\u0117s apra\u0161ymas<\/a><\/strong><\/span><\/p>\n<p><span style=\"color: #000080;\"><strong><a style=\"color: #000080;\" href=\"https:\/\/www.slovackio.vilniausr.lm.lt\/wp-content\/uploads\/Valytojo-pareigybes-aprasymas-2022-redakcija.pdf\">Ikimokyklinio ugdymo skyriaus valytojos pareigyb\u0117s apra\u0161ymas<\/a><\/strong><\/span><\/p>\n<p><span style=\"color: #000080;\"><strong><a style=\"color: #000080;\" href=\"https:\/\/www.slovackio.vilniausr.lm.lt\/wp-content\/uploads\/ukio-vedejo-pareigybes-aprasyams.pdf\">Ikimokyklinio ugdymo skyriaus \u016bkio ved\u0117jos pareigyb\u0117s apra\u0161ymas<\/a><\/strong><\/span><\/p>\n<p><span style=\"color: #000080;\"><strong><a style=\"color: #000080;\" href=\"https:\/\/www.slovackio.vilniausr.lm.lt\/wp-content\/uploads\/skalbejo-pareigybes-aprasymas.pdf\">Ikimokyklinio ugdymo skyriaus skalb\u0117jos pareigyb\u0117s apra\u0161ymas<\/a><\/strong><\/span><\/p>\n<p><span style=\"color: #000080;\"><strong><a style=\"color: #000080;\" href=\"https:\/\/www.slovackio.vilniausr.lm.lt\/wp-content\/uploads\/Sargo-pareigybes-aprasymas.pdf\">Sargo pareigyb\u0117s apra\u0161ymas<\/a><\/strong><\/span><\/p>\n<p><span style=\"color: #000080;\"><strong><a style=\"color: #000080;\" href=\"https:\/\/www.slovackio.vilniausr.lm.lt\/wp-content\/uploads\/sandelinikes-pareigybes-aprasymas.pdf\">Ikimokyklinio ugdymo skyriaus sand\u0117linink\u0117s pareigyb\u0117s apra\u0161ymas<\/a><\/strong><\/span><\/p>\n<p><span style=\"color: #000080;\"><strong><a style=\"color: #000080;\" href=\"https:\/\/www.slovackio.vilniausr.lm.lt\/wp-content\/uploads\/KIemsargio-pareigybes-aprasymas.pdf\">Kiemsargio pareigyb\u0117s apra\u0161ymas<\/a><\/strong><\/span><\/p>\n<p><span style=\"color: #000080;\"><strong><a style=\"color: #000080;\" href=\"https:\/\/www.slovackio.vilniausr.lm.lt\/wp-content\/uploads\/mokytojo-padejejo-parigybe.pdf\">Ikimokyklinio ugdymo skyriaus mokytojo pad\u0117j\u0117jo pareigyb\u0117s apra\u0161ymas<\/a><\/strong><\/span><\/p>\n<p><span style=\"color: #000080;\"><strong><a style=\"color: #000080;\" href=\"https:\/\/www.slovackio.vilniausr.lm.lt\/wp-content\/uploads\/Einamojo-remonto-darbininko-pareigybes-aprasymas.pdf\">Einamojo remonto darbininko pareigyb\u0117s apra\u0161ymas<\/a><\/strong><\/span><\/p>\n<p><span style=\"color: #000080;\"><strong><a style=\"color: #000080;\" href=\"https:\/\/www.slovackio.vilniausr.lm.lt\/?attachment_id=29111\" rel=\"attachment wp-att-29111\">Mokytojo pareigyb\u0117s apra\u0161ymas<\/a><\/strong><\/span><\/p>\n<p><span style=\"color: #000080;\"><strong><a style=\"color: #000080;\" href=\"https:\/\/www.slovackio.vilniausr.lm.lt\/?attachment_id=26814\" rel=\"attachment wp-att-26814\">Bibliotekininko pareigyb\u0117s apra\u0161ymas<\/a><\/strong><\/span><\/p>\n<p>&nbsp;<\/p>\n<p><span style=\"color: #000080;\">\u00a0<\/span><\/p>","protected":false},"excerpt":{"rendered":"<p>Ra\u0161tin\u0117s ved\u0117jos pareigyb\u0117s apra\u0161ymas Socialinio pedagogo pareigyb\u0117s apra\u0161ymas Mokytojo pad\u0117j\u0117jas gimnazijoje pareigyb\u0117s apra\u0161ymas Logopedo pareigyb\u0117s apra\u0161ymas Ikimokyklinio ugdymo skyriaus vir\u0117jos pareigyb\u0117s apra\u0161ymas Ikimokyklinio ugdymo skyriaus valytojos pareigyb\u0117s apra\u0161ymas Ikimokyklinio ugdymo skyriaus \u016bkio ved\u0117jos pareigyb\u0117s apra\u0161ymas Ikimokyklinio ugdymo skyriaus skalb\u0117jos pareigyb\u0117s apra\u0161ymas Sargo pareigyb\u0117s apra\u0161ymas Ikimokyklinio ugdymo skyriaus sand\u0117linink\u0117s pareigyb\u0117s apra\u0161ymas Kiemsargio pareigyb\u0117s apra\u0161ymas Ikimokyklinio ugdymo skyriaus mokytojo pad\u0117j\u0117jo pareigyb\u0117s apra\u0161ymas<\/p>\n","protected":false},"author":1,"featured_media":0,"parent":145,"menu_order":1,"comment_status":"closed","ping_status":"closed","template":"","meta":{"footnotes":""},"class_list":["post-26706","page","type-page","status-publish","hentry"],"jetpack_sharing_enabled":true,"_links":{"self":[{"href":"https:\/\/www.slovackio.vilniausr.lm.lt\/index.php?rest_route=\/wp\/v2\/pages\/26706","targetHints":{"allow":["GET"]}}],"collection":[{"href":"https:\/\/www.slovackio.vilniausr.lm.lt\/index.php?rest_route=\/wp\/v2\/pages"}],"about":[{"href":"https:\/\/www.slovackio.vilniausr.lm.lt\/index.php?rest_route=\/wp\/v2\/types\/page"}],"author":[{"embeddable":true,"href":"https:\/\/www.slovackio.vilniausr.lm.lt\/index.php?rest_route=\/wp\/v2\/users\/1"}],"replies":[{"embeddable":true,"href":"https:\/\/www.slovackio.vilniausr.lm.lt\/index.php?rest_route=%2Fwp%2Fv2%2Fcomments&post=26706"}],"version-history":[{"count":31,"href":"https:\/\/www.slovackio.vilniausr.lm.lt\/index.php?rest_route=\/wp\/v2\/pages\/26706\/revisions"}],"predecessor-version":[{"id":30359,"href":"https:\/\/www.slovackio.vilniausr.lm.lt\/index.php?rest_route=\/wp\/v2\/pages\/26706\/revisions\/30359"}],"up":[{"embeddable":true,"href":"https:\/\/www.slovackio.vilniausr.lm.lt\/index.php?rest_route=\/wp\/v2\/pages\/145"}],"wp:attachment":[{"href":"https:\/\/www.slovackio.vilniausr.lm.lt\/index.php?rest_route=%2Fwp%2Fv2%2Fmedia&parent=26706"}],"curies":[{"name":"wp","href":"https:\/\/api.w.org\/{rel}","templated":true}]}}