{"id":228,"date":"2009-12-09T13:15:13","date_gmt":"2009-12-09T10:15:13","guid":{"rendered":"http:\/\/www2089.vu.lt\/?page_id=228"},"modified":"2026-02-12T12:07:05","modified_gmt":"2026-02-12T10:07:05","slug":"biblioteka-2","status":"publish","type":"page","link":"https:\/\/www.slovackio.vilniausr.lm.lt\/?page_id=228","title":{"rendered":"Biblioteka"},"content":{"rendered":"<p><\/p>\n<p style=\"text-align: justify;\"><span style=\"color: #800000;\"><strong style=\"text-align: center;\">Bibliotekinink\u0117: <\/strong><\/span><span style=\"color: #008000;\"><strong style=\"text-align: center;\">Marina Naumowa<\/strong><\/span><\/p>\n<p style=\"text-align: justify;\"><strong style=\"text-align: center;\"><span style=\"color: #993300;\">Kontaktai: <\/span><span style=\"color: #993300;\"><span style=\"color: #008000;\">biblioteka@slovackio.vilniausr.lm.lt<\/span><\/span><\/strong><\/p>\n<p style=\"text-align: justify;\"><span style=\"color: #800000;\"><strong style=\"text-align: center;\">Bibliotekos darbo laikas &#8211; <\/strong><\/span><span style=\"color: #008000;\"><strong style=\"text-align: center;\">pirmadienis &#8211; penktadienis <\/strong><\/span><span style=\"color: #008000;\"><strong style=\"text-align: center;\">7.30 &#8211; 16.00 val.<\/strong><\/span><\/p>\n<p><a href=\"https:\/\/www.slovackio.vilniausr.lm.lt\/wp-content\/uploads\/Picture1.jpg\" rel=\"lightbox[228]\"><img loading=\"lazy\" decoding=\"async\" class=\"alignleft size-full wp-image-34586\" src=\"https:\/\/www.slovackio.vilniausr.lm.lt\/wp-content\/uploads\/Picture1.jpg\" alt=\"\" width=\"238\" height=\"87\" \/><\/a><\/p>\n<p><strong>Projektas \u201eGalimybi\u0173 mokykla\u201c<\/strong><\/p>\n<p>Vilniaus r. Bezdoni\u0173 Julijaus Slovackio gimnazija partnerio teis\u0117mis dalyvauja projekte \u201eGalimybi\u0173 mokykla\u201c, kuris\u00a0yra finansuojamas Europos socialinio fondo + bei bendrojo finansavimo l\u0117\u0161omis.<\/p>\n<p><strong>Projekto tikslas \u2013 stiprinti ugdymo, atliepian\u010dio mokini\u0173 am\u017ei\u0173 ir poreikius, kokyb\u0119.<\/strong><\/p>\n<p>Kartu su projekto vykdytoju \u2013 Nacionaline \u0161vietimo agent\u016bra ir dar dagiau kaip 800 partneri\u0173 prisidedame prie 2021\u20132030\u202f met\u0173 nacionalinio pa\u017eangos plano \u012fgyvendinimo gerinant ugdymosi rezultatus ir ma\u017einant j\u0173 atotr\u016bk\u012f, atliepiame \u0161vietimo sektoriaus paklausos ir pasi\u016blos tendencijas, didinant \u0161vietimo \u012ftraukt\u012f ir u\u017etikrinant visiems prieinam\u0105 \u0161iuolaikin\u012f ugdymo turin\u012f.<\/p>\n<p><strong>Projekto metu:<\/strong><\/p>\n<ul>\n<li>kuriamas inovatyvus, personalizuotas ugdymo turinys ir priemon\u0117s prie\u0161mokykliniame ir pradiniame ugdyme;<\/li>\n<li>turtinamas didel\u012f mokymosi potencial\u0105 turin\u010di\u0173 mokini\u0173 ugdymo turinys;<\/li>\n<li>rengiami tautini\u0173 ma\u017eum\u0173 gimtosios kalbos mokymuisi skirti vadov\u0117liai;<\/li>\n<li>\u012fsigyjami vadov\u0117liai bendrojo ugdymo programas vykdan\u010dioms valstyb\u0117s ir savivaldybi\u0173 mokykloms bei profesinio mokymo \u012fstaigoms;<\/li>\n<li>rengiami visuomeninio ugdymo ir gamtos moksl\u0173 nacionaliniai mokini\u0173 pasiekim\u0173 patikrinimai 4 ir 8 klas\u0117se.<\/li>\n<\/ul>\n<p>Projekt\u0105 \u012fgyvendiname nuo 2024 m. baland\u017eio, o suplanuotus rezultatus pasieksime iki 2027 m. liepos m\u0117nesio.<\/p>\n<p>M\u016bs\u0173 tikslin\u0117 grup\u0117: mokytojai, \u0161vietimo pagalbos specialistai, mokykl\u0173 vadovai, mokyklos bendruomen\u0117, mokiniai ir ugdytiniai, tyr\u0117jai, Nacionalin\u0117s \u0161vietimo agent\u016bros (N\u0160A) darbuotojai.<\/p>\n<p>Projektas \u201eGalimybi\u0173 mokykla\u201c<em>\u00a0<\/em>(NR. 10-072-P-0001) \u012fgyvendinamas pagal 2021\u20132030 m. \u0161vietimo pl\u0117tros programos valdytojos Lietuvos Respublikos \u0161vietimo, mokslo ir sporto ministerijos \u0161vietimo pl\u0117tros programos pa\u017eangos priemon\u0119 Nr. 12-003-03-01-03\u00a0<a href=\"https:\/\/esinvesticijos.lt\/priemones\/uztikrinti-visiems-prieinama-siuolaikini-ugdymo-turini\"><em>\u201e<\/em><\/a><a href=\"https:\/\/esinvesticijos.lt\/priemones\/uztikrinti-visiems-prieinama-siuolaikini-ugdymo-turini\"><em>U\u017etikrinti visiems prieinam\u0105 \u0161iuolaikin\u012f ugdymo turin\u012f\u201c<\/em><\/a><em>.<\/em><\/p>\n<p>Daugiau informacijos apie projekt\u0105, jo eig\u0105 ir pasiektus rezultatus galima rasti N\u0160A svetain\u0117je \u2013 <a href=\"https:\/\/www.nsa.smsm.lt\/projektai\/vykdomi-projektai\/projektas-galimybiu-mokykla\/\">https:\/\/www.nsa.smsm.lt\/projektai\/vykdomi-projektai\/projektas-galimybiu-mokykla\/<\/a><\/p>\n<h6 class=\"entry-title post-title\"><span style=\"color: #000080;\"><a href=\"https:\/\/www.slovackio.vilniausr.lm.lt\/wp-content\/uploads\/europos-sajunga.jpg\" rel=\"lightbox[228]\"><img loading=\"lazy\" decoding=\"async\" class=\"alignleft size-medium wp-image-30983\" src=\"https:\/\/www.slovackio.vilniausr.lm.lt\/wp-content\/uploads\/europos-sajunga-300x110.jpg\" alt=\"\" width=\"300\" height=\"110\" srcset=\"https:\/\/www.slovackio.vilniausr.lm.lt\/wp-content\/uploads\/europos-sajunga-300x110.jpg 300w, https:\/\/www.slovackio.vilniausr.lm.lt\/wp-content\/uploads\/europos-sajunga.jpg 317w\" sizes=\"auto, (max-width: 300px) 100vw, 300px\" \/><\/a><a style=\"color: #000080;\" href=\"https:\/\/www.slovackio.vilniausr.lm.lt\/?p=30982&amp;lang=pl\" rel=\"bookmark\">Projektas \u201eGalimybi\u0173 mokykla\u201c<\/a> &#8211; 2024 m.<\/span><\/h6>\n<p><span style=\"color: #003366;\">Gimnazija\u00a0partnerio teis\u0117mis dalyvauja projekte \u201eGalimybi\u0173 mokykla\u201c Nr. 10-072-P-0001, kuris\u00a0yra finansuojamas ES fond\u0173 l\u0117\u0161omis ir bendrojo finansavimo l\u0117\u0161omis<\/span><\/p>\n<p>&nbsp;<\/p>\n<p><span style=\"color: #003366;\">\u0160io projekto tikslas \u2013\u00a0stiprinti ugdymo, atliepian\u010dio mokini\u0173 am\u017ei\u0173 ir poreikius, kokyb\u0119.<\/span><\/p>\n<p><span style=\"color: #003366;\">Projekto \u012fgyvendinimas \u2013 nuo 2024 m. baland\u017eio m\u0117n. iki 2027 m. liepos m\u0117n.<\/span><\/p>\n<p><span style=\"color: #003366;\">Projekto vykdytojas \u2013 Nacionalin\u0117 \u0161vietimo agent\u016bra.<\/span><\/p>\n<p><span style=\"color: #003366;\">Projektas \u012fgyvendinamas su daugiau nei 800 partneri\u0173.<\/span><\/p>\n<p><span style=\"color: #003366;\">Bendras projekto biud\u017eetas \u2013 19\u00a0187\u00a0021,64 Eur<\/span><\/p>\n<p><span style=\"color: #003366;\"><strong>Projekte numatytos veiklos:<\/strong><\/span><\/p>\n<ul>\n<li><span style=\"color: #003366;\">inovatyvaus, personalizuoto ugdymo turinio ir priemoni\u0173 k\u016brimas prie\u0161mokykliniame ir pradiniame ugdyme;<\/span><\/li>\n<li><span style=\"color: #003366;\">didel\u012f mokymosi potencial\u0105 turin\u010di\u0173 mokini\u0173 ugdymo turinio turtinimas;<\/span><\/li>\n<li><span style=\"color: #003366;\">vadov\u0117li\u0173, skirt\u0173 tautin\u0117ms ma\u017eumoms gimtosioms kalboms mokytis, parengimas;<\/span><\/li>\n<li><span style=\"color: #003366;\">vadov\u0117li\u0173 bendrojo ugdymo mokykloms \u012fsigijimas \u012ftraukiant ir profesinio mokymo \u012fstaigas, vykdan\u010dias bendrojo ugdymo programas;<\/span><\/li>\n<li><span style=\"color: #003366;\">visuomeninio ugdymo ir gamtos moksl\u0173 nacionalini\u0173 mokini\u0173 pasiekim\u0173 patikrinim\u0173 (NMPP) 4 ir 8 kl. rengimas.<\/span><\/li>\n<\/ul>\n<p><span style=\"color: #003366;\">Projekto tikslin\u0117 grup\u0117: mokytojai, \u0161vietimo pagalbos specialistai, mokykl\u0173 vadovai, mokyklos bendruomen\u0117, mokiniai ir ugdytiniai, tyr\u0117jai, Nacionalin\u0117s \u0161vietimo agent\u016bros darbuotojai.<\/span><\/p>\n<p><span style=\"color: #003366;\"><em>Projektas Nr. 10-072-P-0001 \u012fgyvendinamas pagal 2021\u20132030 m. \u0161vietimo pl\u0117tros programos valdytojos Lietuvos Respublikos \u0161vietimo, mokslo ir sporto ministerijos \u0161vietimo pl\u0117tros programos pa\u017eangos priemon\u0119 Nr. 12-003-03-01-03 \u201eU\u017etikrinti visiems prieinam\u0105 \u0161iuolaikin\u012f ugdymo turin\u012f\u201c.<\/em><\/span><\/p>\n<p><span style=\"color: #003366;\">Daugiau informacijos apie projekt\u0105 galima rasti projekto vykdytojo Nacionalin\u0117s \u0161vietimo agent\u016bros tinklapyje:\u00a0<\/span><strong><a href=\"https:\/\/www.nsa.smm.lt\/projektai\/vykdomi-projektai\/projektas-galimybiu-mokykla\/\">https:\/\/www.nsa.smm.lt\/projektai\/vykdomi-projektai\/projektas-galimybiu-mokykla\/<\/a><\/strong><\/p>\n<p><span style=\"color: #000080;\"><strong><a href=\"https:\/\/www.slovackio.vilniausr.lm.lt\/wp-content\/uploads\/5555-1.png\" rel=\"lightbox[228]\"><img loading=\"lazy\" decoding=\"async\" class=\"size-thumbnail wp-image-28534 alignleft\" src=\"https:\/\/www.slovackio.vilniausr.lm.lt\/wp-content\/uploads\/5555-1-150x88.png\" alt=\"\" width=\"150\" height=\"88\" \/><\/a>2023 met\u0173 projektas ,,Skaitmeninio ugdymo turinio k\u016brimas ir diegimas\u201c<\/strong><\/span><\/p>\n<p>&nbsp;<\/p>\n<p>&nbsp;<\/p>\n<p><span style=\"color: #000080;\"><strong><a style=\"color: #000080;\" href=\"https:\/\/www.slovackio.vilniausr.lm.lt\/wp-content\/uploads\/2023-m-na-stroniczka-szkolna-projektas.pdf\">Vadov\u0117lai pagal atnaujintas programas, \u012fsigyti projekto l\u0117\u0161omis r., 2023 m.<\/a><\/strong><\/span><\/p>\n<p><a href=\"https:\/\/www.slovackio.vilniausr.lm.lt\/wp-content\/uploads\/20240219_100610-scaled.jpg\" rel=\"lightbox[228]\"><img loading=\"lazy\" decoding=\"async\" class=\"size-thumbnail wp-image-28968 alignleft\" src=\"https:\/\/www.slovackio.vilniausr.lm.lt\/wp-content\/uploads\/20240219_100610-150x150.jpg\" alt=\"\" width=\"150\" height=\"150\" srcset=\"https:\/\/www.slovackio.vilniausr.lm.lt\/wp-content\/uploads\/20240219_100610-150x150.jpg 150w, https:\/\/www.slovackio.vilniausr.lm.lt\/wp-content\/uploads\/20240219_100610-90x90.jpg 90w, https:\/\/www.slovackio.vilniausr.lm.lt\/wp-content\/uploads\/20240219_100610-75x75.jpg 75w\" sizes=\"auto, (max-width: 150px) 100vw, 150px\" \/><\/a> <a href=\"https:\/\/www.slovackio.vilniausr.lm.lt\/wp-content\/uploads\/20240219_100629-scaled.jpg\" rel=\"lightbox[228]\"><img loading=\"lazy\" decoding=\"async\" class=\"size-thumbnail wp-image-28969 alignleft\" src=\"https:\/\/www.slovackio.vilniausr.lm.lt\/wp-content\/uploads\/20240219_100629-150x150.jpg\" alt=\"\" width=\"150\" height=\"150\" srcset=\"https:\/\/www.slovackio.vilniausr.lm.lt\/wp-content\/uploads\/20240219_100629-150x150.jpg 150w, https:\/\/www.slovackio.vilniausr.lm.lt\/wp-content\/uploads\/20240219_100629-90x90.jpg 90w, https:\/\/www.slovackio.vilniausr.lm.lt\/wp-content\/uploads\/20240219_100629-75x75.jpg 75w\" sizes=\"auto, (max-width: 150px) 100vw, 150px\" \/><\/a><\/p>\n<p><a href=\"https:\/\/www.slovackio.vilniausr.lm.lt\/wp-content\/uploads\/20240124_081636-scaled.jpg\" rel=\"lightbox[228]\"><img loading=\"lazy\" decoding=\"async\" class=\"size-thumbnail wp-image-28717 alignleft\" src=\"https:\/\/www.slovackio.vilniausr.lm.lt\/wp-content\/uploads\/20240124_081636-150x150.jpg\" alt=\"\" width=\"150\" height=\"150\" srcset=\"https:\/\/www.slovackio.vilniausr.lm.lt\/wp-content\/uploads\/20240124_081636-150x150.jpg 150w, https:\/\/www.slovackio.vilniausr.lm.lt\/wp-content\/uploads\/20240124_081636-90x90.jpg 90w, https:\/\/www.slovackio.vilniausr.lm.lt\/wp-content\/uploads\/20240124_081636-75x75.jpg 75w\" sizes=\"auto, (max-width: 150px) 100vw, 150px\" \/><\/a> <a href=\"https:\/\/www.slovackio.vilniausr.lm.lt\/wp-content\/uploads\/20240131_123822-scaled.jpg\" rel=\"lightbox[228]\"><img loading=\"lazy\" decoding=\"async\" class=\"size-thumbnail wp-image-28718 alignleft\" src=\"https:\/\/www.slovackio.vilniausr.lm.lt\/wp-content\/uploads\/20240131_123822-150x150.jpg\" alt=\"\" width=\"150\" height=\"150\" srcset=\"https:\/\/www.slovackio.vilniausr.lm.lt\/wp-content\/uploads\/20240131_123822-150x150.jpg 150w, https:\/\/www.slovackio.vilniausr.lm.lt\/wp-content\/uploads\/20240131_123822-90x90.jpg 90w, https:\/\/www.slovackio.vilniausr.lm.lt\/wp-content\/uploads\/20240131_123822-75x75.jpg 75w\" sizes=\"auto, (max-width: 150px) 100vw, 150px\" \/><\/a> <a href=\"https:\/\/www.slovackio.vilniausr.lm.lt\/wp-content\/uploads\/received_299408449798167.jpeg\" rel=\"lightbox[228]\"><img loading=\"lazy\" decoding=\"async\" class=\"size-thumbnail wp-image-28719 alignleft\" src=\"https:\/\/www.slovackio.vilniausr.lm.lt\/wp-content\/uploads\/received_299408449798167-150x150.jpeg\" alt=\"\" width=\"150\" height=\"150\" srcset=\"https:\/\/www.slovackio.vilniausr.lm.lt\/wp-content\/uploads\/received_299408449798167-150x150.jpeg 150w, https:\/\/www.slovackio.vilniausr.lm.lt\/wp-content\/uploads\/received_299408449798167-90x90.jpeg 90w, https:\/\/www.slovackio.vilniausr.lm.lt\/wp-content\/uploads\/received_299408449798167-75x75.jpeg 75w\" sizes=\"auto, (max-width: 150px) 100vw, 150px\" \/><\/a> <a href=\"https:\/\/www.slovackio.vilniausr.lm.lt\/wp-content\/uploads\/received_773337161504717.jpeg\" rel=\"lightbox[228]\"><img loading=\"lazy\" decoding=\"async\" class=\"size-thumbnail wp-image-28720 alignleft\" src=\"https:\/\/www.slovackio.vilniausr.lm.lt\/wp-content\/uploads\/received_773337161504717-150x150.jpeg\" alt=\"\" width=\"150\" height=\"150\" srcset=\"https:\/\/www.slovackio.vilniausr.lm.lt\/wp-content\/uploads\/received_773337161504717-150x150.jpeg 150w, https:\/\/www.slovackio.vilniausr.lm.lt\/wp-content\/uploads\/received_773337161504717-90x90.jpeg 90w, https:\/\/www.slovackio.vilniausr.lm.lt\/wp-content\/uploads\/received_773337161504717-75x75.jpeg 75w\" sizes=\"auto, (max-width: 150px) 100vw, 150px\" \/><\/a> <a href=\"https:\/\/www.slovackio.vilniausr.lm.lt\/wp-content\/uploads\/received_1124676642227721.jpeg\" rel=\"lightbox[228]\"><img loading=\"lazy\" decoding=\"async\" class=\"size-thumbnail wp-image-28721 alignleft\" src=\"https:\/\/www.slovackio.vilniausr.lm.lt\/wp-content\/uploads\/received_1124676642227721-150x150.jpeg\" alt=\"\" width=\"150\" height=\"150\" srcset=\"https:\/\/www.slovackio.vilniausr.lm.lt\/wp-content\/uploads\/received_1124676642227721-150x150.jpeg 150w, https:\/\/www.slovackio.vilniausr.lm.lt\/wp-content\/uploads\/received_1124676642227721-90x90.jpeg 90w, https:\/\/www.slovackio.vilniausr.lm.lt\/wp-content\/uploads\/received_1124676642227721-75x75.jpeg 75w\" sizes=\"auto, (max-width: 150px) 100vw, 150px\" \/><\/a><a href=\"https:\/\/www.slovackio.vilniausr.lm.lt\/wp-content\/uploads\/received_2695025200653266.jpeg\" rel=\"lightbox[228]\"><img loading=\"lazy\" decoding=\"async\" class=\"size-thumbnail wp-image-28723 alignleft\" src=\"https:\/\/www.slovackio.vilniausr.lm.lt\/wp-content\/uploads\/received_2695025200653266-150x150.jpeg\" alt=\"\" width=\"150\" height=\"150\" srcset=\"https:\/\/www.slovackio.vilniausr.lm.lt\/wp-content\/uploads\/received_2695025200653266-150x150.jpeg 150w, https:\/\/www.slovackio.vilniausr.lm.lt\/wp-content\/uploads\/received_2695025200653266-90x90.jpeg 90w, https:\/\/www.slovackio.vilniausr.lm.lt\/wp-content\/uploads\/received_2695025200653266-75x75.jpeg 75w\" sizes=\"auto, (max-width: 150px) 100vw, 150px\" \/><\/a><\/p>\n<address><em><em>\u00a0<\/em><\/em><\/p>\n<p style=\"text-align: justify;\"><span style=\"color: #000080;\">\u00a0<\/span><\/p>\n<p><em>\u00a0\u00a0\u00a0 \u00a0 \u00a0 \u00a0 \u00a0 \u00a0 \u00a0\u00a0<span style=\"color: #800000;\">\u00a0<\/span><\/em><\/p>\n<\/address>\n<p><\/p>","protected":false},"excerpt":{"rendered":"<p>Bibliotekinink\u0117: Marina Naumowa Kontaktai: biblioteka@slovackio.vilniausr.lm.lt Bibliotekos darbo laikas &#8211; pirmadienis &#8211; penktadienis 7.30 &#8211; 16.00 val. Projektas \u201eGalimybi\u0173 mokykla\u201c Vilniaus r. Bezdoni\u0173 Julijaus Slovackio gimnazija partnerio teis\u0117mis dalyvauja projekte \u201eGalimybi\u0173 mokykla\u201c, kuris\u00a0yra finansuojamas Europos socialinio fondo + bei bendrojo finansavimo l\u0117\u0161omis. Projekto tikslas \u2013 stiprinti ugdymo, atliepian\u010dio mokini\u0173 am\u017ei\u0173 ir poreikius, kokyb\u0119. Kartu su projekto vykdytoju \u2013 Nacionaline \u0161vietimo agent\u016bra<\/p>\n","protected":false},"author":1,"featured_media":0,"parent":6225,"menu_order":6,"comment_status":"closed","ping_status":"closed","template":"","meta":{"footnotes":""},"class_list":["post-228","page","type-page","status-publish","hentry"],"jetpack_sharing_enabled":true,"_links":{"self":[{"href":"https:\/\/www.slovackio.vilniausr.lm.lt\/index.php?rest_route=\/wp\/v2\/pages\/228","targetHints":{"allow":["GET"]}}],"collection":[{"href":"https:\/\/www.slovackio.vilniausr.lm.lt\/index.php?rest_route=\/wp\/v2\/pages"}],"about":[{"href":"https:\/\/www.slovackio.vilniausr.lm.lt\/index.php?rest_route=\/wp\/v2\/types\/page"}],"author":[{"embeddable":true,"href":"https:\/\/www.slovackio.vilniausr.lm.lt\/index.php?rest_route=\/wp\/v2\/users\/1"}],"replies":[{"embeddable":true,"href":"https:\/\/www.slovackio.vilniausr.lm.lt\/index.php?rest_route=%2Fwp%2Fv2%2Fcomments&post=228"}],"version-history":[{"count":129,"href":"https:\/\/www.slovackio.vilniausr.lm.lt\/index.php?rest_route=\/wp\/v2\/pages\/228\/revisions"}],"predecessor-version":[{"id":34601,"href":"https:\/\/www.slovackio.vilniausr.lm.lt\/index.php?rest_route=\/wp\/v2\/pages\/228\/revisions\/34601"}],"up":[{"embeddable":true,"href":"https:\/\/www.slovackio.vilniausr.lm.lt\/index.php?rest_route=\/wp\/v2\/pages\/6225"}],"wp:attachment":[{"href":"https:\/\/www.slovackio.vilniausr.lm.lt\/index.php?rest_route=%2Fwp%2Fv2%2Fmedia&parent=228"}],"curies":[{"name":"wp","href":"https:\/\/api.w.org\/{rel}","templated":true}]}}