{"id":1513,"date":"2010-12-21T14:40:53","date_gmt":"2010-12-21T12:40:53","guid":{"rendered":"http:\/\/www.slovackio.vilniausr.lm.lt\/?page_id=1513"},"modified":"2026-02-08T19:37:45","modified_gmt":"2026-02-08T17:37:45","slug":"projektai","status":"publish","type":"page","link":"https:\/\/www.slovackio.vilniausr.lm.lt\/?page_id=1513","title":{"rendered":"Projektin\u0117 veikla"},"content":{"rendered":"<p><\/p>\n<h3 style=\"text-align: center;\"><span style=\"color: #008000;\"><strong>2025 m. projektai<\/strong><\/span><\/h3>\n<p><span style=\"color: #000080;\"><strong>1. Skaitmeninio ugdymo turinio k\u016brimas ir diegimas.<\/strong><\/span><br \/>\n<span style=\"color: #000080;\"><strong>2. Vasaros poilsio stovykla.<\/strong><\/span><br \/>\n<span style=\"color: #000080;\"><strong>3. Dalyvaujamasis biud\u017eetas.<\/strong><\/span><br \/>\n<span style=\"color: #000080;\"><strong>4. Vasaros poilsio stovykla \u201eWakacyjna podr\u00f3\u017c z j\u0119zykiem ojczystym\u201d.<\/strong><\/span><br \/>\n<span style=\"color: #000080;\"><strong>5. Vasaros poilsio stovykla \u201eWakacje z podr\u00f3\u017c\u0105&#8221;.<\/strong><\/span><br \/>\n<span style=\"color: #000080;\"><strong>6. Tydzie\u0144 J\u0119zyka Polskiego i Literatury.<\/strong><\/span><br \/>\n<span style=\"color: #000080;\"><strong>7. Obchody Dnia Flagi i \u015awi\u0119ta Konstytucji 3 Maja 2025.<\/strong><\/span><br \/>\n<span style=\"color: #000080;\"><strong>8. Bon Ucznia.<\/strong><\/span><br \/>\n<span style=\"color: #000080;\"><strong>9. Ksi\u0105\u017cka do biblioteki.<\/strong><\/span><br \/>\n<span style=\"color: #000080;\"><strong>10. Praktinio verslumo ugdymo mokom\u0173j\u0173 mokini\u0173 bendrovi\u0173 programa I-IIIG klasi\u0173 mokiniams.<\/strong><\/span><br \/>\n<span style=\"color: #000080;\"><strong>11. \u201eMa\u017ei dideli ekranai\u201c.<\/strong><\/span><\/p>\n<h3 style=\"text-align: center;\"><span style=\"color: #008000;\"><strong>2024 m. projektai<\/strong><\/span><\/h3>\n<h5><span style=\"color: #000080;\"><strong>1. <\/strong><strong style=\"font-size: 15.2015px;\">&#8222;<span style=\"font-size: small;\"><span style=\"font-family: Arial, serif;\"><span style=\"font-size: large;\">Polski bez granic&#8221; &#8211; wsparcie bie\u017c\u0105cej dzia\u0142alno\u015bci polskich szk\u00f3\u0142 i przedszkoli funkcjonuj\u0105cych w litewskim systemie o\u015bwiaty w 2024 roku &#8211; plac\u00f3wki powy\u017cej 100 uczni\u00f3w.<\/span><\/span><\/span><\/strong><\/span><\/h5>\n<p><a href=\"https:\/\/www.slovackio.vilniausr.lm.lt\/wp-content\/uploads\/IMG_5159-scaled.jpeg\" rel=\"lightbox[1513]\"><img loading=\"lazy\" decoding=\"async\" class=\"alignleft size-thumbnail wp-image-32679\" src=\"https:\/\/www.slovackio.vilniausr.lm.lt\/wp-content\/uploads\/IMG_5159-150x150.jpeg\" alt=\"\" width=\"150\" height=\"150\" srcset=\"https:\/\/www.slovackio.vilniausr.lm.lt\/wp-content\/uploads\/IMG_5159-150x150.jpeg 150w, https:\/\/www.slovackio.vilniausr.lm.lt\/wp-content\/uploads\/IMG_5159-90x90.jpeg 90w, https:\/\/www.slovackio.vilniausr.lm.lt\/wp-content\/uploads\/IMG_5159-75x75.jpeg 75w\" sizes=\"auto, (max-width: 150px) 100vw, 150px\" \/><\/a> <a href=\"https:\/\/www.slovackio.vilniausr.lm.lt\/wp-content\/uploads\/IMG_5160-scaled.jpeg\" rel=\"lightbox[1513]\"><img loading=\"lazy\" decoding=\"async\" class=\"alignleft size-thumbnail wp-image-32678\" src=\"https:\/\/www.slovackio.vilniausr.lm.lt\/wp-content\/uploads\/IMG_5160-150x150.jpeg\" alt=\"\" width=\"150\" height=\"150\" srcset=\"https:\/\/www.slovackio.vilniausr.lm.lt\/wp-content\/uploads\/IMG_5160-150x150.jpeg 150w, https:\/\/www.slovackio.vilniausr.lm.lt\/wp-content\/uploads\/IMG_5160-90x90.jpeg 90w, https:\/\/www.slovackio.vilniausr.lm.lt\/wp-content\/uploads\/IMG_5160-75x75.jpeg 75w\" sizes=\"auto, (max-width: 150px) 100vw, 150px\" \/><\/a> <a href=\"https:\/\/www.slovackio.vilniausr.lm.lt\/wp-content\/uploads\/Umowa-84-scaled.jpg\" rel=\"lightbox[1513]\"><img loading=\"lazy\" decoding=\"async\" class=\"alignleft size-thumbnail wp-image-32677\" src=\"https:\/\/www.slovackio.vilniausr.lm.lt\/wp-content\/uploads\/Umowa-84-150x150.jpg\" alt=\"\" width=\"150\" height=\"150\" srcset=\"https:\/\/www.slovackio.vilniausr.lm.lt\/wp-content\/uploads\/Umowa-84-150x150.jpg 150w, https:\/\/www.slovackio.vilniausr.lm.lt\/wp-content\/uploads\/Umowa-84-90x90.jpg 90w, https:\/\/www.slovackio.vilniausr.lm.lt\/wp-content\/uploads\/Umowa-84-75x75.jpg 75w\" sizes=\"auto, (max-width: 150px) 100vw, 150px\" \/><\/a><\/p>\n<p>&nbsp;<\/p>\n<p>&nbsp;<\/p>\n<p>&nbsp;<\/p>\n<p>&nbsp;<\/p>\n<p>&nbsp;<\/p>\n<p>&nbsp;<\/p>\n<p><strong><span style=\"color: #000080;\">2. Projektas \u201eLenkijos nepriklausomyb\u0117s atk\u016brimo 106 metini\u0173 min\u0117jimas\u201c\u00a0<\/span><\/strong><\/p>\n<p><a href=\"https:\/\/www.slovackio.vilniausr.lm.lt\/wp-content\/uploads\/download-1.png\" rel=\"lightbox[1513]\"><img loading=\"lazy\" decoding=\"async\" class=\"size-medium wp-image-30986 aligncenter\" src=\"https:\/\/www.slovackio.vilniausr.lm.lt\/wp-content\/uploads\/download-1-212x300.png\" alt=\"\" width=\"212\" height=\"300\" srcset=\"https:\/\/www.slovackio.vilniausr.lm.lt\/wp-content\/uploads\/download-1-212x300.png 212w, https:\/\/www.slovackio.vilniausr.lm.lt\/wp-content\/uploads\/download-1-724x1024.png 724w, https:\/\/www.slovackio.vilniausr.lm.lt\/wp-content\/uploads\/download-1-768x1086.png 768w, https:\/\/www.slovackio.vilniausr.lm.lt\/wp-content\/uploads\/download-1-1086x1536.png 1086w, https:\/\/www.slovackio.vilniausr.lm.lt\/wp-content\/uploads\/download-1.png 1191w\" sizes=\"auto, (max-width: 212px) 100vw, 212px\" \/><\/a><\/p>\n<h6 class=\"entry-title post-title\" style=\"text-align: left;\"><span style=\"color: #000080;\"><a style=\"color: #000080;\" href=\"https:\/\/www.slovackio.vilniausr.lm.lt\/?p=30982\" rel=\"bookmark\">3. Projektas \u201eGalimybi\u0173 mokykla\u201c<\/a><\/span><\/h6>\n<article id=\"post-30982\" class=\"post-30982 post type-post status-publish format-standard hentry category-be-kategorijos\">\n<div class=\"entry clearfix\">\n<p style=\"text-align: justify;\"><span style=\"color: #000080;\">Gimnazija partnerio teis\u0117mis dalyvauja projekte \u201eGalimybi\u0173 mokykla\u201c Nr. 10-072-P-0001, kuris yra finansuojamas ES fond\u0173 l\u0117\u0161omis ir bendrojo finansavimo l\u0117\u0161omis. <\/span><span style=\"color: #000080;\">\u0160io projekto tikslas \u2013 stiprinti ugdymo, atliepian\u010dio mokini\u0173 am\u017ei\u0173 ir poreikius, kokyb\u0119.\u00a0<\/span><span style=\"color: #000080;\">Projekto \u012fgyvendinimas \u2013 nuo 2024 m. baland\u017eio m\u0117n. iki 2027 m. liepos m\u0117n. <\/span><span style=\"color: #000080;\">Projekto vykdytojas \u2013 Nacionalin\u0117 \u0161vietimo agent\u016bra. <\/span><span style=\"color: #000080;\">Projektas \u012fgyvendinamas su daugiau nei 800 partneri\u0173. <\/span><span style=\"color: #000080;\">Bendras projekto biud\u017eetas \u2013 19\u00a0187\u00a0021,64 Eur<\/span><\/p>\n<p style=\"text-align: justify;\"><span style=\"color: #000080;\"><strong>Projekte numatytos veiklos:<\/strong><\/span><\/p>\n<ul style=\"text-align: justify;\">\n<li><span style=\"color: #000080;\">inovatyvaus, personalizuoto ugdymo turinio ir priemoni\u0173 k\u016brimas prie\u0161mokykliniame ir pradiniame ugdyme;<\/span><\/li>\n<li><span style=\"color: #000080;\">didel\u012f mokymosi potencial\u0105 turin\u010di\u0173 mokini\u0173 ugdymo turinio turtinimas;<\/span><\/li>\n<li><span style=\"color: #000080;\">vadov\u0117li\u0173, skirt\u0173 tautin\u0117ms ma\u017eumoms gimtosioms kalboms mokytis, parengimas;<\/span><\/li>\n<li><span style=\"color: #000080;\">vadov\u0117li\u0173 bendrojo ugdymo mokykloms \u012fsigijimas \u012ftraukiant ir profesinio mokymo \u012fstaigas, vykdan\u010dias bendrojo ugdymo programas;<\/span><\/li>\n<li><span style=\"color: #000080;\">visuomeninio ugdymo ir gamtos moksl\u0173 nacionalini\u0173 mokini\u0173 pasiekim\u0173 patikrinim\u0173 (NMPP) 4 ir 8 kl. rengimas.<\/span><\/li>\n<\/ul>\n<p style=\"text-align: justify;\"><span style=\"color: #000080;\">Projekto tikslin\u0117 grup\u0117: mokytojai, \u0161vietimo pagalbos specialistai, mokykl\u0173 vadovai, mokyklos bendruomen\u0117, mokiniai ir ugdytiniai, tyr\u0117jai, Nacionalin\u0117s \u0161vietimo agent\u016bros darbuotojai.<\/span><\/p>\n<p style=\"text-align: justify;\"><span style=\"color: #000080;\"><em>Projektas Nr. 10-072-P-0001 \u012fgyvendinamas pagal 2021\u20132030 m. \u0161vietimo pl\u0117tros programos valdytojos Lietuvos Respublikos \u0161vietimo, mokslo ir sporto ministerijos \u0161vietimo pl\u0117tros programos pa\u017eangos priemon\u0119 Nr. 12-003-03-01-03 \u201eU\u017etikrinti visiems prieinam\u0105 \u0161iuolaikin\u012f ugdymo turin\u012f\u201c.<\/em><\/span><\/p>\n<p style=\"text-align: justify;\"><span style=\"color: #000080;\">Daugiau informacijos apie projekt\u0105 galima rasti projekto vykdytojo Nacionalin\u0117s \u0161vietimo agent\u016bros tinklapyje:\u00a0<\/span><strong><a href=\"https:\/\/www.nsa.smm.lt\/projektai\/vykdomi-projektai\/projektas-galimybiu-mokykla\/\">https:\/\/www.nsa.smm.lt\/projektai\/vykdomi-projektai\/projektas-galimybiu-mokykla\/<\/a><\/strong><\/p>\n<div class=\"page-links\"><strong style=\"color: #000080; font-size: 0.95em;\">4. Projektas ,,Skaitmeninio ugdymo turinio k\u016brimas ir diegimas\u201c<\/strong><\/div>\n<\/div>\n<\/article>\n<p style=\"text-align: justify;\"><span style=\"color: #000080;\"><a href=\"https:\/\/www.slovackio.vilniausr.lm.lt\/wp-content\/uploads\/5555-1.png\" rel=\"lightbox[1513]\"><img loading=\"lazy\" decoding=\"async\" class=\"size-full wp-image-28534 alignleft\" src=\"https:\/\/www.slovackio.vilniausr.lm.lt\/wp-content\/uploads\/5555-1.png\" alt=\"\" width=\"226\" height=\"88\" \/><\/a>Gimnazija 2023 m. kaip Nacionalin\u0117s \u0161vietimo agent\u016bros partneris pagal Jungtin\u0117s veiklos sutart\u012f dalyvauja \u012fgyvendinant 2014\u20132020 met\u0173 Europos S\u0105jungos fond\u0173 investicij\u0173 9 prioriteto \u201eVisuomen\u0117s \u0161vietimas ir \u017emogi\u0161k\u0173j\u0173 i\u0161tekli\u0173 potencialo didinimas\u201c 09.2.1-ESFA-V-726 priemon\u0117s \u201eUgdymo turinio tobulinimas ir nauj\u0173 mokymo organizavimo form\u0173 k\u016brimas ir diegimas\u201c projekt\u0105 ,,Skaitmeninio ugdymo turinio k\u016brimas ir diegimas\u201c (Nr. 09.2.1-ESFA-V-726-03-0001), pagal kur\u012f Europos socialinio fondo ir Lietuvos Respublikos valstyb\u0117s biud\u017eeto l\u0117\u0161omis finansuojamas mokykl\u0173 apr\u016bpinimas vadov\u0117liais pagal atnaujintas bendrojo ugdymo programas.<\/span><\/p>\n<p style=\"text-align: justify;\"><span style=\"color: #000080;\"><strong>Projekto tikslas<\/strong> \u2013 atnaujinti bendrojo ugdymo turin\u012f ir u\u017etikrinti veiksming\u0105 jo diegim\u0105.<\/span><\/p>\n<p style=\"text-align: justify;\"><strong><span style=\"color: #000080;\">U\u017edaviniai:<\/span><\/strong><\/p>\n<ol style=\"text-align: justify;\">\n<li><span style=\"color: #000080;\">Parengti priemones ugdymo turiniui atnaujinti.<\/span><\/li>\n<li><span style=\"color: #000080;\">Teikti steig\u0117jams ir mokykloms pagalb\u0105, reikaling\u0105 s\u0117kmingai \u012fgyvendinti atnaujint\u0105 ugdymo turin\u012f.<\/span><\/li>\n<\/ol>\n<p style=\"text-align: justify;\"><span style=\"color: #000080;\">2023 m. gimnazijai i\u0161 Projekto l\u0117\u0161\u0173 atnaujinto ugdymo turinio vadov\u0117liams \u012fsigyti pagal mokyklos mokini\u0173 skai\u010di\u0173 skirta 5836,38 eur\u0173. Patirtos i\u0161laidos atnaujinto ugdymo turinio vadov\u0117liams, paskelbtiems \u0160vietimo portalo Vadov\u0117li\u0173 duomen\u0173 baz\u0117je, \u012fsigyti apmokamos taikant Europos socialinio fondo agent\u016bros nustatytus fiksuotuosius \u012fkainius (pradiniam ugdymui \u2013 12,77 Eur,\u00a0 pagrindiniam ugdymui \u2013 18,52 Eur, viduriniam ugdymui \u2013 21,80 Eur) bei papildomai pagal \u0160vietimo, mokslo ir sporto ministro 2023 m. spalio 19 d. \u012fsakym\u0105 Nr. V-1379 skiriama visiems mokyklos mokiniams po 15,00 eur\u0173.<\/span><\/p>\n<p style=\"text-align: justify;\"><span style=\"color: #000080;\">Daugiau informacijos apie projekto \u201eSkaitmeninio ugdymo turinio k\u016brimas ir diegimas\u201c \u012fgyvendinim\u0105 galima rasti interneto adresu <a style=\"color: #000080;\" href=\"https:\/\/www.nsa.smm.lt\/projektai\/ugdymo-projektai\/projektas-skaitmeninio-ugdymo-turinio-kurimas-ir-diegimas\/\">https:\/\/www.nsa.smm.lt\/projektai\/ugdymo-projektai\/projektas-skaitmeninio-ugdymo-turinio-kurimas-ir-diegimas\/<\/a><\/span><\/p>\n<p>&nbsp;<\/p>\n<p style=\"text-align: center;\"><span style=\"color: #000080;\"><strong>2023 M. PROJEKTAI<\/strong><\/span><\/p>\n<p><a href=\"https:\/\/www.slovackio.vilniausr.lm.lt\/wp-content\/uploads\/914e8dd7-f2e2-414a-81c3-6db81c85b518-1.jpg\" rel=\"lightbox[1513]\"><img loading=\"lazy\" decoding=\"async\" class=\"wp-image-28605 alignleft\" src=\"https:\/\/www.slovackio.vilniausr.lm.lt\/wp-content\/uploads\/914e8dd7-f2e2-414a-81c3-6db81c85b518-1-236x300.jpg\" alt=\"\" width=\"214\" height=\"272\" srcset=\"https:\/\/www.slovackio.vilniausr.lm.lt\/wp-content\/uploads\/914e8dd7-f2e2-414a-81c3-6db81c85b518-1-236x300.jpg 236w, https:\/\/www.slovackio.vilniausr.lm.lt\/wp-content\/uploads\/914e8dd7-f2e2-414a-81c3-6db81c85b518-1.jpg 585w\" sizes=\"auto, (max-width: 214px) 100vw, 214px\" \/><\/a><a href=\"https:\/\/www.slovackio.vilniausr.lm.lt\/wp-content\/uploads\/5185502a-3041-4b30-a372-aa50ddcd415b-1.jpg\" rel=\"lightbox[1513]\"><img loading=\"lazy\" decoding=\"async\" class=\"wp-image-28610 alignleft\" src=\"https:\/\/www.slovackio.vilniausr.lm.lt\/wp-content\/uploads\/5185502a-3041-4b30-a372-aa50ddcd415b-1-236x300.jpg\" alt=\"\" width=\"208\" height=\"264\" srcset=\"https:\/\/www.slovackio.vilniausr.lm.lt\/wp-content\/uploads\/5185502a-3041-4b30-a372-aa50ddcd415b-1-236x300.jpg 236w, https:\/\/www.slovackio.vilniausr.lm.lt\/wp-content\/uploads\/5185502a-3041-4b30-a372-aa50ddcd415b-1.jpg 592w\" sizes=\"auto, (max-width: 208px) 100vw, 208px\" \/><\/a><a href=\"https:\/\/www.slovackio.vilniausr.lm.lt\/wp-content\/uploads\/Picture1-1.png\" rel=\"lightbox[1513]\"><img loading=\"lazy\" decoding=\"async\" class=\"wp-image-29261 alignnone\" src=\"https:\/\/www.slovackio.vilniausr.lm.lt\/wp-content\/uploads\/Picture1-1-231x300.png\" alt=\"\" width=\"206\" height=\"268\" srcset=\"https:\/\/www.slovackio.vilniausr.lm.lt\/wp-content\/uploads\/Picture1-1-231x300.png 231w, https:\/\/www.slovackio.vilniausr.lm.lt\/wp-content\/uploads\/Picture1-1.png 581w\" sizes=\"auto, (max-width: 206px) 100vw, 206px\" \/><\/a><\/p>\n<p>&nbsp;<\/p>\n<p><a href=\"https:\/\/www.slovackio.vilniausr.lm.lt\/wp-content\/uploads\/unnamed-3-scaled.jpg\" rel=\"lightbox[1513]\"><img loading=\"lazy\" decoding=\"async\" class=\"size-thumbnail wp-image-29499 alignleft\" src=\"https:\/\/www.slovackio.vilniausr.lm.lt\/wp-content\/uploads\/unnamed-3-150x150.jpg\" sizes=\"auto, (max-width: 150px) 100vw, 150px\" srcset=\"https:\/\/www.slovackio.vilniausr.lm.lt\/wp-content\/uploads\/unnamed-3-150x150.jpg 150w, https:\/\/www.slovackio.vilniausr.lm.lt\/wp-content\/uploads\/unnamed-3-90x90.jpg 90w, https:\/\/www.slovackio.vilniausr.lm.lt\/wp-content\/uploads\/unnamed-3-75x75.jpg 75w\" alt=\"\" width=\"150\" height=\"150\" \/><\/a><a href=\"https:\/\/www.slovackio.vilniausr.lm.lt\/wp-content\/uploads\/unnamed-2-scaled.jpg\" rel=\"lightbox[1513]\"><img loading=\"lazy\" decoding=\"async\" class=\"size-thumbnail wp-image-29498 alignleft\" src=\"https:\/\/www.slovackio.vilniausr.lm.lt\/wp-content\/uploads\/unnamed-2-150x150.jpg\" sizes=\"auto, (max-width: 150px) 100vw, 150px\" srcset=\"https:\/\/www.slovackio.vilniausr.lm.lt\/wp-content\/uploads\/unnamed-2-150x150.jpg 150w, https:\/\/www.slovackio.vilniausr.lm.lt\/wp-content\/uploads\/unnamed-2-90x90.jpg 90w, https:\/\/www.slovackio.vilniausr.lm.lt\/wp-content\/uploads\/unnamed-2-75x75.jpg 75w\" alt=\"\" width=\"150\" height=\"150\" \/><\/a><a href=\"https:\/\/www.slovackio.vilniausr.lm.lt\/wp-content\/uploads\/unnamed-1-scaled-e1710746067911.jpg\" rel=\"lightbox[1513]\"><img loading=\"lazy\" decoding=\"async\" class=\"size-thumbnail wp-image-29497 alignleft\" src=\"https:\/\/www.slovackio.vilniausr.lm.lt\/wp-content\/uploads\/unnamed-1-scaled-e1710746067911-150x150.jpg\" sizes=\"auto, (max-width: 150px) 100vw, 150px\" srcset=\"https:\/\/www.slovackio.vilniausr.lm.lt\/wp-content\/uploads\/unnamed-1-scaled-e1710746067911-150x150.jpg 150w, https:\/\/www.slovackio.vilniausr.lm.lt\/wp-content\/uploads\/unnamed-1-scaled-e1710746067911-90x90.jpg 90w, https:\/\/www.slovackio.vilniausr.lm.lt\/wp-content\/uploads\/unnamed-1-scaled-e1710746067911-75x75.jpg 75w\" alt=\"\" width=\"150\" height=\"150\" \/><\/a><a href=\"https:\/\/www.slovackio.vilniausr.lm.lt\/wp-content\/uploads\/IMG_2553-scaled.jpeg\" rel=\"lightbox[1513]\"><img loading=\"lazy\" decoding=\"async\" class=\"size-thumbnail wp-image-29496 alignleft\" src=\"https:\/\/www.slovackio.vilniausr.lm.lt\/wp-content\/uploads\/IMG_2553-150x150.jpeg\" sizes=\"auto, (max-width: 150px) 100vw, 150px\" srcset=\"https:\/\/www.slovackio.vilniausr.lm.lt\/wp-content\/uploads\/IMG_2553-150x150.jpeg 150w, https:\/\/www.slovackio.vilniausr.lm.lt\/wp-content\/uploads\/IMG_2553-90x90.jpeg 90w, https:\/\/www.slovackio.vilniausr.lm.lt\/wp-content\/uploads\/IMG_2553-75x75.jpeg 75w\" alt=\"\" width=\"150\" height=\"150\" \/><\/a><a href=\"https:\/\/www.slovackio.vilniausr.lm.lt\/wp-content\/uploads\/663d1080-7c7d-4043-b831-a8e143e2b9db.jpg\" rel=\"lightbox[1513]\"><img loading=\"lazy\" decoding=\"async\" class=\"size-thumbnail wp-image-29495 alignleft\" src=\"https:\/\/www.slovackio.vilniausr.lm.lt\/wp-content\/uploads\/663d1080-7c7d-4043-b831-a8e143e2b9db-150x150.jpg\" sizes=\"auto, (max-width: 150px) 100vw, 150px\" srcset=\"https:\/\/www.slovackio.vilniausr.lm.lt\/wp-content\/uploads\/663d1080-7c7d-4043-b831-a8e143e2b9db-150x150.jpg 150w, https:\/\/www.slovackio.vilniausr.lm.lt\/wp-content\/uploads\/663d1080-7c7d-4043-b831-a8e143e2b9db-90x90.jpg 90w, https:\/\/www.slovackio.vilniausr.lm.lt\/wp-content\/uploads\/663d1080-7c7d-4043-b831-a8e143e2b9db-75x75.jpg 75w\" alt=\"\" width=\"150\" height=\"150\" \/><\/a><a href=\"https:\/\/www.slovackio.vilniausr.lm.lt\/wp-content\/uploads\/87de43b1-9d01-4be1-8a96-3d8d9254969a.jpg\" rel=\"lightbox[1513]\"><img loading=\"lazy\" decoding=\"async\" class=\"size-thumbnail wp-image-29494 alignleft\" src=\"https:\/\/www.slovackio.vilniausr.lm.lt\/wp-content\/uploads\/87de43b1-9d01-4be1-8a96-3d8d9254969a-150x150.jpg\" sizes=\"auto, (max-width: 150px) 100vw, 150px\" srcset=\"https:\/\/www.slovackio.vilniausr.lm.lt\/wp-content\/uploads\/87de43b1-9d01-4be1-8a96-3d8d9254969a-150x150.jpg 150w, https:\/\/www.slovackio.vilniausr.lm.lt\/wp-content\/uploads\/87de43b1-9d01-4be1-8a96-3d8d9254969a-90x90.jpg 90w, https:\/\/www.slovackio.vilniausr.lm.lt\/wp-content\/uploads\/87de43b1-9d01-4be1-8a96-3d8d9254969a-75x75.jpg 75w\" alt=\"\" width=\"150\" height=\"150\" \/><\/a><a href=\"https:\/\/www.slovackio.vilniausr.lm.lt\/wp-content\/uploads\/34b0e608-3e58-4ac4-b488-358696ff686c.jpg\" rel=\"lightbox[1513]\"><img loading=\"lazy\" decoding=\"async\" class=\"size-thumbnail wp-image-29493 alignleft\" src=\"https:\/\/www.slovackio.vilniausr.lm.lt\/wp-content\/uploads\/34b0e608-3e58-4ac4-b488-358696ff686c-150x150.jpg\" sizes=\"auto, (max-width: 150px) 100vw, 150px\" srcset=\"https:\/\/www.slovackio.vilniausr.lm.lt\/wp-content\/uploads\/34b0e608-3e58-4ac4-b488-358696ff686c-150x150.jpg 150w, https:\/\/www.slovackio.vilniausr.lm.lt\/wp-content\/uploads\/34b0e608-3e58-4ac4-b488-358696ff686c-90x90.jpg 90w, https:\/\/www.slovackio.vilniausr.lm.lt\/wp-content\/uploads\/34b0e608-3e58-4ac4-b488-358696ff686c-75x75.jpg 75w\" alt=\"\" width=\"150\" height=\"150\" \/><\/a><a href=\"https:\/\/www.slovackio.vilniausr.lm.lt\/wp-content\/uploads\/02e83f77-0ec2-47a1-bbf8-e209c9ed34ed.jpg\" rel=\"lightbox[1513]\"><img loading=\"lazy\" decoding=\"async\" class=\"size-thumbnail wp-image-29492 alignleft\" src=\"https:\/\/www.slovackio.vilniausr.lm.lt\/wp-content\/uploads\/02e83f77-0ec2-47a1-bbf8-e209c9ed34ed-150x150.jpg\" sizes=\"auto, (max-width: 150px) 100vw, 150px\" srcset=\"https:\/\/www.slovackio.vilniausr.lm.lt\/wp-content\/uploads\/02e83f77-0ec2-47a1-bbf8-e209c9ed34ed-150x150.jpg 150w, https:\/\/www.slovackio.vilniausr.lm.lt\/wp-content\/uploads\/02e83f77-0ec2-47a1-bbf8-e209c9ed34ed-90x90.jpg 90w, https:\/\/www.slovackio.vilniausr.lm.lt\/wp-content\/uploads\/02e83f77-0ec2-47a1-bbf8-e209c9ed34ed-75x75.jpg 75w\" alt=\"\" width=\"150\" height=\"150\" \/><\/a><a href=\"https:\/\/www.slovackio.vilniausr.lm.lt\/wp-content\/uploads\/IMG_2545-scaled.jpeg\" rel=\"lightbox[1513]\"><img loading=\"lazy\" decoding=\"async\" class=\"size-thumbnail wp-image-29506 alignleft\" src=\"https:\/\/www.slovackio.vilniausr.lm.lt\/wp-content\/uploads\/IMG_2545-150x150.jpeg\" sizes=\"auto, (max-width: 150px) 100vw, 150px\" srcset=\"https:\/\/www.slovackio.vilniausr.lm.lt\/wp-content\/uploads\/IMG_2545-150x150.jpeg 150w, https:\/\/www.slovackio.vilniausr.lm.lt\/wp-content\/uploads\/IMG_2545-90x90.jpeg 90w, https:\/\/www.slovackio.vilniausr.lm.lt\/wp-content\/uploads\/IMG_2545-75x75.jpeg 75w\" alt=\"\" width=\"150\" height=\"150\" \/><\/a><a href=\"https:\/\/www.slovackio.vilniausr.lm.lt\/wp-content\/uploads\/IMG_2543-scaled.jpeg\" rel=\"lightbox[1513]\"><img loading=\"lazy\" decoding=\"async\" class=\"size-thumbnail wp-image-29505 alignleft\" src=\"https:\/\/www.slovackio.vilniausr.lm.lt\/wp-content\/uploads\/IMG_2543-150x150.jpeg\" sizes=\"auto, (max-width: 150px) 100vw, 150px\" srcset=\"https:\/\/www.slovackio.vilniausr.lm.lt\/wp-content\/uploads\/IMG_2543-150x150.jpeg 150w, https:\/\/www.slovackio.vilniausr.lm.lt\/wp-content\/uploads\/IMG_2543-90x90.jpeg 90w, https:\/\/www.slovackio.vilniausr.lm.lt\/wp-content\/uploads\/IMG_2543-75x75.jpeg 75w\" alt=\"\" width=\"150\" height=\"150\" \/><\/a><\/p>\n<p><a href=\"https:\/\/www.slovackio.vilniausr.lm.lt\/wp-content\/uploads\/20240117_113523-scaled.jpg\" rel=\"lightbox[1513]\"><img loading=\"lazy\" decoding=\"async\" class=\"size-thumbnail wp-image-29500 alignleft\" src=\"https:\/\/www.slovackio.vilniausr.lm.lt\/wp-content\/uploads\/20240117_113523-150x150.jpg\" sizes=\"auto, (max-width: 150px) 100vw, 150px\" srcset=\"https:\/\/www.slovackio.vilniausr.lm.lt\/wp-content\/uploads\/20240117_113523-150x150.jpg 150w, https:\/\/www.slovackio.vilniausr.lm.lt\/wp-content\/uploads\/20240117_113523-90x90.jpg 90w, https:\/\/www.slovackio.vilniausr.lm.lt\/wp-content\/uploads\/20240117_113523-75x75.jpg 75w\" alt=\"\" width=\"150\" height=\"150\" \/><\/a><a href=\"https:\/\/www.slovackio.vilniausr.lm.lt\/wp-content\/uploads\/IMG_20240318_113432-scaled.jpg\" rel=\"lightbox[1513]\"><img loading=\"lazy\" decoding=\"async\" class=\"size-thumbnail wp-image-29521 alignleft\" src=\"https:\/\/www.slovackio.vilniausr.lm.lt\/wp-content\/uploads\/IMG_20240318_113432-150x150.jpg\" alt=\"\" width=\"150\" height=\"150\" srcset=\"https:\/\/www.slovackio.vilniausr.lm.lt\/wp-content\/uploads\/IMG_20240318_113432-150x150.jpg 150w, https:\/\/www.slovackio.vilniausr.lm.lt\/wp-content\/uploads\/IMG_20240318_113432-90x90.jpg 90w, https:\/\/www.slovackio.vilniausr.lm.lt\/wp-content\/uploads\/IMG_20240318_113432-75x75.jpg 75w\" sizes=\"auto, (max-width: 150px) 100vw, 150px\" \/><\/a> <a href=\"https:\/\/www.slovackio.vilniausr.lm.lt\/wp-content\/uploads\/IMG_20240318_110733-1-scaled.jpg\" rel=\"lightbox[1513]\"><img loading=\"lazy\" decoding=\"async\" class=\"size-thumbnail wp-image-29520 alignleft\" src=\"https:\/\/www.slovackio.vilniausr.lm.lt\/wp-content\/uploads\/IMG_20240318_110733-1-150x150.jpg\" alt=\"\" width=\"150\" height=\"150\" srcset=\"https:\/\/www.slovackio.vilniausr.lm.lt\/wp-content\/uploads\/IMG_20240318_110733-1-150x150.jpg 150w, https:\/\/www.slovackio.vilniausr.lm.lt\/wp-content\/uploads\/IMG_20240318_110733-1-90x90.jpg 90w, https:\/\/www.slovackio.vilniausr.lm.lt\/wp-content\/uploads\/IMG_20240318_110733-1-75x75.jpg 75w\" sizes=\"auto, (max-width: 150px) 100vw, 150px\" \/><\/a> <a href=\"https:\/\/www.slovackio.vilniausr.lm.lt\/wp-content\/uploads\/IMG_20240318_105357-scaled.jpg\" rel=\"lightbox[1513]\"><img loading=\"lazy\" decoding=\"async\" class=\"size-thumbnail wp-image-29519 alignleft\" src=\"https:\/\/www.slovackio.vilniausr.lm.lt\/wp-content\/uploads\/IMG_20240318_105357-150x150.jpg\" alt=\"\" width=\"150\" height=\"150\" srcset=\"https:\/\/www.slovackio.vilniausr.lm.lt\/wp-content\/uploads\/IMG_20240318_105357-150x150.jpg 150w, https:\/\/www.slovackio.vilniausr.lm.lt\/wp-content\/uploads\/IMG_20240318_105357-90x90.jpg 90w, https:\/\/www.slovackio.vilniausr.lm.lt\/wp-content\/uploads\/IMG_20240318_105357-75x75.jpg 75w\" sizes=\"auto, (max-width: 150px) 100vw, 150px\" \/><\/a> <a href=\"https:\/\/www.slovackio.vilniausr.lm.lt\/wp-content\/uploads\/IMG_20240318_105237-scaled.jpg\" rel=\"lightbox[1513]\"><img loading=\"lazy\" decoding=\"async\" class=\"size-thumbnail wp-image-29518 alignleft\" src=\"https:\/\/www.slovackio.vilniausr.lm.lt\/wp-content\/uploads\/IMG_20240318_105237-150x150.jpg\" alt=\"\" width=\"150\" height=\"150\" srcset=\"https:\/\/www.slovackio.vilniausr.lm.lt\/wp-content\/uploads\/IMG_20240318_105237-150x150.jpg 150w, https:\/\/www.slovackio.vilniausr.lm.lt\/wp-content\/uploads\/IMG_20240318_105237-90x90.jpg 90w, https:\/\/www.slovackio.vilniausr.lm.lt\/wp-content\/uploads\/IMG_20240318_105237-75x75.jpg 75w\" sizes=\"auto, (max-width: 150px) 100vw, 150px\" \/><\/a> <a href=\"https:\/\/www.slovackio.vilniausr.lm.lt\/wp-content\/uploads\/IMG_20240318_105156-scaled.jpg\" rel=\"lightbox[1513]\"><img loading=\"lazy\" decoding=\"async\" class=\"size-thumbnail wp-image-29517 alignleft\" src=\"https:\/\/www.slovackio.vilniausr.lm.lt\/wp-content\/uploads\/IMG_20240318_105156-150x150.jpg\" alt=\"\" width=\"150\" height=\"150\" srcset=\"https:\/\/www.slovackio.vilniausr.lm.lt\/wp-content\/uploads\/IMG_20240318_105156-150x150.jpg 150w, https:\/\/www.slovackio.vilniausr.lm.lt\/wp-content\/uploads\/IMG_20240318_105156-90x90.jpg 90w, https:\/\/www.slovackio.vilniausr.lm.lt\/wp-content\/uploads\/IMG_20240318_105156-75x75.jpg 75w\" sizes=\"auto, (max-width: 150px) 100vw, 150px\" \/><\/a> <a href=\"https:\/\/www.slovackio.vilniausr.lm.lt\/wp-content\/uploads\/IMG_20240318_094330-scaled.jpg\" rel=\"lightbox[1513]\"><img loading=\"lazy\" decoding=\"async\" class=\"size-thumbnail wp-image-29516 alignleft\" src=\"https:\/\/www.slovackio.vilniausr.lm.lt\/wp-content\/uploads\/IMG_20240318_094330-150x150.jpg\" alt=\"\" width=\"150\" height=\"150\" srcset=\"https:\/\/www.slovackio.vilniausr.lm.lt\/wp-content\/uploads\/IMG_20240318_094330-150x150.jpg 150w, https:\/\/www.slovackio.vilniausr.lm.lt\/wp-content\/uploads\/IMG_20240318_094330-90x90.jpg 90w, https:\/\/www.slovackio.vilniausr.lm.lt\/wp-content\/uploads\/IMG_20240318_094330-75x75.jpg 75w\" sizes=\"auto, (max-width: 150px) 100vw, 150px\" \/><\/a> <a href=\"https:\/\/www.slovackio.vilniausr.lm.lt\/wp-content\/uploads\/IMG_20240318_093943-scaled.jpg\" rel=\"lightbox[1513]\"><img loading=\"lazy\" decoding=\"async\" class=\"size-thumbnail wp-image-29515 alignleft\" src=\"https:\/\/www.slovackio.vilniausr.lm.lt\/wp-content\/uploads\/IMG_20240318_093943-150x150.jpg\" alt=\"\" width=\"150\" height=\"150\" srcset=\"https:\/\/www.slovackio.vilniausr.lm.lt\/wp-content\/uploads\/IMG_20240318_093943-150x150.jpg 150w, https:\/\/www.slovackio.vilniausr.lm.lt\/wp-content\/uploads\/IMG_20240318_093943-90x90.jpg 90w, https:\/\/www.slovackio.vilniausr.lm.lt\/wp-content\/uploads\/IMG_20240318_093943-75x75.jpg 75w\" sizes=\"auto, (max-width: 150px) 100vw, 150px\" \/><\/a><a href=\"https:\/\/www.slovackio.vilniausr.lm.lt\/wp-content\/uploads\/20240318_091753-scaled.jpg\" rel=\"lightbox[1513]\"><img loading=\"lazy\" decoding=\"async\" class=\"size-thumbnail wp-image-29503 alignleft\" src=\"https:\/\/www.slovackio.vilniausr.lm.lt\/wp-content\/uploads\/20240318_091753-150x150.jpg\" alt=\"\" width=\"150\" height=\"150\" srcset=\"https:\/\/www.slovackio.vilniausr.lm.lt\/wp-content\/uploads\/20240318_091753-150x150.jpg 150w, https:\/\/www.slovackio.vilniausr.lm.lt\/wp-content\/uploads\/20240318_091753-90x90.jpg 90w, https:\/\/www.slovackio.vilniausr.lm.lt\/wp-content\/uploads\/20240318_091753-75x75.jpg 75w\" sizes=\"auto, (max-width: 150px) 100vw, 150px\" \/><\/a> <a href=\"https:\/\/www.slovackio.vilniausr.lm.lt\/wp-content\/uploads\/20240318_091345-scaled.jpg\" rel=\"lightbox[1513]\"><img loading=\"lazy\" decoding=\"async\" class=\"size-thumbnail wp-image-29502 alignleft\" src=\"https:\/\/www.slovackio.vilniausr.lm.lt\/wp-content\/uploads\/20240318_091345-150x150.jpg\" alt=\"\" width=\"150\" height=\"150\" srcset=\"https:\/\/www.slovackio.vilniausr.lm.lt\/wp-content\/uploads\/20240318_091345-150x150.jpg 150w, https:\/\/www.slovackio.vilniausr.lm.lt\/wp-content\/uploads\/20240318_091345-90x90.jpg 90w, https:\/\/www.slovackio.vilniausr.lm.lt\/wp-content\/uploads\/20240318_091345-75x75.jpg 75w\" sizes=\"auto, (max-width: 150px) 100vw, 150px\" \/><\/a><\/p>\n<p>&nbsp;<\/p>\n<p>&nbsp;<\/p>\n<p>&nbsp;<\/p>\n<p>&nbsp;<\/p>\n<p>&nbsp;<\/p>\n<p>&nbsp;<\/p>\n<p>&nbsp;<\/p>\n<p>&nbsp;<\/p>\n<p>&nbsp;<\/p>\n<p>&nbsp;<\/p>\n<p>&nbsp;<\/p>\n<p>&nbsp;<\/p>\n<p>&nbsp;<\/p>\n<p>&nbsp;<\/p>\n<p>&nbsp;<\/p>\n<p>&nbsp;<\/p>\n<p>&nbsp;<\/p>\n<p>&nbsp;<\/p>\n<p>&nbsp;<\/p>\n<p>&nbsp;<\/p>\n<p>&nbsp;<\/p>\n<p>&nbsp;<\/p>\n<p>&nbsp;<\/p>\n<p>&nbsp;<\/p>\n<p>&nbsp;<\/p>\n<p>&nbsp;<\/p>\n<p>&nbsp;<\/p>\n<p>&nbsp;<\/p>\n<p>&nbsp;<\/p>\n<p>&nbsp;<\/p>\n<p>&nbsp;<\/p>\n<p>&nbsp;<\/p>\n<p>&nbsp;<\/p>\n<p>&nbsp;<\/p>\n<p>&nbsp;<\/p>\n<p>&nbsp;<\/p>\n<p><span style=\"color: #000080;\"><strong>Projektas \u201eInnowacyjne wsparcie informacyjno-dydaktyczne <\/strong><\/span><span style=\"color: #000080;\"><strong>szk\u00f3\u0142 polskich na Litwie w nauczaniu i promocji j\u0119zyka polskiego&#8221;.<\/strong> Projekto vert\u0117 9867,55 eur\u0173 \u2013 koordinator\u0117 R. Dubicka<\/span><\/p>\n<p><a href=\"https:\/\/www.slovackio.vilniausr.lm.lt\/wp-content\/uploads\/grafika-dofinansowano-1-1.jpeg\" rel=\"lightbox[1513]\"><img loading=\"lazy\" decoding=\"async\" class=\"size-thumbnail wp-image-28509 alignnone\" src=\"https:\/\/www.slovackio.vilniausr.lm.lt\/wp-content\/uploads\/grafika-dofinansowano-1-1-150x150.jpeg\" alt=\"\" width=\"150\" height=\"150\" srcset=\"https:\/\/www.slovackio.vilniausr.lm.lt\/wp-content\/uploads\/grafika-dofinansowano-1-1-150x150.jpeg 150w, https:\/\/www.slovackio.vilniausr.lm.lt\/wp-content\/uploads\/grafika-dofinansowano-1-1-90x90.jpeg 90w, https:\/\/www.slovackio.vilniausr.lm.lt\/wp-content\/uploads\/grafika-dofinansowano-1-1-75x75.jpeg 75w\" sizes=\"auto, (max-width: 150px) 100vw, 150px\" \/><\/a><\/p>\n<p><span style=\"color: #000080;\"><strong><u>Kiti 2023-2024 m. m. vykdomi projektai:<\/u><\/strong><\/span><\/p>\n<ol>\n<li><span style=\"color: #000080;\">Projektas <strong>\u201e\u015aladami Miko\u0142aja Kopernika\u201c<\/strong> \u2013 koordinator\u0117 E. Klimaszewska;<\/span><\/li>\n<li><span style=\"color: #000080;\">Projektas<strong> \u201eNic dwa razy si\u0119 nie zdarza i nie zdarzy&#8221;<\/strong><span style=\"font-size: 0.95em;\"> \u2013 koordinator\u0117 E. Klimaszewska;<\/span><\/span><\/li>\n<li><span style=\"color: #000080;\">Projektas skirtas <strong>Lenkijos Nepriklausomyb\u0117s metin\u0117ms<\/strong> pamin\u0117ti<span style=\"font-size: 0.95em;\"> \u2013 koordinator\u0117 L. L<\/span>aty\u0161evi\u010d;<\/span><\/li>\n<li><span style=\"color: #000080;\">Projektas <strong>\u201eRealizacja Bonu Pierwszaka przeznaczonego dla uczni\u00f3w klas pierwszych z polskich szk\u00f3\u0142 na Litwie\u201d<\/strong> &#8211; koordinator\u0117 I. \u0160imak;<\/span><\/li>\n<li><span style=\"color: #000080;\">Projektas<strong> \u201eSaugios aplinkos k\u016brimas\u201d <\/strong>\u2013 koordinator\u0117 R. Dubicka;<\/span><\/li>\n<li><span style=\"color: #000080;\">Projektas<\/span> <strong style=\"font-size: 0.95em;\"><span style=\"color: #000080;\"><a style=\"color: #000080;\" href=\"https:\/\/www.slovackio.vilniausr.lm.lt\/?p=28328\" rel=\"bookmark\"><strong>\u201e<\/strong>2023-ieji \u2013 Jano Matejko metai &#8211;\u00a0<\/a><\/span><\/strong><span style=\"color: #000080;\"><a style=\"color: #000080;\" href=\"https:\/\/www.slovackio.vilniausr.lm.lt\/?p=28328\" rel=\"bookmark\">koordinator\u0117 M. Naumova;<\/a><\/span><\/li>\n<li><span style=\"color: #000080;\">Projektas\u00a0 <strong>\u201eWsparcie bie\u017c\u0105cej dzia\u0142alno\u015bci 21 szk\u00f3\u0142 z polskim j\u0119zykiem nauczania na Litwie, w kt\u00f3rych liczba uczni\u00f3w mie\u015bci si\u0119 w przedziale 101-j 200 os\u00f3b&#8221; <\/strong>\u2013 koordinator\u0117 M. Naumova;<\/span><\/li>\n<li><span style=\"color: #000080;\">Projektas <strong>\u201eWsparcie bie\u017c\u0105cej dzia\u0142alno\u015bci 70 przedszkoli i grup przedszkolnych z polskim j\u0119zykiem nauczania na Litwie, w kt\u00f3rych liczba dzieci nie przekracza 50 os\u00f3b&#8221;<\/strong> &#8211; koordinator\u0117 M. Naumova;\u00a0<\/span><\/li>\n<li><span style=\"color: #000080;\">Projektas <strong>\u201eWsparcie bie\u017c\u0105cej dzia\u0142alno\u015bci 20 przedszkoli i grup przedszkolnych z polskim j\u0119zykiem nauczania na Litwie, w kt\u00f3rych liczba dzieci mie\u015bci si\u0119 w przedziale 51-100 os\u00f3b&#8221;<\/strong> &#8211; koordinator\u0117 A. Gricevi\u010d;<\/span><\/li>\n<li><span style=\"color: #000080;\">Projektas<strong> \u201ePatrono diena gimnazijoje\u201c <\/strong>&#8211; koordinator\u0117 V. Voini\u010d.<\/span><\/li>\n<\/ol>\n<p><\/p>","protected":false},"excerpt":{"rendered":"<p>2025 m. projektai 1. Skaitmeninio ugdymo turinio k\u016brimas ir diegimas. 2. Vasaros poilsio stovykla. 3. Dalyvaujamasis biud\u017eetas. 4. Vasaros poilsio stovykla \u201eWakacyjna podr\u00f3\u017c z j\u0119zykiem ojczystym\u201d. 5. Vasaros poilsio stovykla \u201eWakacje z podr\u00f3\u017c\u0105&#8221;. 6. Tydzie\u0144 J\u0119zyka Polskiego i Literatury. 7. Obchody Dnia Flagi i \u015awi\u0119ta Konstytucji 3 Maja 2025. 8. Bon Ucznia. 9. Ksi\u0105\u017cka do biblioteki. 10. Praktinio verslumo ugdymo<\/p>\n","protected":false},"author":1,"featured_media":0,"parent":108,"menu_order":10,"comment_status":"closed","ping_status":"closed","template":"","meta":{"footnotes":""},"class_list":["post-1513","page","type-page","status-publish","hentry"],"jetpack_sharing_enabled":true,"_links":{"self":[{"href":"https:\/\/www.slovackio.vilniausr.lm.lt\/index.php?rest_route=\/wp\/v2\/pages\/1513","targetHints":{"allow":["GET"]}}],"collection":[{"href":"https:\/\/www.slovackio.vilniausr.lm.lt\/index.php?rest_route=\/wp\/v2\/pages"}],"about":[{"href":"https:\/\/www.slovackio.vilniausr.lm.lt\/index.php?rest_route=\/wp\/v2\/types\/page"}],"author":[{"embeddable":true,"href":"https:\/\/www.slovackio.vilniausr.lm.lt\/index.php?rest_route=\/wp\/v2\/users\/1"}],"replies":[{"embeddable":true,"href":"https:\/\/www.slovackio.vilniausr.lm.lt\/index.php?rest_route=%2Fwp%2Fv2%2Fcomments&post=1513"}],"version-history":[{"count":141,"href":"https:\/\/www.slovackio.vilniausr.lm.lt\/index.php?rest_route=\/wp\/v2\/pages\/1513\/revisions"}],"predecessor-version":[{"id":34585,"href":"https:\/\/www.slovackio.vilniausr.lm.lt\/index.php?rest_route=\/wp\/v2\/pages\/1513\/revisions\/34585"}],"up":[{"embeddable":true,"href":"https:\/\/www.slovackio.vilniausr.lm.lt\/index.php?rest_route=\/wp\/v2\/pages\/108"}],"wp:attachment":[{"href":"https:\/\/www.slovackio.vilniausr.lm.lt\/index.php?rest_route=%2Fwp%2Fv2%2Fmedia&parent=1513"}],"curies":[{"name":"wp","href":"https:\/\/api.w.org\/{rel}","templated":true}]}}