{"id":14754,"date":"2018-01-17T21:19:52","date_gmt":"2018-01-17T19:19:52","guid":{"rendered":"http:\/\/www.slovackio.vilniausr.lm.lt\/?page_id=14754"},"modified":"2024-08-01T14:04:28","modified_gmt":"2024-08-01T12:04:28","slug":"mokiniu-maitinimas","status":"publish","type":"page","link":"https:\/\/www.slovackio.vilniausr.lm.lt\/?page_id=14754","title":{"rendered":"Mokini\u0173 maitinimas"},"content":{"rendered":"<p><span style=\"color: #000080;\"><strong><a style=\"color: #000080;\" href=\"https:\/\/www.slovackio.vilniausr.lm.lt\/wp-content\/uploads\/Maitinimo-tvarkos-aprasas_2019.docx\">Gimnazijos maitinimo organizavimo tvarkos apra\u0161as<\/a><\/strong><\/span><\/p>\n<p><span style=\"color: #000080;\"><strong><a style=\"color: #000080;\" href=\"https:\/\/www.slovackio.vilniausr.lm.lt\/wp-content\/uploads\/kasos-knygos-taisykles.docx\">Kasos knygos pildymo tvarkos taisykl\u0117s<\/a><\/strong><\/span><\/p>\n<p><strong>Mokini\u0173 maitinimas<\/strong><\/p>\n<p>Lucija Barkovi\u010d, Liudmila Bu\u017einskien\u0117 \u2013 vir\u0117jos<\/p>\n<p>Darbo laikas: pirmadienis \u2013 penktadienis 9.00 \u2013 15.30 \u2013 gimnazijos valgykloje<\/p>\n<p><span style=\"color: #000080;\"><strong>Valgiara\u0161\u010diai:<\/strong><\/span><\/p>\n<p><strong><span style=\"color: #000080;\"><a style=\"color: #000080;\" href=\"https:\/\/www.slovackio.vilniausr.lm.lt\/wp-content\/uploads\/pazyma1.pdf\">6-10 met\u0173 vaik\u0173 am\u017eiaus grup\u0117s valgiara\u0161\u010dio vertinimo pa\u017eyma<\/a><\/span><\/strong><\/p>\n<p><strong><span style=\"color: #000080;\"><a style=\"color: #000080;\" href=\"https:\/\/www.slovackio.vilniausr.lm.lt\/wp-content\/uploads\/Valgiara\u0161tis-6-10-m.pdf\">6-10 met\u0173 am\u017eiaus grup\u0117s valgiara\u0161tis<\/a><\/span><\/strong><\/p>\n<p><strong><span style=\"color: #000080;\"><a style=\"color: #000080;\" href=\"https:\/\/www.slovackio.vilniausr.lm.lt\/wp-content\/uploads\/pazyma.pdf\">11 ir vyresni\u0173 met\u0173 vaik\u0173 am\u017eiaus grup\u0117s valgiara\u0161\u010dio vertinimo pa\u017eyma<\/a><\/span><\/strong><\/p>\n<p><strong><span style=\"color: #000080;\"><a style=\"color: #000080;\" href=\"https:\/\/www.slovackio.vilniausr.lm.lt\/wp-content\/uploads\/Valgiara\u0161tis-11-m.pdf\">11 ir vyresni\u0173 met\u0173 vaik\u0173 am\u017eiaus grup\u0117s valgiara\u0161tis<\/a><\/span><\/strong><\/p>\n<p>&nbsp;<\/p>\n<p style=\"text-align: center;\" align=\"justify\"><b><span style=\"color: #000000;\"><span style=\"font-family: times new roman, times;\"><span style=\"font-size: medium;\">\u00a0VALGYMO VALGYKLOJE GRAFIKAS<\/span><\/span><\/span><\/b><\/p>\n<table width=\"574\" cellspacing=\"0\" cellpadding=\"4\">\n<tbody>\n<tr>\n<td width=\"59\">\n<p align=\"center\"><span style=\"font-size: medium;\"><strong>Pamoka <\/strong><\/span><\/p>\n<\/td>\n<td width=\"192\">\n<p align=\"center\"><span style=\"font-size: medium;\"><strong>Pamokos l<\/strong><\/span><span style=\"font-size: medium;\"><strong>aikas<\/strong><\/span><\/p>\n<\/td>\n<td width=\"297\">\n<p align=\"center\"><span style=\"font-size: medium;\"><strong>Valgymo <\/strong><\/span><span style=\"font-size: medium;\"><strong>valgykloje <\/strong><\/span><span style=\"font-size: medium;\"><strong>laikas<\/strong><\/span><\/p>\n<\/td>\n<\/tr>\n<tr>\n<td width=\"59\">\n<p align=\"left\"><span style=\"font-size: medium;\">1.<\/span><\/p>\n<\/td>\n<td width=\"192\">\n<p align=\"left\"><span style=\"font-size: medium;\">8:00-8:45<\/span><\/p>\n<p align=\"left\"><span style=\"font-size: medium;\">8:00-8:35 \u2013 1 klas\u0117<\/span><\/p>\n<\/td>\n<td width=\"297\">\n<p align=\"center\"><span style=\"font-size: medium;\">&#8211;<\/span><\/p>\n<\/td>\n<\/tr>\n<tr>\n<td width=\"59\">\n<p align=\"left\"><span style=\"font-size: medium;\">2.<\/span><\/p>\n<\/td>\n<td width=\"192\">\n<p align=\"left\"><span style=\"font-size: medium;\">8:50-9:35<\/span><\/p>\n<p align=\"left\"><span style=\"font-size: medium;\">8:50- 9:25 \u2013 1 klas\u0117<\/span><\/p>\n<\/td>\n<td width=\"297\">\n<p align=\"left\"><span style=\"font-size: medium;\">9.00 \u2013 prie\u0161mokyklin\u0117 grup\u0117 pusry\u010diauja<\/span><\/p>\n<p align=\"left\"><span style=\"font-size: medium;\">9:25-9:35 &#8211; 1 klas\u0117 valgo sriub\u0105<\/span><\/p>\n<p align=\"left\"><span style=\"font-size: medium;\">9:35-9:40 &#8211; 2-4 klas\u0117s valgo sriub\u0105<\/span><\/p>\n<\/td>\n<\/tr>\n<tr>\n<td width=\"59\">\n<p align=\"left\"><span style=\"font-size: medium;\">3.<\/span><\/p>\n<\/td>\n<td width=\"192\">\n<p align=\"left\"><span style=\"font-size: medium;\">9:40-10:25<\/span><\/p>\n<p align=\"left\"><span style=\"font-size: medium;\">9:40 \u201310:15 &#8211; 1 klas\u0117<\/span><\/p>\n<\/td>\n<td width=\"297\">\n<p align=\"left\"><span style=\"font-size: medium;\">10:15-10:25 \u2013 1 klas\u0117 pietauja<\/span><\/p>\n<p align=\"left\"><span style=\"font-size: medium;\">10:25-10:35 \u2013 5-9 klas\u0117s pietauja<\/span><\/p>\n<p align=\"left\"><span style=\"font-size: medium;\">10:35-10:45 &#8211; 2-4 klas\u0117s pietauja <\/span><\/p>\n<\/td>\n<\/tr>\n<tr>\n<td width=\"59\">\n<p align=\"left\"><span style=\"font-size: medium;\">4.<\/span><\/p>\n<\/td>\n<td width=\"192\">\n<p align=\"left\"><span style=\"font-size: medium;\">10:45-11.30<\/span><\/p>\n<p align=\"left\"><span style=\"font-size: medium;\">10:45 -11:20 \u2013 1 klas\u0117<\/span><\/p>\n<\/td>\n<td width=\"297\">\n<p align=\"left\"><span style=\"font-size: medium;\">11:30-11:45 &#8211; 10 \u2013 12 klas\u0117s pietauja<\/span><\/p>\n<\/td>\n<\/tr>\n<tr>\n<td width=\"59\">\n<p align=\"left\"><span style=\"font-size: medium;\">5.<\/span><\/p>\n<\/td>\n<td width=\"192\">\n<p align=\"left\"><span style=\"font-size: medium;\">11:45 \u201312:30<\/span><\/p>\n<p align=\"left\"><span style=\"font-size: medium;\">11:45-12:20 \u2013 1 klas\u0117<\/span><\/p>\n<\/td>\n<td width=\"297\">\n<p align=\"left\"><span style=\"font-size: medium;\">12:00 &#8211; prie\u0161mokyklin\u0117 grup\u0117 pietauja<\/span><\/p>\n<\/td>\n<\/tr>\n<tr>\n<td width=\"59\">\n<p align=\"left\"><span style=\"font-size: medium;\">6.<\/span><\/p>\n<\/td>\n<td width=\"192\">\n<p align=\"left\"><span style=\"font-size: medium;\">12:35 \u2013 13:20<\/span><\/p>\n<p align=\"left\"><span style=\"font-size: medium;\">12:35-13:10 \u2013 1 klas\u0117<\/span><\/p>\n<\/td>\n<td width=\"297\">\n<p align=\"left\"><span style=\"font-size: medium;\">13:00 \u2013 valgo pailgintos dienos grup\u0117<\/span><\/p>\n<\/td>\n<\/tr>\n<tr>\n<td width=\"59\">\n<p align=\"left\"><span style=\"font-size: medium;\">7.<\/span><\/p>\n<\/td>\n<td width=\"192\">\n<p align=\"left\"><span style=\"font-size: medium;\">13:25-14.10<\/span><\/p>\n<\/td>\n<td width=\"297\">\n<p align=\"center\"><span style=\"font-size: medium;\">&#8211;<\/span><\/p>\n<\/td>\n<\/tr>\n<tr>\n<td width=\"59\">\n<p align=\"left\"><span style=\"font-size: medium;\">8.<\/span><\/p>\n<\/td>\n<td width=\"192\">\n<p align=\"left\"><span style=\"font-size: medium;\">14:15-15:00<\/span><\/p>\n<\/td>\n<td width=\"297\">\n<p align=\"left\"><span style=\"font-size: medium;\">15.30 \u2013 valgo pailgintos dienos grup\u0117 <\/span><\/p>\n<\/td>\n<\/tr>\n<\/tbody>\n<\/table>\n<p><strong style=\"font-size: 0.95em;\"><span style=\"color: #000000;\">Mokam\u0173 piet\u0173 kaina, gimnazijos mokiniams: <\/span><\/strong><span style=\"color: #000000;\"><span style=\"font-family: times new roman, times;\"><span style=\"font-size: large;\">2,50 Euro (<\/span><\/span><\/span><span style=\"color: #000000;\"><span style=\"font-family: inherit, serif;\"><span style=\"font-size: medium;\"><span lang=\"lt-LT\">kompleksiniai piet\u016bs)<\/span><\/span><\/span><\/span><\/p>\n<p align=\"justify\"><span style=\"color: #000000;\"><span style=\"font-family: times new roman, times;\"><span style=\"font-size: large;\">Siekiant pagerinti mokini\u0173 mityb\u0105, ugdyti pieno gamini\u0173 ir vaisi\u0173 vartojimo \u012fpro\u010dius, skatinti j\u0173 vartojim\u0105, 2011 m. mokykla \u012fsitrauk\u0117 \u012f Europos S\u0105jungos bei Lietuvos Respublikos valstyb\u0117s biud\u017eeto l\u0117\u0161omis remiam\u0173 \u201ePienas vaikams\u201c ir \u201eVaisi\u0173 vartojimo skatinimo mokyklose\u201c programas, skirtas prie\u0161mokyklinio ugdymo vaikams ir pradini\u0173 klasi\u0173 mokiniams, vykdym\u0105, kuri\u0173 metu vaikams nemokamai dalinami pieno produktai ir vaisiai.<\/span><\/span><\/span><\/p>\n<p align=\"justify\"><strong><span style=\"color: #000000;\"><span style=\"font-family: times new roman, times;\"><span style=\"font-size: large;\">T\u0117velius, glob\u0117jus (r\u016bpintojus) nor\u0117tume informuoti, kad:<\/span><\/span><\/span><\/strong><\/p>\n<p align=\"justify\"><span style=\"color: #000000;\"><span style=\"font-family: times new roman, times;\"><span style=\"font-size: large;\">1) mokiniai turi teis\u0119 \u012f nemokamus pietus ir \u012f param\u0105 mokinio reikmenims \u012fsigyti, jeigu vidutin\u0117s pajamos vienam i\u0161 bendrai gyvenan\u010di\u0173 asmen\u0173 ar vienam gyvenan\u010diam asmeniui (toliau vadinama \u2013 vidutin\u0117s pajamos vienam asmeniui) per m\u0117nes\u012f yra ma\u017eesn\u0117s kaip 1,5 valstyb\u0117s remiam\u0173 pajam\u0173 (toliau \u2013 VRP) dyd\u017eio (1,92 Euro);<\/span><\/span><\/span><\/p>\n<p align=\"justify\"><span style=\"color: #000000;\"><span style=\"font-family: times new roman, times;\"><span style=\"font-size: large;\">2) mokiniai turi teis\u0119 \u012f nemokamus pietus ir param\u0105 mokinio reikmenims \u012fsigyti, jeigu vidutin\u0117s pajamos vienam asmeniui per m\u0117nes\u012f yra ma\u017eesn\u0117s kaip 2 VRP dyd\u017eiai (256 Euro), atsi\u017evelgiant \u012f \u0161eimos gyvenimo s\u0105lygas \u0161iais atvejais: ligos, nelaimingo atsitikimo, netekus maitintojo, kai motina ar t\u0117vas vieni augina vaik\u0105 (vaikus), kai \u0161eima augina tris ir daugiau vaik\u0173 ar bent vienas \u0161eimos narys yra ne\u012fgalus;<\/span><\/span><\/span><\/p>\n<p align=\"justify\"><span style=\"color: #000000;\"><span style=\"font-family: times new roman, times;\"><span style=\"font-size: large;\">3) nuo 2021 m. rugs\u0117jo 1 d. \u2013 mokinys, kuris mokosi pagal prie\u0161mokyklinio ugdymo program\u0105 ar pradinio ugdymo program\u0105 pirmoje ir antroje klas\u0117je turi teis\u0119 \u012f nemokamus pietus nevertinant \u0161eimos gaunam\u0173 pajam\u0173.<\/span><\/span><\/span><\/p>\n<p align=\"justify\"><strong><span style=\"color: #000000;\"><span style=\"font-family: times new roman, times;\"><span style=\"font-size: large;\">D\u0117l socialin\u0117s paramos kreiptis \u012f deklaruotos gyvenamosios vietos seni\u016bnij\u0105.<\/span><\/span><\/span><\/strong><\/p>\n<p>&nbsp;<\/p>\n<p>&nbsp;<\/p>\n<p>&nbsp;<\/p>","protected":false},"excerpt":{"rendered":"<p>Gimnazijos maitinimo organizavimo tvarkos apra\u0161as Kasos knygos pildymo tvarkos taisykl\u0117s Mokini\u0173 maitinimas Lucija Barkovi\u010d, Liudmila Bu\u017einskien\u0117 \u2013 vir\u0117jos Darbo laikas: pirmadienis \u2013 penktadienis 9.00 \u2013 15.30 \u2013 gimnazijos valgykloje Valgiara\u0161\u010diai: 6-10 met\u0173 vaik\u0173 am\u017eiaus grup\u0117s valgiara\u0161\u010dio vertinimo pa\u017eyma 6-10 met\u0173 am\u017eiaus grup\u0117s valgiara\u0161tis 11 ir vyresni\u0173 met\u0173 vaik\u0173 am\u017eiaus grup\u0117s valgiara\u0161\u010dio vertinimo pa\u017eyma 11 ir vyresni\u0173 met\u0173 vaik\u0173 am\u017eiaus grup\u0117s<\/p>\n","protected":false},"author":1,"featured_media":0,"parent":6225,"menu_order":1,"comment_status":"closed","ping_status":"closed","template":"","meta":{"footnotes":""},"class_list":["post-14754","page","type-page","status-publish","hentry"],"jetpack_sharing_enabled":true,"_links":{"self":[{"href":"https:\/\/www.slovackio.vilniausr.lm.lt\/index.php?rest_route=\/wp\/v2\/pages\/14754","targetHints":{"allow":["GET"]}}],"collection":[{"href":"https:\/\/www.slovackio.vilniausr.lm.lt\/index.php?rest_route=\/wp\/v2\/pages"}],"about":[{"href":"https:\/\/www.slovackio.vilniausr.lm.lt\/index.php?rest_route=\/wp\/v2\/types\/page"}],"author":[{"embeddable":true,"href":"https:\/\/www.slovackio.vilniausr.lm.lt\/index.php?rest_route=\/wp\/v2\/users\/1"}],"replies":[{"embeddable":true,"href":"https:\/\/www.slovackio.vilniausr.lm.lt\/index.php?rest_route=%2Fwp%2Fv2%2Fcomments&post=14754"}],"version-history":[{"count":36,"href":"https:\/\/www.slovackio.vilniausr.lm.lt\/index.php?rest_route=\/wp\/v2\/pages\/14754\/revisions"}],"predecessor-version":[{"id":30312,"href":"https:\/\/www.slovackio.vilniausr.lm.lt\/index.php?rest_route=\/wp\/v2\/pages\/14754\/revisions\/30312"}],"up":[{"embeddable":true,"href":"https:\/\/www.slovackio.vilniausr.lm.lt\/index.php?rest_route=\/wp\/v2\/pages\/6225"}],"wp:attachment":[{"href":"https:\/\/www.slovackio.vilniausr.lm.lt\/index.php?rest_route=%2Fwp%2Fv2%2Fmedia&parent=14754"}],"curies":[{"name":"wp","href":"https:\/\/api.w.org\/{rel}","templated":true}]}}