{"id":145,"date":"2009-11-27T10:28:57","date_gmt":"2009-11-27T07:28:57","guid":{"rendered":"http:\/\/www2089.vu.lt\/?page_id=145"},"modified":"2026-02-08T10:46:58","modified_gmt":"2026-02-08T08:46:58","slug":"mokytojai","status":"publish","type":"page","link":"https:\/\/www.slovackio.vilniausr.lm.lt\/?page_id=145","title":{"rendered":"Darbuotoj\u0173 s\u0105ra\u0161as ir kontaktin\u0117 informacija"},"content":{"rendered":"<p><\/p>\n<h3 data-start=\"112\" data-end=\"137\"><span style=\"color: #000080;\">Mokytojai:\u00a0<\/span><\/h3>\n<ul>\n<li data-start=\"247\" data-end=\"380\"><strong data-start=\"247\" data-end=\"269\">Liudmila Laty\u0161evi\u010d<\/strong> \u2013 1 kl. vadov\u0117, pradinio ugdymo mokytoja metodinink\u0117 (magistr\u0117)<br data-start=\"333\" data-end=\"336\" \/><span style=\"color: #000080;\">\ud83d\udce7 Liudmila.Latysevic@slovackio.vilniausr.lm.lt<\/span><\/li>\n<li data-start=\"384\" data-end=\"525\"><strong data-start=\"384\" data-end=\"401\">Ana Fedorovi\u010d<\/strong> \u2013 2 kl. vadov\u0117, pradinio, prie\u0161mokyklinio ugdymo mokytoja metodinink\u0117 (magistr\u0117) <span style=\"color: #000080;\">\ud83d\udce7 Ana.Fedorovic@slovackio.vilniausr.lm.lt<\/span><\/li>\n<li data-start=\"529\" data-end=\"652\"><strong data-start=\"529\" data-end=\"544\">Ivona \u0160imak<\/strong> \u2013 3 kl. vadov\u0117, pradinio ugdymo vyresnioji mokytoja (magistr\u0117)<br data-start=\"607\" data-end=\"610\" \/><span style=\"color: #000080;\">\ud83d\udce7 Ivona.simak@slovackio.vilniausr.lm.lt<\/span><\/li>\n<li data-start=\"656\" data-end=\"799\"><strong data-start=\"656\" data-end=\"677\">Tatjana Liachovi\u010d<\/strong> \u2013 4 kl. vadov\u0117, pradinio ugdymo vyresnioji mokytoja, lenk\u0173 kalbos mokytoja <span style=\"color: #000080;\">\ud83d\udce7 Tatjana.Liachovic@slovackio.vilniausr.lm.lt<\/span><\/li>\n<li data-start=\"803\" data-end=\"894\"><strong data-start=\"803\" data-end=\"832\">Justyna Dacevi\u010d Aschabova<\/strong> \u2013 5 kl. vadov\u0117, angl\u0173 kalbos vyresnioji mokytoja (magistr\u0117), <span style=\"color: #000080;\">Justyna.Dacevic-Aschabova@slovackio.vilniausr.lm.lt<\/span><\/li>\n<li data-start=\"898\" data-end=\"1024\"><strong data-start=\"898\" data-end=\"916\">Marina Naumova<\/strong> \u2013 6 kl. vadov\u0117, dail\u0117s, technologij\u0173 mokytoja, bibliotekinink\u0117<br data-start=\"979\" data-end=\"982\" \/><span style=\"color: #000080;\">\ud83d\udce7 Marina.Naumova@slovackio.vilniausr.lm.lt<\/span><\/li>\n<li data-start=\"1028\" data-end=\"1223\"><strong data-start=\"1028\" data-end=\"1046\">Ana Maciulevi\u010d<\/strong> \u2013 7 kl. vadov\u0117, lenk\u0173 kalbos mokytoja metodinink\u0117, lietuvi\u0173 kalbos ir literat\u016bros vyresnioji mokytoja (magistr\u0117), socialin\u0117 pedagog\u0117<br data-start=\"1179\" data-end=\"1182\" \/><span style=\"color: #000080;\">\ud83d\udce7 Ana.Maciulevic@slovackio.vilniausr.lm.lt<\/span><\/li>\n<li data-start=\"1227\" data-end=\"1359\"><strong data-start=\"1227\" data-end=\"1249\">Edyta Klimaszewska<\/strong> \u2013 8, IG kl. vadov\u0117, lenk\u0173 kalbos mokytoja metodinink\u0117 (magistr\u0117)<br data-start=\"1314\" data-end=\"1317\" \/><span style=\"color: #000080;\">\ud83d\udce7 Edyta.Klimaszewska@slovackio.vilniausr.lm.lt<\/span><\/li>\n<li data-start=\"1363\" data-end=\"1514\"><strong data-start=\"1363\" data-end=\"1387\">Gra\u017eina Gricevi\u010dien\u0117<\/strong> \u2013 IIG kl. vadov\u0117, lietuvi\u0173 kalbos ir literat\u016bros, ekonomikos ir verslumo mokytoja <span style=\"color: #000080;\">\ud83d\udce7 Grazina.Griceviciene@slovackio.vilniausr.lm.lt<\/span><\/li>\n<li data-start=\"1518\" data-end=\"1650\"><strong data-start=\"1518\" data-end=\"1535\">Genadij Ravdo<\/strong> \u2013 IIIG kl. vadovas, fizinio ugdymo mokytojas metodininkas (magistras)<br data-start=\"1605\" data-end=\"1608\" \/><span style=\"color: #000080;\">\ud83d\udce7 Genadij.Ravdo@slovackio.vilniausr.lm.lt<\/span><\/li>\n<li data-start=\"1654\" data-end=\"1806\"><strong data-start=\"1654\" data-end=\"1672\">Inesa Mackevi\u010d<\/strong> \u2013 IVG kl. vadov\u0117, tikybos vyresnioji mokytoja, prie\u0161mokyklinio ugdymo mokytoja (magistr\u0117)<span style=\"color: #000080;\">\ud83d\udce7 Inesa.Mackevic@slovackio.vilniausr.lm.lt<\/span><\/li>\n<li data-start=\"1810\" data-end=\"1944\"><strong data-start=\"1810\" data-end=\"1828\">Regina Dubicka<\/strong> \u2013 informacini\u0173 technologij\u0173, matematikos vyresnioji mokytoja (magistr\u0117)<br data-start=\"1900\" data-end=\"1903\" \/><span style=\"color: #000080;\">\ud83d\udce7 Regina.Dubicka@slovackio.vilniausr.lm.lt<\/span><\/li>\n<li data-start=\"1948\" data-end=\"2056\"><strong data-start=\"1948\" data-end=\"1966\">Hendrika Savel<\/strong> \u2013 matematikos vyresnioji mokytoja (magistr\u0117)<br data-start=\"2011\" data-end=\"2014\" \/><span style=\"color: #000080;\">\ud83d\udce7 Hendrika.Savel@slovackio.vilniausr.lm.lt<\/span><\/li>\n<li data-start=\"2060\" data-end=\"2175\"><strong data-start=\"2060\" data-end=\"2079\">Jolanta \u0160emien\u0117<\/strong> \u2013 biologijos, gyvenimo \u012fg\u016bd\u017ei\u0173 vyresnioji mokytoja<br data-start=\"2130\" data-end=\"2133\" \/><span style=\"color: #000080;\">\ud83d\udce7 Jolanta.semiene@slovackio.vilniausr.lm.lt<\/span><\/li>\n<li data-start=\"2179\" data-end=\"2304\"><strong data-start=\"2179\" data-end=\"2196\">Aliona Rynkun<\/strong> \u2013 lietuvi\u0173 kalbos ir literat\u016bros mokytoja metodinink\u0117 (magistr\u0117)<br data-start=\"2261\" data-end=\"2264\" \/><span style=\"color: #000080;\">\ud83d\udce7 Aliona.Rynkun@slovackio.vilniausr.lm.lt<\/span><\/li>\n<li data-start=\"2308\" data-end=\"2428\"><strong data-start=\"2308\" data-end=\"2329\">Olga \u0160ablovskien\u0117<\/strong> \u2013 lietuvi\u0173 kalbos ir literat\u016bros mokytoja, logoped\u0117<br data-start=\"2381\" data-end=\"2384\" \/><span style=\"color: #000080;\">\ud83d\udce7 Olga.sablovskiene@slovackio.vilniausr.lm.lt<\/span><\/li>\n<li data-start=\"2432\" data-end=\"2562\"><strong data-start=\"2432\" data-end=\"2451\">Edita Verkovska<\/strong> \u2013 technologij\u0173 mokytoja metodinink\u0117, chemijos vyresnioji mokytoja<br data-start=\"2517\" data-end=\"2520\" \/><span style=\"color: #000080;\">\ud83d\udce7 Edita.Verkovska@slovackio.vilniausr.lm.lt<\/span><\/li>\n<li data-start=\"2566\" data-end=\"2671\"><strong data-start=\"2566\" data-end=\"2585\">Regina Belotka\u010d<\/strong> \u2013 fizikos vyresnioji mokytoja (magistr\u0117)<br data-start=\"2626\" data-end=\"2629\" \/><span style=\"color: #000080;\">\ud83d\udce7 Regina.Belotkac@slovackio.vilniausr.lm.lt<\/span><\/li>\n<li data-start=\"2675\" data-end=\"2788\"><strong data-start=\"2675\" data-end=\"2698\">Leokadija Jankovska<\/strong> \u2013 matematikos vyresnioji mokytoja (magistr\u0117)<br data-start=\"2743\" data-end=\"2746\" \/><span style=\"color: #000080;\">\ud83d\udce7 Leokadija.Jankovska@slovackio.vilniausr.lm.lt<\/span><\/li>\n<li data-start=\"2792\" data-end=\"2894\"><strong data-start=\"2792\" data-end=\"2812\">Inga Kondratovi\u010d<\/strong> \u2013 angl\u0173 kalbos mokytoja metodinink\u0117<br data-start=\"2848\" data-end=\"2851\" \/><span style=\"color: #000080;\">\ud83d\udce7 Inga.Kondratovic@slovackio.vilniausr.lm.lt<\/span><\/li>\n<li data-start=\"2898\" data-end=\"2997\"><strong data-start=\"2898\" data-end=\"2916\">Ry\u0161ard Sudenis<\/strong> \u2013 technologij\u0173 vyresnysis mokytojas<br data-start=\"2952\" data-end=\"2955\" \/><span style=\"color: #000080;\">\ud83d\udce7 Rysard.Sudenis@slovackio.vilniausr.lm.lt<\/span><\/li>\n<li data-start=\"3001\" data-end=\"3107\"><strong data-start=\"3001\" data-end=\"3020\">Alicija Rusecka<\/strong> \u2013 muzikos mokytoja metodinink\u0117 (magistr\u0117)<br data-start=\"3062\" data-end=\"3065\" \/><span style=\"color: #000080;\">\ud83d\udce7 Alicija.Rusecka@slovackio.vilniausr.lm.lt<\/span><\/li>\n<li data-start=\"3111\" data-end=\"3208\"><strong data-start=\"3111\" data-end=\"3130\">Toma\u0161 Bo\u017eerocki<\/strong> \u2013 istorijos mokytojas (daktaras)<br data-start=\"3163\" data-end=\"3166\" \/><span style=\"color: #000080;\">\ud83d\udce7 Tomas.Bozerocki@slovackio.vilniausr.lm.lt<\/span><\/li>\n<li data-start=\"3212\" data-end=\"3320\"><strong data-start=\"3212\" data-end=\"3230\">Veslava Voini\u010d<\/strong> \u2013 dail\u0117s vyresnioji mokytoja (magistr\u0117)<br data-start=\"3270\" data-end=\"3273\" \/><span style=\"color: #000080;\">\ud83d\udce7 <a class=\"decorated-link cursor-pointer\" style=\"color: #000080;\" rel=\"noopener\" data-start=\"3278\" data-end=\"3318\">veslava.voinic@slovackio.vilniausr.lm.lt<\/a><\/span><\/li>\n<li data-start=\"3324\" data-end=\"3426\"><strong data-start=\"3324\" data-end=\"3343\">Lilija Gajevska<\/strong> \u2013 istorijos vyresnioji mokytoja<br data-start=\"3375\" data-end=\"3378\" \/><span style=\"color: #000080;\">\ud83d\udce7 <a class=\"decorated-link cursor-pointer\" style=\"color: #000080;\" rel=\"noopener\" data-start=\"3383\" data-end=\"3424\">lilija.gajevska@slovackio.vilniausr.lm.lt<\/a><\/span><\/li>\n<li data-start=\"3430\" data-end=\"3519\"><strong data-start=\"3430\" data-end=\"3450\">Pavel Samuchovas<\/strong> \u2013 geografijos mokytojas<br data-start=\"3474\" data-end=\"3477\" \/><span style=\"color: #000080;\">\ud83d\udce7 Pavel.Samuchovas@slovackio.vilniausr.lm.lt<\/span><\/li>\n<li data-start=\"3523\" data-end=\"3564\"><strong data-start=\"3523\" data-end=\"3543\">Ksenija Osipovi\u010d<\/strong> \u2013 laikinai nedirba<\/li>\n<li data-start=\"3568\" data-end=\"3630\"><strong data-start=\"3568\" data-end=\"3587\">Melisa Narkevi\u010d<\/strong> \u2013 neformaliojo \u0161vietimo (\u0161oki\u0173) mokytoja, <span style=\"color: #000080;\">Melisa.Narkevic@slovackio.vilniausr.lm.lt<\/span><\/li>\n<li data-start=\"3634\" data-end=\"3753\"><strong data-start=\"3634\" data-end=\"3657\">Anastasija Jego\u0161ina<\/strong> \u2013 pilieti\u0161kumo pagrind\u0173 mokytoja, mokinio pad\u0117j\u0117ja<br data-start=\"3708\" data-end=\"3711\" \/><span style=\"color: #000080;\">\ud83d\udce7 Anastasija.Jegosina@slovackio.vilniausr.lm.lt<\/span><\/li>\n<li data-start=\"3634\" data-end=\"3753\"><strong style=\"color: #000000; font-size: 0.95em;\">Evelina Klima\u0161evska,<\/strong><span style=\"color: #000000; font-size: 0.95em;\"> neformaliojo \u0161vietimo mokytoja, <\/span><\/li>\n<li data-start=\"3634\" data-end=\"3753\"><span style=\"color: #000080;\">\ud83d\udce7 Evelina.Klimasevska@slovackio.vilniausr.lm.lt<\/span><\/li>\n<\/ul>\n<hr data-start=\"3755\" data-end=\"3758\" \/>\n<h3 data-start=\"112\" data-end=\"137\"><span style=\"color: #000080;\"><strong data-start=\"116\" data-end=\"137\">Kiti darbuotojai:<\/strong><\/span><\/h3>\n<ul>\n<li data-start=\"141\" data-end=\"174\"><strong>Ivan Savel<\/strong> \u2013 \u016bkio ved\u0117jas, einamojo remonto darbininkas, <span style=\"color: #000080;\">ivan.savel@slovackio.vilniausr.lm.lt<\/span><\/li>\n<li data-start=\"141\" data-end=\"174\"><strong>Emilija \u0160imak<\/strong> \u2013 ra\u0161tin\u0117s ved\u0117ja, <span style=\"color: #000080;\">Emilia.simak@slovackio.vilniausr.lm.lt<\/span><\/li>\n<li data-start=\"141\" data-end=\"174\"><strong>Toma\u0161 Voini\u010d <\/strong>\u2013 informatikos in\u017einierius, <span style=\"color: #000080;\">Tomas.Voinic@slovackio.vilniausr.lm.lt<\/span><\/li>\n<li data-start=\"177\" data-end=\"210\"><strong>Ana Me\u017eanec<\/strong> \u2013 mokytojo pad\u0117j\u0117ja, <span style=\"color: #000080;\">Ana.Mezanec@slovackio.vilniausr.lm.lt<\/span><\/li>\n<li data-start=\"213\" data-end=\"260\"><strong>Esmiralda Agata Mo\u017eeikien\u0117<\/strong> \u2013 mokinio pad\u0117j\u0117ja, <span style=\"color: #000080;\">esmiralda.mozeikiene@slovackio.vilniausr.lm.lt<\/span><\/li>\n<li data-start=\"263\" data-end=\"300\"><strong>Dominika Dubicka<\/strong> \u2013 mokinio pad\u0117j\u0117ja, <span style=\"color: #000080;\">Dominika.Dubicka@slovackio.vilniausr.lm.lt<\/span><\/li>\n<li data-start=\"303\" data-end=\"343\"><strong>Gabriela Misiukevi\u010d<\/strong> \u2013 mokinio pad\u0117j\u0117ja, <span style=\"color: #000080;\">Gabriela.Misiukevic@slovackio.vilniausr.lm.lt<\/span><\/li>\n<li data-start=\"346\" data-end=\"372\"><strong>Lucija Barkovi\u010d<\/strong> \u2013 vir\u0117ja, <span style=\"color: #000080;\">Lucija.Barkovic@slovackio.vilniausr.lm.lt<\/span><\/li>\n<li data-start=\"375\" data-end=\"404\"><strong>Jelena Ku\u010dinskien\u0117<\/strong> \u2013 vir\u0117ja, <span style=\"color: #000080;\">Jelena.Kucinskiene@slovackio.vilniausr.lm.lt<\/span><\/li>\n<li data-start=\"407\" data-end=\"438\"><strong>Liudmila Bu\u017einskien\u0117<\/strong> \u2013 vir\u0117ja,<span style=\"color: #000080;\"> Liudmila.Buzinskiene@slovackio.vilniausr.lm.lt<\/span><\/li>\n<li data-start=\"441\" data-end=\"466\"><strong>Lilija Lakis<\/strong> \u2013 valytoja, <span style=\"color: #000080;\">Lilia.Lakis@slovackio.vilniausr.lm.lt<\/span><\/li>\n<li data-start=\"469\" data-end=\"500\"><strong>Teresa Viltovskaja<\/strong> \u2013 valytoja,<span style=\"color: #000080;\"> Teresa.Viltovskaja@slovackio.vilniausr.lm.lt<\/span><\/li>\n<li data-start=\"503\" data-end=\"548\"><strong>Olga Jankovska<\/strong> \u2013 mokinio pad\u0117j\u0117ja, valytoja, <span style=\"color: #000080;\">Olga.Jankovska@slovackio.vilniausr.lm.lt<\/span><\/li>\n<li data-start=\"551\" data-end=\"582\"><strong>Valentina Burakova<\/strong> \u2013 valytoja, <span style=\"color: #000080;\">Valentina.Burakova@slovackio.vilniausr.lm.lt<\/span><\/li>\n<li data-start=\"585\" data-end=\"617\"><strong>Tadeu\u0161 Viltovskij<\/strong> \u2013 kiemsargis, <span style=\"color: #000080;\">Tadeus.Viltovskij@slovackio.vilniausr.lm.lt<\/span><\/li>\n<li data-start=\"620\" data-end=\"647\"><strong>Piotr Grigorovi\u010d<\/strong> \u2013 sargas, <span style=\"color: #000080;\">Piotr.Grigorovic@slovackio.vilniausr.lm.lt<\/span><\/li>\n<li data-start=\"650\" data-end=\"679\"><strong>Violeta Po\u0161eveckaja<\/strong> \u2013 sarg\u0117, <span style=\"color: #000080;\">Violeta.Poseveckaja@slovackio.vilniausr.lm.lt<\/span><\/li>\n<li data-start=\"682\" data-end=\"717\"><strong>Leonardas Paketuras<\/strong> \u2013 vairuotojas, <span style=\"color: #000080;\">Leonardas.Paketuras@slovackio.vilniausr.lm.lt<\/span><\/li>\n<li data-start=\"720\" data-end=\"772\"><strong>Viktoras Giliauskas<\/strong> \u2013 einamojo remonto darbininkas, <span style=\"color: #000080;\">Viktoras.Giliauskas@slovackio.vilniausr.lm.lt<\/span><\/li>\n<li data-start=\"720\" data-end=\"772\"><strong>Aleksandr Kajrys<\/strong>\u00a0\u2013 pagalbinis darbininkas, <span style=\"color: #000080;\">Aleksandr.Kairys@slovackio.vilniausr.lm.lt<\/span><\/li>\n<\/ul>\n<p><strong>Kontaktai: <\/strong><span style=\"color: #000080;\">el.p.: <strong><a style=\"color: #000080;\" href=\"mailto:gimnazja@slovackio.vilniausr.lm.lt\">gimnazja@slovackio.vilniausr.lm.lt<\/a>,<\/strong> <strong>virtuve@slovackio.vilniausr.lm.lt<\/strong><\/span><\/p>\n<p><span style=\"color: #000080;\"><span style=\"color: #000000;\">\u00a0 \u00a0 \u00a0 \u00a0 \u00a0 \u00a0 \u00a0 \u00a0 \u00a0 \u00a0 \u00a0<strong> \u00a0 \u00a0<span style=\"color: #000080;\">mob. +37064028759<\/span><\/strong><\/span><\/span><\/p>\n<h3 data-start=\"131\" data-end=\"190\"><span style=\"color: #000080;\"><strong data-start=\"135\" data-end=\"190\">Mokytojai, dirbantys ikimokyklinio ugdymo skyriuje:<\/strong><\/span><\/h3>\n<ul>\n<li data-start=\"194\" data-end=\"255\"><strong>Danguol\u0117 Voini\u010d<\/strong> \u2013 ikimokyklinio ugdymo mokytoja metodinink\u0117, <span style=\"color: #000080;\">Danguole.Voinic@slovackio.vilniausr.lm.lt<\/span><\/li>\n<li data-start=\"258\" data-end=\"311\"><strong>Janina Girdzijevska<\/strong> \u2013 ikimokyklinio ugdymo mokytoja, <span style=\"color: #000080;\">Janina.Girdzijevska@slovackio.vilniausr.lm.lt<\/span><\/li>\n<li data-start=\"314\" data-end=\"378\"><strong>Aurelija Jadinskyt\u0117<\/strong> \u2013 ikimokyklinio ugdymo vyresnioji mokytoja, <span style=\"color: #000080;\">Aurelija.Jadinskyte@slovackio.vilniausr.lm.lt<\/span><\/li>\n<li data-start=\"381\" data-end=\"429\"><strong>Ingrida Zamara<\/strong> \u2013 ikimokyklinio ugdymo mokytoja, <span style=\"color: #000080;\">Ingrida.Zamara@slovackio.vilniausr.lm.lt<\/span><\/li>\n<li data-start=\"432\" data-end=\"480\"><strong>Emanuela Koren<\/strong> \u2013 ikimokyklinio ugdymo mokytoja, <span style=\"color: #000080;\">Emanuela.Koren@slovackio.vilniausr.lm.lt<\/span><\/li>\n<li data-start=\"483\" data-end=\"533\"><strong>Julija Mincevi\u010d<\/strong> \u2013 logoped\u0117, specialioji pedagog\u0117, <span style=\"color: #000080;\">Julija.Mincevic@slovackio.vilniausr.lm.lt<\/span><\/li>\n<\/ul>\n<h3 data-start=\"134\" data-end=\"196\"><span style=\"color: #000080;\"><strong data-start=\"134\" data-end=\"196\">Kiti darbuotojai, dirbantys ikimokyklinio ugdymo skyriuje:<\/strong><\/span><\/h3>\n<ul>\n<li data-start=\"200\" data-end=\"242\"><strong>Valerija Jackevi\u010d<\/strong> \u2013 \u016bkved\u0117, sand\u0117linink\u0117, <span style=\"color: #000080;\">Valerija.Jackevic@slovackio.vilniausr.lm.lt<\/span><\/li>\n<li data-start=\"245\" data-end=\"305\"><strong>Kristina Borunova<\/strong> \u2013 ikimokyklinio ugdymo mokytojo pad\u0117j\u0117ja, <span style=\"color: #000080;\">Kristina.Borunova@slovackio.vilniausr.lm.lt<\/span><\/li>\n<li data-start=\"308\" data-end=\"370\"><strong>Teresa Trumpakaien\u0117<\/strong> \u2013 ikimokyklinio ugdymo mokytojo pad\u0117j\u0117ja, <span style=\"color: #000080;\">Teresa.Trumpakaiene@slovackio.vilniausr.lm.lt<\/span><\/li>\n<li data-start=\"373\" data-end=\"437\"><strong>Valentina Gradobajeva<\/strong> \u2013 ikimokyklinio ugdymo mokytojo pad\u0117j\u0117ja, <span style=\"color: #000080;\">Valentina.Gradobajeva@slovackio.vilniausr.lm.lt<\/span><\/li>\n<li data-start=\"440\" data-end=\"480\"><strong>Helena Spie\u010di\u016bvien\u0117<\/strong> \u2013 vir\u0117ja, valytoja, <span style=\"color: #000080;\">Helena.Spieciuviene@slovackio.vilniausr.lm.lt<\/span><\/li>\n<li data-start=\"483\" data-end=\"521\"><strong>Teresa Radzevi\u010d<\/strong> \u2013 skalb\u0117ja, valytoja, <span style=\"color: #000080;\">Teresa.Radzevic@slovackio.vilniausr.lm.lt<\/span><\/li>\n<li data-start=\"524\" data-end=\"553\"><strong>Marina Osipovi\u010d<\/strong> \u2013 kiemsarg\u0117, <span style=\"color: #000080;\">Marina.Osipovic@slovackio.vilniausr.lm.lt<\/span><\/li>\n<li data-start=\"556\" data-end=\"581\"><strong>Danuta Gavrevi\u010d<\/strong> \u2013 sarg\u0117, <span style=\"color: #000080;\">Danuta.Gavrevic@slovackio.vilniausr.lm.lt<\/span><\/li>\n<li data-start=\"584\" data-end=\"606\"><strong>Helena \u0160varc<\/strong> \u2013 sarg\u0117, <span style=\"color: #000080;\">Helena.svarc@slovackio.vilniausr.lm.lt<\/span><\/li>\n<\/ul>\n<p><strong>Kontaktai: <\/strong>el. p.: <span style=\"color: #000080;\"><strong><a style=\"color: #000080;\" href=\"mailto:skyrius@bezdonys.vilniausr.lm.lt\" target=\"_blank\" rel=\"noreferrer noopener\">skyrius@bezdonys.vilniausr.lm.lt<\/a>,<\/strong> <strong>mob. +37064028759<\/strong><\/span><\/p>\n<p>&nbsp;<\/p>","protected":false},"excerpt":{"rendered":"<p>Mokytojai:\u00a0 Liudmila Laty\u0161evi\u010d \u2013 1 kl. vadov\u0117, pradinio ugdymo mokytoja metodinink\u0117 (magistr\u0117)\ud83d\udce7 Liudmila.Latysevic@slovackio.vilniausr.lm.lt Ana Fedorovi\u010d \u2013 2 kl. vadov\u0117, pradinio, prie\u0161mokyklinio ugdymo mokytoja metodinink\u0117 (magistr\u0117) \ud83d\udce7 Ana.Fedorovic@slovackio.vilniausr.lm.lt Ivona \u0160imak \u2013 3 kl. vadov\u0117, pradinio ugdymo vyresnioji mokytoja (magistr\u0117)\ud83d\udce7 Ivona.simak@slovackio.vilniausr.lm.lt Tatjana Liachovi\u010d \u2013 4 kl. vadov\u0117, pradinio ugdymo vyresnioji mokytoja, lenk\u0173 kalbos mokytoja \ud83d\udce7 Tatjana.Liachovic@slovackio.vilniausr.lm.lt Justyna Dacevi\u010d Aschabova \u2013 5 kl.<\/p>\n","protected":false},"author":1,"featured_media":0,"parent":30,"menu_order":2,"comment_status":"closed","ping_status":"closed","template":"","meta":{"footnotes":""},"class_list":["post-145","page","type-page","status-publish","hentry"],"jetpack_sharing_enabled":true,"_links":{"self":[{"href":"https:\/\/www.slovackio.vilniausr.lm.lt\/index.php?rest_route=\/wp\/v2\/pages\/145","targetHints":{"allow":["GET"]}}],"collection":[{"href":"https:\/\/www.slovackio.vilniausr.lm.lt\/index.php?rest_route=\/wp\/v2\/pages"}],"about":[{"href":"https:\/\/www.slovackio.vilniausr.lm.lt\/index.php?rest_route=\/wp\/v2\/types\/page"}],"author":[{"embeddable":true,"href":"https:\/\/www.slovackio.vilniausr.lm.lt\/index.php?rest_route=\/wp\/v2\/users\/1"}],"replies":[{"embeddable":true,"href":"https:\/\/www.slovackio.vilniausr.lm.lt\/index.php?rest_route=%2Fwp%2Fv2%2Fcomments&post=145"}],"version-history":[{"count":218,"href":"https:\/\/www.slovackio.vilniausr.lm.lt\/index.php?rest_route=\/wp\/v2\/pages\/145\/revisions"}],"predecessor-version":[{"id":34564,"href":"https:\/\/www.slovackio.vilniausr.lm.lt\/index.php?rest_route=\/wp\/v2\/pages\/145\/revisions\/34564"}],"up":[{"embeddable":true,"href":"https:\/\/www.slovackio.vilniausr.lm.lt\/index.php?rest_route=\/wp\/v2\/pages\/30"}],"wp:attachment":[{"href":"https:\/\/www.slovackio.vilniausr.lm.lt\/index.php?rest_route=%2Fwp%2Fv2%2Fmedia&parent=145"}],"curies":[{"name":"wp","href":"https:\/\/api.w.org\/{rel}","templated":true}]}}